{"id":1346,"date":"2022-04-03T13:09:32","date_gmt":"2022-04-03T13:09:32","guid":{"rendered":"https:\/\/wakacyjnyrewal.pl\/kontakt\/"},"modified":"2025-10-14T20:22:50","modified_gmt":"2025-10-14T20:22:50","slug":"kontakt","status":"publish","type":"page","link":"https:\/\/wakacyjnyrewal.pl\/cs\/kontakt\/","title":{"rendered":"Kontakt"},"content":{"rendered":"\n<h1 class=\"wp-block-heading\">Kontaktn\u00ed \u00fadaje<\/h1>\n\n<div style=\"height:50px\" aria-hidden=\"true\" class=\"wp-block-spacer\"><\/div>\n\n<p><strong>Rekrea\u010dn\u00ed d\u016fm \u201ePla\u017ca\u201d<\/strong><br\/>ul. Saperska 12<br\/>72-344 Rewal <\/p>\n\n<p><strong>Recepce<\/strong><br\/>tel. +48 91 38 62 922<br\/>mobil   +48 693 907 957<br\/><br\/>e\u2011mail: <a href=\"mailto:biuro@plaza-rewal.pl\">biuro@plaza-rewal.pl<\/a><br\/>e\u2011mail: <a href=\"mailto:biuro@strandhotel.pl\">biuro@strandhotel.pl<\/a><\/p>\n\n<p><strong>Rezervaci<\/strong> (e\u2011mailem, telefonicky) prov\u00e1d\u00edme po obdr\u017een\u00ed potvrzen\u00ed o zaplacen\u00ed nevratn\u00e9 z\u00e1lohy ve v\u00fd\u0161i 30 % z objedn\u00e1vky. Zbytek \u010d\u00e1stky za pobyt je splatn\u00fd v hotovosti v den p\u0159\u00edjezdu nebo p\u0159ed p\u0159\u00edjezdem p\u0159evodem na \u00fa\u010det. <\/p>\n\n<div style=\"height:40px\" aria-hidden=\"true\" class=\"wp-block-spacer\"><\/div>\n\n<div class=\"wp-block-columns is-layout-flex wp-container-3\">\n<div class=\"wp-block-column is-layout-flow\">\n<h3 class=\"wp-block-heading\">Platby z Polska:<\/h3>\n\n\n\n<p>Rekrea\u010dn\u00ed d\u016fm \u201ePla\u017ca\u201d, ul. Saperska 12, 72-344 Rewal<br\/>Bank Sp\u00f3\u0142dzielczy Gryfice O\/Rewal <br\/><strong>\u010c. \u00fa\u010dtu 84 9376 0001 2002 0012 2278 0001<\/strong><\/p>\n<\/div>\n\n\n\n<div class=\"wp-block-column is-layout-flow\">\n<h3 class=\"wp-block-heading\">Platby ze zahrani\u010d\u00ed:<\/h3>\n\n\n\n<p>Rekrea\u010dn\u00ed d\u016fm \u201ePla\u017ca\u201d, ul. Saperska 12, 72-344 Rewal<br\/>Bank Sp\u00f3\u0142dzielczy Gryfice O\/Rewal <br\/><strong>\u010c. \u00fa\u010dtu PL \u2013 57 9376 0001 2002 0012 2278 0002<\/strong><br\/><strong>Swift: GBW CPLPP<\/strong><\/p>\n<\/div>\n<\/div>\n\n<p><strong>Pozn\u00e1mka (\u00fa\u010del platby):<\/strong> rezervace apartm\u00e1nu, term\u00edn, p\u0159\u00edjmen\u00ed.<\/p>\n\n<div style=\"height:50px\" aria-hidden=\"true\" class=\"wp-block-spacer\"><\/div>\n\n<h3 class=\"wp-block-heading\">Lokalita <\/h3>\n\n<div style=\"height:30px\" aria-hidden=\"true\" class=\"wp-block-spacer\"><\/div>\n\n<iframe src=\"https:\/\/www.google.com\/maps\/embed?pb=!1m18!1m12!1m3!1d1655.0299609108065!2d15.009902530226524!3d54.08144964975045!2m3!1f0!2f0!3f0!3m2!1i1024!2i768!4f13.1!3m3!1m2!1s0x4700762408b1bb6b%3A0x49741f20f25569ba!2sRycerska%204%2C%2072-344%20Rewal!5e0!3m2!1spl!2spl!4v1649442295365!5m2!1spl!2spl\" width=\"100%\" height=\"500\" style=\"border:0;\" allowfullscreen=\"\" loading=\"lazy\" referrerpolicy=\"no-referrer-when-downgrade\"><\/iframe>\n\n<div style=\"height:30px\" aria-hidden=\"true\" class=\"wp-block-spacer\"><\/div>\n\n<h3 class=\"wp-block-heading\">Doporu\u010den\u00e1 trasa<\/h3>\n\n<div style=\"height:30px\" aria-hidden=\"true\" class=\"wp-block-spacer\"><\/div>\n\n<figure class=\"wp-block-image size-full is-style-default\"><a href=\"https:\/\/i0.wp.com\/wakacyjnyrewal.pl\/wp-content\/uploads\/2022\/04\/mapka.jpg\"><img decoding=\"async\" loading=\"lazy\" width=\"1150\" height=\"832\" src=\"https:\/\/i0.wp.com\/wakacyjnyrewal.pl\/wp-content\/uploads\/2022\/04\/mapka.jpg?resize=1150%2C832\" alt=\"\" class=\"wp-image-255\" srcset=\"https:\/\/i0.wp.com\/wakacyjnyrewal.pl\/wp-content\/uploads\/2022\/04\/mapka.jpg?w=1150&amp;ssl=1 1150w, https:\/\/i0.wp.com\/wakacyjnyrewal.pl\/wp-content\/uploads\/2022\/04\/mapka.jpg?resize=300%2C217&amp;ssl=1 300w, https:\/\/i0.wp.com\/wakacyjnyrewal.pl\/wp-content\/uploads\/2022\/04\/mapka.jpg?resize=1024%2C741&amp;ssl=1 1024w, https:\/\/i0.wp.com\/wakacyjnyrewal.pl\/wp-content\/uploads\/2022\/04\/mapka.jpg?resize=768%2C556&amp;ssl=1 768w\" sizes=\"(max-width: 1150px) 100vw, 1150px\" data-recalc-dims=\"1\" \/><\/a><\/figure>\n<div style=\"height:30px\" aria-hidden=\"true\" class=\"wp-block-spacer\"><\/div>\n\n<h3 class=\"wp-block-heading\">INFORMA\u010cN\u00cd DOLO\u017dKA<\/h3>\n\n<p>V souladu s \u010dl. 13 obecn\u00e9ho na\u0159\u00edzen\u00ed o ochran\u011b osobn\u00edch \u00fadaj\u016f ze dne 27. dubna 2016 (\u00da\u0159. v\u011bst. EU L 119 z 04.05.2016) informuji, \u017ee:<br\/>1) spr\u00e1vcem va\u0161ich osobn\u00edch \u00fadaj\u016f je F.U.H. \u201ePla\u017ca\u201d<br\/>2) kontakt na inspektora ochrany osobn\u00edch \u00fadaj\u016f \u2013 poczta@plaza-rewal.pl<br\/>3) va\u0161e osobn\u00ed \u00fadaje budou zpracov\u00e1v\u00e1ny za \u00fa\u010delem vyu\u017e\u00edv\u00e1n\u00ed hotelov\u00fdch slu\u017eeb \u2013 na z\u00e1klad\u011b \u010dl. 6 odst. 1 p\u00edsm. b obecn\u00e9ho na\u0159\u00edzen\u00ed o ochran\u011b osobn\u00edch \u00fadaj\u016f ze dne 27. dubna 2016<br\/>4) p\u0159\u00edjemci va\u0161ich osobn\u00edch \u00fadaj\u016f budou v\u00fdhradn\u011b subjekty opr\u00e1vn\u011bn\u00e9 \u00fadaje z\u00edskat na z\u00e1klad\u011b pr\u00e1vn\u00edch p\u0159edpis\u016f a subjekty pod\u00edlej\u00edc\u00ed se na poskytov\u00e1n\u00ed slu\u017eeb<br\/>5) va\u0161e osobn\u00ed \u00fadaje budou uchov\u00e1v\u00e1ny po dobu 10 let<br\/>6) m\u00e1te pr\u00e1vo po\u017eadovat od spr\u00e1vce p\u0159\u00edstup k osobn\u00edm \u00fadaj\u016fm, pr\u00e1vo na jejich opravu, v\u00fdmaz nebo omezen\u00ed zpracov\u00e1n\u00ed a pr\u00e1vo na p\u0159enositelnost \u00fadaj\u016f<br\/>7) m\u00e1te pr\u00e1vo podat st\u00ed\u017enost u dozorov\u00e9ho org\u00e1nu<br\/>8) poskytnut\u00ed osobn\u00edch \u00fadaj\u016f je dobrovoln\u00e9, nicm\u00e9n\u011b odm\u00edtnut\u00ed jejich poskytnut\u00ed m\u016f\u017ee m\u00edt za n\u00e1sledek odm\u00edtnut\u00ed poskytnut\u00ed slu\u017eby\/uzav\u0159en\u00ed smlouvy    <\/p>\n","protected":false},"excerpt":{"rendered":"<p>Kontaktn\u00ed \u00fadaje Rekrea\u010dn\u00ed d\u016fm \u201ePla\u017ca\u201dul. Saperska 1272-344 Rewal Recepcetel. +48 91 38 62 922mobil +48 693 907 957 e\u2011mail: biuro@plaza-rewal.ple\u2011mail: biuro@strandhotel.pl Rezervaci (e\u2011mailem, telefonicky) prov\u00e1d\u00edme po obdr\u017een\u00ed potvrzen\u00ed o zaplacen\u00ed nevratn\u00e9 z\u00e1lohy ve v\u00fd\u0161i 30 % z objedn\u00e1vky. Zbytek \u010d\u00e1stky za pobyt je splatn\u00fd v hotovosti v den p\u0159\u00edjezdu nebo p\u0159ed p\u0159\u00edjezdem p\u0159evodem na \u00fa\u010det.&hellip;<\/p>\n","protected":false},"author":1,"featured_media":0,"parent":0,"menu_order":0,"comment_status":"closed","ping_status":"closed","template":"","meta":[],"_links":{"self":[{"href":"https:\/\/wakacyjnyrewal.pl\/cs\/wp-json\/wp\/v2\/pages\/1346"}],"collection":[{"href":"https:\/\/wakacyjnyrewal.pl\/cs\/wp-json\/wp\/v2\/pages"}],"about":[{"href":"https:\/\/wakacyjnyrewal.pl\/cs\/wp-json\/wp\/v2\/types\/page"}],"author":[{"embeddable":true,"href":"https:\/\/wakacyjnyrewal.pl\/cs\/wp-json\/wp\/v2\/users\/1"}],"replies":[{"embeddable":true,"href":"https:\/\/wakacyjnyrewal.pl\/cs\/wp-json\/wp\/v2\/comments?post=1346"}],"version-history":[{"count":1,"href":"https:\/\/wakacyjnyrewal.pl\/cs\/wp-json\/wp\/v2\/pages\/1346\/revisions"}],"predecessor-version":[{"id":1347,"href":"https:\/\/wakacyjnyrewal.pl\/cs\/wp-json\/wp\/v2\/pages\/1346\/revisions\/1347"}],"wp:attachment":[{"href":"https:\/\/wakacyjnyrewal.pl\/cs\/wp-json\/wp\/v2\/media?parent=1346"}],"curies":[{"name":"wp","href":"https:\/\/api.w.org\/{rel}","templated":true}]}}