{"id":1360,"date":"2022-04-03T14:03:38","date_gmt":"2022-04-03T14:03:38","guid":{"rendered":"https:\/\/wakacyjnyrewal.pl\/prazdninovy-rewal\/"},"modified":"2025-10-14T20:28:37","modified_gmt":"2025-10-14T20:28:37","slug":"prazdninovy-rewal","status":"publish","type":"page","link":"https:\/\/wakacyjnyrewal.pl\/cs\/prazdninovy-rewal\/","title":{"rendered":"Pr\u00e1zdninov\u00fd Rewal"},"content":{"rendered":"\n<h1 class=\"wp-block-heading\">Pr\u00e1zdninov\u00fd apartm\u00e1n Rewal<\/h1>\n\n<div style=\"height:40px\" aria-hidden=\"true\" class=\"wp-block-spacer\"><\/div>\n\n<h2 class=\"wp-block-heading\">Rewal, ul. Mickiewicza 9\/2 <\/h2>\n\n<p><strong>26 m\u00b2 plochy pro max. 4 osoby  <\/strong><\/p>\n\n<div class=\"wp-block-columns is-layout-flex wp-container-3\">\n<div class=\"wp-block-column is-layout-flow\" style=\"flex-basis:66.66%\">\n<p class=\"has-text-align-center\">Pr\u00e1zdninov\u00fd apartm\u00e1n v ulici Mickiewicza v ekonomick\u00e9m standardu je cenov\u011b dostupnou volbou pro ty, kte\u0159\u00ed cht\u011bj\u00ed str\u00e1vit dovolenou u polsk\u00e9ho mo\u0159e. Apartm\u00e1n nab\u00edz\u00ed z\u00e1kladn\u00ed vybaven\u00ed, kter\u00e9 zajist\u00ed pohodln\u00fd pobyt. <\/p>\n\n\n\n<p class=\"has-text-align-center\">Apartm\u00e1n poskytuje podm\u00ednky, kter\u00e9 uspokoj\u00ed pot\u0159eby t\u011bch, kte\u0159\u00ed si p\u0159edev\u0161\u00edm cht\u011bj\u00ed u\u017e\u00edt kr\u00e1sy pr\u00e1zdninov\u00e9ho odpo\u010dinku u Baltsk\u00e9ho mo\u0159e.<\/p>\n\n\n\n<p class=\"has-text-align-center\">Lokalita je atraktivn\u00ed, umo\u017e\u0148uje snadn\u00fd p\u0159\u00edstup na pl\u00e1\u017e (vzd\u00e1lenost k sestupu na pl\u00e1\u017e u n\u00e1m\u011bst\u00ed Plac \u015aledzia Ba\u0142tyckiego je 350m), k restaurac\u00edm a dal\u0161\u00edm m\u00edstn\u00edm atrakc\u00edm, co\u017e je dal\u0161\u00ed v\u00fdhodou tohoto apartm\u00e1nu. Stejn\u011b jako pohodln\u00e1, vybaven\u00e1, kr\u00e1sn\u011b situovan\u00e1 terasa. Pro ty, kte\u0159\u00ed si cen\u00ed p\u0159edev\u0161\u00edm aktivn\u00edho odpo\u010dinku a pozn\u00e1v\u00e1n\u00ed, m\u016f\u017ee b\u00fdt tento apartm\u00e1n vhodnou volbou. M\u00e1 tak\u00e9 jednoduch\u00fd kuchy\u0148sk\u00fd kout: lednici, mikrovlnku, elektrick\u00fd va\u0159i\u010d, varnou konvici, st\u016fl a \u017eidle, sadu na p\u0159\u00edpravu k\u00e1vy a \u010daje, bez d\u0159ezu. V ka\u017ed\u00e9m pokoji je ploch\u00e1 televize, v jednom pokoji klimatiza\u010dn\u00ed jednotka, v byt\u011b je k dispozici bezplatn\u00e1 Wi-Fi, a tak\u00e9 vysava\u010d, z\u00e1kladn\u00ed \u00faklidov\u00e9 a hygienick\u00e9 prost\u0159edky, lo\u017en\u00ed pr\u00e1dlo, ru\u010dn\u00edky. Nach\u00e1z\u00ed se v prvn\u00edm pat\u0159e, vstup do patra po samostatn\u00e9m venkovn\u00edm schodi\u0161ti.     <\/p>\n\n\n\n<p class=\"has-text-align-center\">M\u016f\u017eete p\u0159ijet na dovolenou se psem, ko\u010dkou \u010di jin\u00fdm mal\u00fdm dom\u00e1c\u00edm mazl\u00ed\u010dkem, k dispozici je tak\u00e9 parkovac\u00ed m\u00edsto. Po p\u0159edchoz\u00ed domluv\u011b je mo\u017en\u00e9 vyzvednout kl\u00ed\u010de ze schr\u00e1nky. <\/p>\n\n\n\n<p><\/p>\n<\/div>\n\n\n\n<div class=\"wp-block-column is-layout-flow\" style=\"flex-basis:33.33%\">\n<figure class=\"wp-block-image size-full is-style-default\"><a href=\"https:\/\/i0.wp.com\/wakacyjnyrewal.pl\/wp-content\/uploads\/2022\/04\/wakacyjny.jpg\"><img decoding=\"async\" src=\"https:\/\/i0.wp.com\/wakacyjnyrewal.pl\/wp-content\/uploads\/2022\/04\/wakacyjny.jpg?w=1200\" alt=\"\" class=\"wp-image-224\" data-recalc-dims=\"1\"\/><\/a><\/figure><\/div>\n<\/div>\n\n<h2 class=\"wp-block-heading\">Lokalita <\/h2>\n\n<div style=\"height:30px\" aria-hidden=\"true\" class=\"wp-block-spacer\"><\/div>\n\n<iframe src=\"https:\/\/www.google.com\/maps\/embed?pb=!1m18!1m12!1m3!1d1098.746529000873!2d15.018582212092877!3d54.08220717979286!2m3!1f0!2f0!3f0!3m2!1i1024!2i768!4f13.1!3m3!1m2!1s0x4700763cb1cb721f%3A0x2901b70f3b27614!2sAdama%20Mickiewicza%209%2C%2072-344%20Rewal!5e0!3m2!1spl!2spl!4v1649002524709!5m2!1spl!2spl\" style=\"border:0;\" allowfullscreen=\"\" loading=\"lazy\" referrerpolicy=\"no-referrer-when-downgrade\" width=\"100%\" height=\"500\"><\/iframe>\n\n<div style=\"height:30px\" aria-hidden=\"true\" class=\"wp-block-spacer\"><\/div>\n\n<h2 class=\"wp-block-heading\">Fotogalerie<\/h2>\n\n<div style=\"height:30px\" aria-hidden=\"true\" class=\"wp-block-spacer\"><\/div>\n\n<div class=\"wp-block-jetpack-tiled-gallery aligncenter is-style-rectangular\"><div class=\"tiled-gallery__gallery\"><div class=\"tiled-gallery__row\"><div class=\"tiled-gallery__col\" style=\"flex-basis:39.84220%\"><figure class=\"tiled-gallery__item\"><a href=\"https:\/\/i0.wp.com\/wakacyjnyrewal.pl\/wp-content\/uploads\/2022\/04\/mickiew13-1024x691.jpg\"><img decoding=\"async\" srcset=\"https:\/\/i0.wp.com\/wakacyjnyrewal.pl\/wp-content\/uploads\/2022\/04\/mickiew13-1024x691.jpg?strip=info&#038;w=600 600w,https:\/\/i0.wp.com\/wakacyjnyrewal.pl\/wp-content\/uploads\/2022\/04\/mickiew13-1024x691.jpg?strip=info&#038;w=900 900w,https:\/\/i0.wp.com\/wakacyjnyrewal.pl\/wp-content\/uploads\/2022\/04\/mickiew13-1024x691.jpg?strip=info&#038;w=1200 1200w,https:\/\/i0.wp.com\/wakacyjnyrewal.pl\/wp-content\/uploads\/2022\/04\/mickiew13-1024x691.jpg?strip=info&#038;w=1500 1500w\" alt=\"Pr\u00e1zdninov\u00fd vstup\" data-height=\"1012\" data-id=\"242\" data-link=\"http:\/\/wakacyjnyrewal.pl\/wakacyjny-rewal\/mickiew13\/\" data-url=\"http:\/\/wakacyjnyrewal.pl\/wp-content\/uploads\/2022\/04\/mickiew13-1024x691.jpg\" data-width=\"1500\" src=\"https:\/\/i0.wp.com\/wakacyjnyrewal.pl\/wp-content\/uploads\/2022\/04\/mickiew13-1024x691.jpg\" data-amp-layout=\"responsive\"><\/a><\/figure><figure class=\"tiled-gallery__item\"><a href=\"https:\/\/i0.wp.com\/wakacyjnyrewal.pl\/wp-content\/uploads\/2022\/04\/mickiew01-1024x755.jpg\"><img decoding=\"async\" srcset=\"https:\/\/i0.wp.com\/wakacyjnyrewal.pl\/wp-content\/uploads\/2022\/04\/mickiew01-1024x755.jpg?strip=info&#038;w=600 600w,https:\/\/i0.wp.com\/wakacyjnyrewal.pl\/wp-content\/uploads\/2022\/04\/mickiew01-1024x755.jpg?strip=info&#038;w=900 900w,https:\/\/i0.wp.com\/wakacyjnyrewal.pl\/wp-content\/uploads\/2022\/04\/mickiew01-1024x755.jpg?strip=info&#038;w=1200 1200w,https:\/\/i0.wp.com\/wakacyjnyrewal.pl\/wp-content\/uploads\/2022\/04\/mickiew01-1024x755.jpg?strip=info&#038;w=1500 1500w\" alt=\"\" data-height=\"1106\" data-id=\"230\" data-link=\"http:\/\/wakacyjnyrewal.pl\/wakacyjny-rewal\/mickiew01\/\" data-url=\"http:\/\/wakacyjnyrewal.pl\/wp-content\/uploads\/2022\/04\/mickiew01-1024x755.jpg\" data-width=\"1500\" src=\"https:\/\/i0.wp.com\/wakacyjnyrewal.pl\/wp-content\/uploads\/2022\/04\/mickiew01-1024x755.jpg\" data-amp-layout=\"responsive\"><\/a><\/figure><figure class=\"tiled-gallery__item\"><a href=\"https:\/\/i0.wp.com\/wakacyjnyrewal.pl\/wp-content\/uploads\/2022\/04\/mickiew14-1024x741.jpg\"><img decoding=\"async\" srcset=\"https:\/\/i2.wp.com\/wakacyjnyrewal.pl\/wp-content\/uploads\/2022\/04\/mickiew14-1024x741.jpg?strip=info&#038;w=600 600w,https:\/\/i2.wp.com\/wakacyjnyrewal.pl\/wp-content\/uploads\/2022\/04\/mickiew14-1024x741.jpg?strip=info&#038;w=900 900w,https:\/\/i2.wp.com\/wakacyjnyrewal.pl\/wp-content\/uploads\/2022\/04\/mickiew14-1024x741.jpg?strip=info&#038;w=1200 1200w,https:\/\/i2.wp.com\/wakacyjnyrewal.pl\/wp-content\/uploads\/2022\/04\/mickiew14-1024x741.jpg?strip=info&#038;w=1500 1500w\" alt=\"Pr\u00e1zdninov\u00fd vstup\" data-height=\"1086\" data-id=\"243\" data-link=\"http:\/\/wakacyjnyrewal.pl\/wakacyjny-rewal\/mickiew14\/\" data-url=\"http:\/\/wakacyjnyrewal.pl\/wp-content\/uploads\/2022\/04\/mickiew14-1024x741.jpg\" data-width=\"1500\" src=\"https:\/\/i2.wp.com\/wakacyjnyrewal.pl\/wp-content\/uploads\/2022\/04\/mickiew14-1024x741.jpg\" data-amp-layout=\"responsive\"><\/a><\/figure><\/div><div class=\"tiled-gallery__col\" style=\"flex-basis:60.15780%\"><figure class=\"tiled-gallery__item\"><a href=\"https:\/\/i0.wp.com\/wakacyjnyrewal.pl\/wp-content\/uploads\/2022\/04\/mickiew02-721x1024.jpg\"><img decoding=\"async\" srcset=\"https:\/\/i0.wp.com\/wakacyjnyrewal.pl\/wp-content\/uploads\/2022\/04\/mickiew02-721x1024.jpg?strip=info&#038;w=600 600w,https:\/\/i0.wp.com\/wakacyjnyrewal.pl\/wp-content\/uploads\/2022\/04\/mickiew02-721x1024.jpg?strip=info&#038;w=900 900w,https:\/\/i0.wp.com\/wakacyjnyrewal.pl\/wp-content\/uploads\/2022\/04\/mickiew02-721x1024.jpg?strip=info&#038;w=1056 1056w\" alt=\"Pr\u00e1zdninov\u00fd\" data-height=\"1500\" data-id=\"231\" data-link=\"http:\/\/wakacyjnyrewal.pl\/wakacyjny-rewal\/mickiew02\/\" data-url=\"http:\/\/wakacyjnyrewal.pl\/wp-content\/uploads\/2022\/04\/mickiew02-721x1024.jpg\" data-width=\"1056\" src=\"https:\/\/i0.wp.com\/wakacyjnyrewal.pl\/wp-content\/uploads\/2022\/04\/mickiew02-721x1024.jpg\" data-amp-layout=\"responsive\"><\/a><\/figure><\/div><\/div><div class=\"tiled-gallery__row\"><div class=\"tiled-gallery__col\" style=\"flex-basis:26.66234%\"><figure class=\"tiled-gallery__item\"><a href=\"https:\/\/i0.wp.com\/wakacyjnyrewal.pl\/wp-content\/uploads\/2022\/04\/mickiew03-749x1024.jpg\"><img decoding=\"async\" srcset=\"https:\/\/i2.wp.com\/wakacyjnyrewal.pl\/wp-content\/uploads\/2022\/04\/mickiew03-749x1024.jpg?strip=info&#038;w=600 600w,https:\/\/i2.wp.com\/wakacyjnyrewal.pl\/wp-content\/uploads\/2022\/04\/mickiew03-749x1024.jpg?strip=info&#038;w=900 900w,https:\/\/i2.wp.com\/wakacyjnyrewal.pl\/wp-content\/uploads\/2022\/04\/mickiew03-749x1024.jpg?strip=info&#038;w=1097 1097w\" alt=\"Pr\u00e1zdninov\u00fd detail\" data-height=\"1500\" data-id=\"232\" data-link=\"http:\/\/wakacyjnyrewal.pl\/wakacyjny-rewal\/mickiew03\/\" data-url=\"http:\/\/wakacyjnyrewal.pl\/wp-content\/uploads\/2022\/04\/mickiew03-749x1024.jpg\" data-width=\"1097\" src=\"https:\/\/i2.wp.com\/wakacyjnyrewal.pl\/wp-content\/uploads\/2022\/04\/mickiew03-749x1024.jpg\" data-amp-layout=\"responsive\"><\/a><\/figure><\/div><div class=\"tiled-gallery__col\" style=\"flex-basis:24.84226%\"><figure class=\"tiled-gallery__item\"><a href=\"https:\/\/i0.wp.com\/wakacyjnyrewal.pl\/wp-content\/uploads\/2022\/04\/mickiew04-698x1024.jpg\"><img decoding=\"async\" srcset=\"https:\/\/i0.wp.com\/wakacyjnyrewal.pl\/wp-content\/uploads\/2022\/04\/mickiew04-698x1024.jpg?strip=info&#038;w=600 600w,https:\/\/i0.wp.com\/wakacyjnyrewal.pl\/wp-content\/uploads\/2022\/04\/mickiew04-698x1024.jpg?strip=info&#038;w=900 900w,https:\/\/i0.wp.com\/wakacyjnyrewal.pl\/wp-content\/uploads\/2022\/04\/mickiew04-698x1024.jpg?strip=info&#038;w=1022 1022w\" alt=\"Pr\u00e1zdninov\u00e1 koupelna\" data-height=\"1500\" data-id=\"233\" data-link=\"http:\/\/wakacyjnyrewal.pl\/wakacyjny-rewal\/mickiew04\/\" data-url=\"http:\/\/wakacyjnyrewal.pl\/wp-content\/uploads\/2022\/04\/mickiew04-698x1024.jpg\" data-width=\"1022\" src=\"https:\/\/i0.wp.com\/wakacyjnyrewal.pl\/wp-content\/uploads\/2022\/04\/mickiew04-698x1024.jpg\" data-amp-layout=\"responsive\"><\/a><\/figure><\/div><div class=\"tiled-gallery__col\" style=\"flex-basis:24.79372%\"><figure class=\"tiled-gallery__item\"><a href=\"https:\/\/i0.wp.com\/wakacyjnyrewal.pl\/wp-content\/uploads\/2022\/04\/mickiew05-696x1024.jpg\"><img decoding=\"async\" srcset=\"https:\/\/i1.wp.com\/wakacyjnyrewal.pl\/wp-content\/uploads\/2022\/04\/mickiew05-696x1024.jpg?strip=info&#038;w=600 600w,https:\/\/i1.wp.com\/wakacyjnyrewal.pl\/wp-content\/uploads\/2022\/04\/mickiew05-696x1024.jpg?strip=info&#038;w=900 900w,https:\/\/i1.wp.com\/wakacyjnyrewal.pl\/wp-content\/uploads\/2022\/04\/mickiew05-696x1024.jpg?strip=info&#038;w=1020 1020w\" alt=\"Pr\u00e1zdninov\u00e1 koupelna\" data-height=\"1500\" data-id=\"234\" data-link=\"http:\/\/wakacyjnyrewal.pl\/wakacyjny-rewal\/mickiew05\/\" data-url=\"http:\/\/wakacyjnyrewal.pl\/wp-content\/uploads\/2022\/04\/mickiew05-696x1024.jpg\" data-width=\"1020\" src=\"https:\/\/i1.wp.com\/wakacyjnyrewal.pl\/wp-content\/uploads\/2022\/04\/mickiew05-696x1024.jpg\" data-amp-layout=\"responsive\"><\/a><\/figure><\/div><div class=\"tiled-gallery__col\" style=\"flex-basis:23.70168%\"><figure class=\"tiled-gallery__item\"><a href=\"https:\/\/i0.wp.com\/wakacyjnyrewal.pl\/wp-content\/uploads\/2022\/04\/mickiew06-666x1024.jpg\"><img decoding=\"async\" srcset=\"https:\/\/i2.wp.com\/wakacyjnyrewal.pl\/wp-content\/uploads\/2022\/04\/mickiew06-666x1024.jpg?strip=info&#038;w=600 600w,https:\/\/i2.wp.com\/wakacyjnyrewal.pl\/wp-content\/uploads\/2022\/04\/mickiew06-666x1024.jpg?strip=info&#038;w=900 900w,https:\/\/i2.wp.com\/wakacyjnyrewal.pl\/wp-content\/uploads\/2022\/04\/mickiew06-666x1024.jpg?strip=info&#038;w=975 975w\" alt=\"Pr\u00e1zdninov\u00fd vstup\" data-height=\"1500\" data-id=\"235\" data-link=\"http:\/\/wakacyjnyrewal.pl\/wakacyjny-rewal\/mickiew06\/\" data-url=\"http:\/\/wakacyjnyrewal.pl\/wp-content\/uploads\/2022\/04\/mickiew06-666x1024.jpg\" data-width=\"975\" src=\"https:\/\/i2.wp.com\/wakacyjnyrewal.pl\/wp-content\/uploads\/2022\/04\/mickiew06-666x1024.jpg\" data-amp-layout=\"responsive\"><\/a><\/figure><\/div><\/div><div class=\"tiled-gallery__row\"><div class=\"tiled-gallery__col\" style=\"flex-basis:62.05360%\"><figure class=\"tiled-gallery__item\"><a href=\"https:\/\/i0.wp.com\/wakacyjnyrewal.pl\/wp-content\/uploads\/2022\/04\/mickiew07-713x1024.jpg\"><img decoding=\"async\" srcset=\"https:\/\/i2.wp.com\/wakacyjnyrewal.pl\/wp-content\/uploads\/2022\/04\/mickiew07-713x1024.jpg?strip=info&#038;w=600 600w,https:\/\/i2.wp.com\/wakacyjnyrewal.pl\/wp-content\/uploads\/2022\/04\/mickiew07-713x1024.jpg?strip=info&#038;w=900 900w,https:\/\/i2.wp.com\/wakacyjnyrewal.pl\/wp-content\/uploads\/2022\/04\/mickiew07-713x1024.jpg?strip=info&#038;w=1045 1045w\" alt=\"Pr\u00e1zdninov\u00fd pokoj 1\" data-height=\"1500\" data-id=\"236\" data-link=\"http:\/\/wakacyjnyrewal.pl\/wakacyjny-rewal\/mickiew07\/\" data-url=\"http:\/\/wakacyjnyrewal.pl\/wp-content\/uploads\/2022\/04\/mickiew07-713x1024.jpg\" data-width=\"1045\" src=\"https:\/\/i2.wp.com\/wakacyjnyrewal.pl\/wp-content\/uploads\/2022\/04\/mickiew07-713x1024.jpg\" data-amp-layout=\"responsive\"><\/a><\/figure><\/div><div class=\"tiled-gallery__col\" style=\"flex-basis:37.94640%\"><figure class=\"tiled-gallery__item\"><a href=\"https:\/\/i0.wp.com\/wakacyjnyrewal.pl\/wp-content\/uploads\/2022\/04\/mickiew08-1024x795.jpg\"><img decoding=\"async\" srcset=\"https:\/\/i1.wp.com\/wakacyjnyrewal.pl\/wp-content\/uploads\/2022\/04\/mickiew08-1024x795.jpg?strip=info&#038;w=600 600w,https:\/\/i1.wp.com\/wakacyjnyrewal.pl\/wp-content\/uploads\/2022\/04\/mickiew08-1024x795.jpg?strip=info&#038;w=900 900w,https:\/\/i1.wp.com\/wakacyjnyrewal.pl\/wp-content\/uploads\/2022\/04\/mickiew08-1024x795.jpg?strip=info&#038;w=1200 1200w,https:\/\/i1.wp.com\/wakacyjnyrewal.pl\/wp-content\/uploads\/2022\/04\/mickiew08-1024x795.jpg?strip=info&#038;w=1500 1500w\" alt=\"Pr\u00e1zdninov\u00fd pokoj 1\" data-height=\"1165\" data-id=\"237\" data-link=\"http:\/\/wakacyjnyrewal.pl\/wakacyjny-rewal\/mickiew08\/\" data-url=\"http:\/\/wakacyjnyrewal.pl\/wp-content\/uploads\/2022\/04\/mickiew08-1024x795.jpg\" data-width=\"1500\" src=\"https:\/\/i1.wp.com\/wakacyjnyrewal.pl\/wp-content\/uploads\/2022\/04\/mickiew08-1024x795.jpg\" data-amp-layout=\"responsive\"><\/a><\/figure><figure class=\"tiled-gallery__item\"><a href=\"https:\/\/i0.wp.com\/wakacyjnyrewal.pl\/wp-content\/uploads\/2022\/04\/mickiew09-1024x774.jpg\"><img decoding=\"async\" srcset=\"https:\/\/i2.wp.com\/wakacyjnyrewal.pl\/wp-content\/uploads\/2022\/04\/mickiew09-1024x774.jpg?strip=info&#038;w=600 600w,https:\/\/i2.wp.com\/wakacyjnyrewal.pl\/wp-content\/uploads\/2022\/04\/mickiew09-1024x774.jpg?strip=info&#038;w=900 900w,https:\/\/i2.wp.com\/wakacyjnyrewal.pl\/wp-content\/uploads\/2022\/04\/mickiew09-1024x774.jpg?strip=info&#038;w=1200 1200w,https:\/\/i2.wp.com\/wakacyjnyrewal.pl\/wp-content\/uploads\/2022\/04\/mickiew09-1024x774.jpg?strip=info&#038;w=1500 1500w\" alt=\"Pr\u00e1zdninov\u00fd pokoj 2\" data-height=\"1134\" data-id=\"238\" data-link=\"http:\/\/wakacyjnyrewal.pl\/wakacyjny-rewal\/mickiew09\/\" data-url=\"http:\/\/wakacyjnyrewal.pl\/wp-content\/uploads\/2022\/04\/mickiew09-1024x774.jpg\" data-width=\"1500\" src=\"https:\/\/i2.wp.com\/wakacyjnyrewal.pl\/wp-content\/uploads\/2022\/04\/mickiew09-1024x774.jpg\" data-amp-layout=\"responsive\"><\/a><\/figure><figure class=\"tiled-gallery__item\"><a href=\"https:\/\/i0.wp.com\/wakacyjnyrewal.pl\/wp-content\/uploads\/2022\/04\/mickiew10-1024x825.jpg\"><img decoding=\"async\" srcset=\"https:\/\/i0.wp.com\/wakacyjnyrewal.pl\/wp-content\/uploads\/2022\/04\/mickiew10-1024x825.jpg?strip=info&#038;w=600 600w,https:\/\/i0.wp.com\/wakacyjnyrewal.pl\/wp-content\/uploads\/2022\/04\/mickiew10-1024x825.jpg?strip=info&#038;w=900 900w,https:\/\/i0.wp.com\/wakacyjnyrewal.pl\/wp-content\/uploads\/2022\/04\/mickiew10-1024x825.jpg?strip=info&#038;w=1200 1200w,https:\/\/i0.wp.com\/wakacyjnyrewal.pl\/wp-content\/uploads\/2022\/04\/mickiew10-1024x825.jpg?strip=info&#038;w=1500 1500w\" alt=\"Pr\u00e1zdninov\u00fd pokoj 2\" data-height=\"1209\" data-id=\"239\" data-link=\"http:\/\/wakacyjnyrewal.pl\/wakacyjny-rewal\/mickiew10\/\" data-url=\"http:\/\/wakacyjnyrewal.pl\/wp-content\/uploads\/2022\/04\/mickiew10-1024x825.jpg\" data-width=\"1500\" src=\"https:\/\/i0.wp.com\/wakacyjnyrewal.pl\/wp-content\/uploads\/2022\/04\/mickiew10-1024x825.jpg\" data-amp-layout=\"responsive\"><\/a><\/figure><\/div><\/div><\/div><\/div>\n","protected":false},"excerpt":{"rendered":"<p>Pr\u00e1zdninov\u00fd apartm\u00e1n Rewal Rewal, ul. Mickiewicza 9\/2 26 m\u00b2 plochy pro max. 4 osoby Pr\u00e1zdninov\u00fd apartm\u00e1n v ulici Mickiewicza v ekonomick\u00e9m standardu je cenov\u011b dostupnou volbou pro ty, kte\u0159\u00ed cht\u011bj\u00ed str\u00e1vit dovolenou u polsk\u00e9ho mo\u0159e. Apartm\u00e1n nab\u00edz\u00ed z\u00e1kladn\u00ed vybaven\u00ed, kter\u00e9 zajist\u00ed pohodln\u00fd pobyt. Apartm\u00e1n poskytuje podm\u00ednky, kter\u00e9 uspokoj\u00ed pot\u0159eby t\u011bch, kte\u0159\u00ed si p\u0159edev\u0161\u00edm cht\u011bj\u00ed u\u017e\u00edt&hellip;<\/p>\n","protected":false},"author":1,"featured_media":0,"parent":0,"menu_order":0,"comment_status":"closed","ping_status":"closed","template":"","meta":[],"_links":{"self":[{"href":"https:\/\/wakacyjnyrewal.pl\/cs\/wp-json\/wp\/v2\/pages\/1360"}],"collection":[{"href":"https:\/\/wakacyjnyrewal.pl\/cs\/wp-json\/wp\/v2\/pages"}],"about":[{"href":"https:\/\/wakacyjnyrewal.pl\/cs\/wp-json\/wp\/v2\/types\/page"}],"author":[{"embeddable":true,"href":"https:\/\/wakacyjnyrewal.pl\/cs\/wp-json\/wp\/v2\/users\/1"}],"replies":[{"embeddable":true,"href":"https:\/\/wakacyjnyrewal.pl\/cs\/wp-json\/wp\/v2\/comments?post=1360"}],"version-history":[{"count":1,"href":"https:\/\/wakacyjnyrewal.pl\/cs\/wp-json\/wp\/v2\/pages\/1360\/revisions"}],"predecessor-version":[{"id":1372,"href":"https:\/\/wakacyjnyrewal.pl\/cs\/wp-json\/wp\/v2\/pages\/1360\/revisions\/1372"}],"wp:attachment":[{"href":"https:\/\/wakacyjnyrewal.pl\/cs\/wp-json\/wp\/v2\/media?parent=1360"}],"curies":[{"name":"wp","href":"https:\/\/api.w.org\/{rel}","templated":true}]}}