{"id":1472,"date":"2022-04-03T14:04:22","date_gmt":"2022-04-03T14:04:22","guid":{"rendered":"https:\/\/wakacyjnyrewal.pl\/rezervace\/"},"modified":"2025-10-14T21:15:43","modified_gmt":"2025-10-14T21:15:43","slug":"rezervace","status":"publish","type":"page","link":"https:\/\/wakacyjnyrewal.pl\/cs\/rezervace\/","title":{"rendered":"Rezervace"},"content":{"rendered":"\n<h1 class=\"wp-block-heading\">Rezervace<\/h1>\n\n<div style=\"height:50px\" aria-hidden=\"true\" class=\"wp-block-spacer\"><\/div>\n\n<p>Pro zji\u0161t\u011bn\u00ed dostupnosti apartm\u00e1nu ve v\u00e1mi vybran\u00e9m term\u00ednu vyu\u017eijte pros\u00edm n\u00e1sleduj\u00edc\u00ed formul\u00e1\u0159. <\/p>\n\n<div class=\"wp-block-contact-form-7-contact-form-selector\">\n<div class=\"wpcf7 no-js\" id=\"wpcf7-f1711-o1\" lang=\"cs-CZ\" dir=\"ltr\">\n<div class=\"screen-reader-response\"><p role=\"status\" aria-live=\"polite\" aria-atomic=\"true\"><\/p> <ul><\/ul><\/div>\n<form action=\"\/cs\/wp-json\/wp\/v2\/pages\/1472#wpcf7-f1711-o1\" method=\"post\" class=\"wpcf7-form init\" aria-label=\"Kontaktn\u00ed formul\u00e1\u0159\" novalidate=\"novalidate\" data-status=\"init\">\n<div style=\"display: none;\">\n<input type=\"hidden\" name=\"_wpcf7\" value=\"1711\" \/>\n<input type=\"hidden\" name=\"_wpcf7_version\" value=\"5.7.7\" \/>\n<input type=\"hidden\" name=\"_wpcf7_locale\" value=\"cs_CZ\" \/>\n<input type=\"hidden\" name=\"_wpcf7_unit_tag\" value=\"wpcf7-f1711-o1\" \/>\n<input type=\"hidden\" name=\"_wpcf7_container_post\" value=\"0\" \/>\n<input type=\"hidden\" name=\"_wpcf7_posted_data_hash\" value=\"\" \/>\n<\/div>\n<p><b>V\u00fdb\u011br apartm\u00e1nu:<\/b><span class=\"wpcf7-form-control-wrap\" data-name=\"Apts\"><select class=\"wpcf7-form-control wpcf7-select wpcf7-validates-as-required\" aria-required=\"true\" aria-invalid=\"false\" name=\"Apts\"><option value=\"Tosk\u00e1nsk\u00fd\">Tosk\u00e1nsk\u00fd<\/option><option value=\"Pr\u00e1zdninov\u00fd\">Pr\u00e1zdninov\u00fd<\/option><option value=\"Provens\u00e1lsk\u00fd\">Provens\u00e1lsk\u00fd<\/option><option value=\"Rewalsk\u00fd\">Rewalsk\u00fd<\/option><option value=\"Marock\u00fd\">Marock\u00fd<\/option><option value=\"Indick\u00fd\">Indick\u00fd<\/option><option value=\"Mexick\u00fd\">Mexick\u00fd<\/option><\/select><\/span><br \/>\n<b>Datum p\u0159\u00edjezdu:<\/b><span class=\"wpcf7-form-control-wrap\" data-name=\"przyj\"><input class=\"wpcf7-form-control wpcf7-date wpcf7-validates-as-date\" aria-invalid=\"false\" placeholder=\"Datum p\u0159\u00edjezdu\" value=\"\" type=\"date\" name=\"przyj\" \/><\/span><br \/>\n<b>Datum odjezdu:<\/b><span class=\"wpcf7-form-control-wrap\" data-name=\"wyj\"><input class=\"wpcf7-form-control wpcf7-date wpcf7-validates-as-date\" aria-invalid=\"false\" placeholder=\"Datum odjezdu\" value=\"\" type=\"date\" name=\"wyj\" \/><\/span><br \/>\n<b>Jm\u00e9no a p\u0159\u00edjmen\u00ed:<\/b><span class=\"wpcf7-form-control-wrap\" data-name=\"nazwisko\"><input size=\"40\" class=\"wpcf7-form-control wpcf7-text wpcf7-validates-as-required\" aria-required=\"true\" aria-invalid=\"false\" value=\"\" type=\"text\" name=\"nazwisko\" \/><\/span><br \/>\n<b>Email:<\/b><span class=\"wpcf7-form-control-wrap\" data-name=\"your-email\"><input size=\"40\" class=\"wpcf7-form-control wpcf7-text wpcf7-email wpcf7-validates-as-email\" aria-invalid=\"false\" value=\"\" type=\"email\" name=\"your-email\" \/><\/span><br \/>\n<b>Telefon:<\/b><span class=\"wpcf7-form-control-wrap\" data-name=\"telefon\"><input size=\"40\" class=\"wpcf7-form-control wpcf7-text wpcf7-validates-as-required\" aria-required=\"true\" aria-invalid=\"false\" value=\"\" type=\"text\" name=\"telefon\" \/><\/span><br \/>\n<b>Dal\u0161\u00ed pozn\u00e1mky:<\/b><span class=\"wpcf7-form-control-wrap\" data-name=\"textarea-444\"><textarea cols=\"40\" rows=\"10\" class=\"wpcf7-form-control wpcf7-textarea\" aria-invalid=\"false\" name=\"textarea-444\"><\/textarea><\/span>\n<\/p>\n<p>Odesl\u00e1n\u00ed formul\u00e1\u0159e je jednozna\u010dn\u00e9 s vyj\u00e1d\u0159en\u00edm souhlasu objednavatele s vyu\u017eit\u00edm uveden\u00fdch osobn\u00edch \u00fadaj\u016f v\u00fdhradn\u011b k realizaci v\u00fd\u0161e uveden\u00e9 objedn\u00e1vky. Vyjad\u0159uji souhlas se zpracov\u00e1n\u00edm m\u00fdch osobn\u00edch \u00fadaj\u016f spole\u010dnost\u00ed F.U.-H. \u201ePla\u017ca\" v souladu se z\u00e1konem ze dne 29.08.1997 o ochran\u011b osobn\u00edch \u00fadaj\u016f (Sb. z 1997 \u010d. 133, pol. 883 s pozd\u011bj\u0161\u00edmi zm\u011bnami)\n<\/p>\n<p><input class=\"wpcf7-form-control has-spinner wpcf7-submit\" type=\"submit\" value=\"Odeslat dotaz\" \/>\n<\/p><div class=\"wpcf7-response-output\" aria-hidden=\"true\"><\/div>\n<\/form>\n<\/div>\n<\/div>\n\n<div style=\"height:70px\" aria-hidden=\"true\" class=\"wp-block-spacer\"><\/div>\n\n<h4 class=\"wp-block-heading\">INFORMA\u010cN\u00cd DOLO\u017dKA<\/h4>\n\n<p>V souladu s \u010dl. 13 obecn\u00e9ho na\u0159\u00edzen\u00ed o ochran\u011b osobn\u00edch \u00fadaj\u016f ze dne 27. dubna 2016 (\u00da\u0159. v\u011bst. EU L 119 z 04.05.2016) informuji, \u017ee:<br\/>1) spr\u00e1vcem va\u0161ich osobn\u00edch \u00fadaj\u016f je F.U.H. \u201ePla\u017ca\u201d<br\/>2) kontakt na inspektora ochrany osobn\u00edch \u00fadaj\u016f \u2013 poczta@plaza-rewal.pl<br\/>3) va\u0161e osobn\u00ed \u00fadaje budou zpracov\u00e1v\u00e1ny za \u00fa\u010delem vyu\u017e\u00edv\u00e1n\u00ed hotelov\u00fdch slu\u017eeb \u2013 na z\u00e1klad\u011b \u010dl. 6 odst. 1 p\u00edsm. b obecn\u00e9ho na\u0159\u00edzen\u00ed o ochran\u011b osobn\u00edch \u00fadaj\u016f ze dne 27. dubna 2016<br\/>4) p\u0159\u00edjemci va\u0161ich osobn\u00edch \u00fadaj\u016f budou v\u00fdhradn\u011b subjekty opr\u00e1vn\u011bn\u00e9 \u00fadaje z\u00edskat na z\u00e1klad\u011b pr\u00e1vn\u00edch p\u0159edpis\u016f a subjekty pod\u00edlej\u00edc\u00ed se na poskytov\u00e1n\u00ed slu\u017eeb<br\/>5) va\u0161e osobn\u00ed \u00fadaje budou uchov\u00e1v\u00e1ny po dobu 10 let<br\/>6) m\u00e1te pr\u00e1vo po\u017eadovat od spr\u00e1vce p\u0159\u00edstup k osobn\u00edm \u00fadaj\u016fm, pr\u00e1vo na jejich opravu, v\u00fdmaz nebo omezen\u00ed zpracov\u00e1n\u00ed a pr\u00e1vo na p\u0159enositelnost \u00fadaj\u016f<br\/>7) m\u00e1te pr\u00e1vo podat st\u00ed\u017enost u dozorov\u00e9ho org\u00e1nu<br\/>8) poskytnut\u00ed osobn\u00edch \u00fadaj\u016f je dobrovoln\u00e9, nicm\u00e9n\u011b odm\u00edtnut\u00ed jejich poskytnut\u00ed m\u016f\u017ee m\u00edt za n\u00e1sledek odm\u00edtnut\u00ed poskytnut\u00ed slu\u017eby\/uzav\u0159en\u00ed smlouvy    <\/p>\n","protected":false},"excerpt":{"rendered":"<p>Rezervace Pro zji\u0161t\u011bn\u00ed dostupnosti apartm\u00e1nu ve v\u00e1mi vybran\u00e9m term\u00ednu vyu\u017eijte pros\u00edm n\u00e1sleduj\u00edc\u00ed formul\u00e1\u0159. INFORMA\u010cN\u00cd DOLO\u017dKA V souladu s \u010dl. 13 obecn\u00e9ho na\u0159\u00edzen\u00ed o ochran\u011b osobn\u00edch \u00fadaj\u016f ze dne 27. dubna 2016 (\u00da\u0159. v\u011bst. EU L 119 z 04.05.2016) informuji, \u017ee:1) spr\u00e1vcem va\u0161ich osobn\u00edch \u00fadaj\u016f je F.U.H. \u201ePla\u017ca\u201d2) kontakt na inspektora ochrany osobn\u00edch \u00fadaj\u016f \u2013 poczta@plaza-rewal.pl3)&hellip;<\/p>\n","protected":false},"author":1,"featured_media":0,"parent":0,"menu_order":0,"comment_status":"closed","ping_status":"closed","template":"","meta":[],"_links":{"self":[{"href":"https:\/\/wakacyjnyrewal.pl\/cs\/wp-json\/wp\/v2\/pages\/1472"}],"collection":[{"href":"https:\/\/wakacyjnyrewal.pl\/cs\/wp-json\/wp\/v2\/pages"}],"about":[{"href":"https:\/\/wakacyjnyrewal.pl\/cs\/wp-json\/wp\/v2\/types\/page"}],"author":[{"embeddable":true,"href":"https:\/\/wakacyjnyrewal.pl\/cs\/wp-json\/wp\/v2\/users\/1"}],"replies":[{"embeddable":true,"href":"https:\/\/wakacyjnyrewal.pl\/cs\/wp-json\/wp\/v2\/comments?post=1472"}],"version-history":[{"count":1,"href":"https:\/\/wakacyjnyrewal.pl\/cs\/wp-json\/wp\/v2\/pages\/1472\/revisions"}],"predecessor-version":[{"id":1473,"href":"https:\/\/wakacyjnyrewal.pl\/cs\/wp-json\/wp\/v2\/pages\/1472\/revisions\/1473"}],"wp:attachment":[{"href":"https:\/\/wakacyjnyrewal.pl\/cs\/wp-json\/wp\/v2\/media?parent=1472"}],"curies":[{"name":"wp","href":"https:\/\/api.w.org\/{rel}","templated":true}]}}