{"id":1502,"date":"2023-07-10T20:26:40","date_gmt":"2023-07-10T20:26:40","guid":{"rendered":"https:\/\/wakacyjnyrewal.pl\/marocky\/"},"modified":"2025-10-14T21:25:32","modified_gmt":"2025-10-14T21:25:32","slug":"marocky","status":"publish","type":"page","link":"https:\/\/wakacyjnyrewal.pl\/cs\/marocky\/","title":{"rendered":"Marock\u00fd"},"content":{"rendered":"\n<h1 class=\"wp-block-heading\">Marock\u00fd apartm\u00e1n<\/h1>\n\n<div style=\"height:40px\" aria-hidden=\"true\" class=\"wp-block-spacer\"><\/div>\n\n<h2 class=\"wp-block-heading\">Rewal, ul. Rycerska 6 <\/h2>\n\n<p><strong>33 m\u00b2 plochy pro max. 3 osoby  <\/strong><\/p>\n\n<div class=\"wp-block-columns is-layout-flex wp-container-3\">\n<div class=\"wp-block-column is-layout-flow\" style=\"flex-basis:66.66%\">\n<p>P\u0159enes se do kouzla orient\u00e1ln\u00edch n\u00e1lad a p\u0159ipadni si jako v poh\u00e1dce Tis\u00edce a jedn\u00e9 noci. N\u00e1\u0161 marock\u00fd apartm\u00e1n okouzl\u00ed bohat\u00fdmi zdobn\u00fdmi prvky, barevn\u00fdmi l\u00e1tkami a orient\u00e1ln\u00edmi detaily. P\u0159ije\u010f sem naj\u00edt harmonii a odpoutat se od ka\u017edodenn\u00edho shonu. \u010cek\u00e1 t\u011b bla\u017een\u00fd relax a dovolen\u00e1 pln\u00e1 exotick\u00fdch chut\u00ed.   <\/p>\n\n\n\n<p>Marock\u00fd apartm\u00e1n m\u00e1 prostornou, pln\u011b vybavenou kuchy\u0148, kde si m\u016f\u017ee\u0161 p\u0159ipravit sv\u00e1 obl\u00edben\u00e1 j\u00eddla. Kuchyn\u011b je za\u0159\u00edzena v modern\u00edm stylu a nab\u00edz\u00ed ve\u0161ker\u00e9 pot\u0159ebn\u00e9 vybaven\u00ed, jako je lednice, spor\u00e1k, my\u010dka, toustova\u010d, mikrovlnn\u00e1 trouba a n\u00e1dob\u00ed s p\u0159\u00edbory, a tak\u00e9 sada na p\u0159\u00edpravu k\u00e1vy a \u010daje. Va\u0159en\u00ed se prom\u011bn\u00ed v pot\u011b\u0161en\u00ed a spole\u010dn\u00e9 stolov\u00e1n\u00ed bude skv\u011blou p\u0159\u00edle\u017eitost\u00ed k pov\u00edd\u00e1n\u00ed o exotick\u00fdch kraj\u00edch. V apartm\u00e1nu je i spac\u00ed \u010d\u00e1st s kr\u00e1snou postel\u00ed s nebesy, odpo\u010dinkov\u00e1 \u010d\u00e1st s rozkl\u00e1dac\u00ed pohovkou, plochou smart TV a Wi\u2011Fi a tak\u00e9 prostorn\u00e1 koupelna se sprchou a pra\u010dkou. M\u00e1 samostatn\u00fd vchod a terasu, nach\u00e1z\u00ed se v p\u0159\u00edzem\u00ed.    <\/p>\n\n\n\n<p>M\u016f\u017ee\u0161 p\u0159ijet na dovolenou se psem, ko\u010dkou nebo jin\u00fdm mal\u00fdm dom\u00e1c\u00edm mazl\u00ed\u010dkem, k dispozici je tak\u00e9 parkovac\u00ed m\u00edsto. Po p\u0159edchoz\u00ed domluv\u011b je mo\u017en\u00e9 vyzvednout kl\u00ed\u010de z \u00faschovny. <\/p>\n\n\n\n<p><\/p>\n\n\n\n<p><br\/><br\/><\/p>\n\n\n\n<p><\/p>\n<\/div>\n\n\n\n<div class=\"wp-block-column is-layout-flow\" style=\"flex-basis:33.33%\">\n<figure class=\"wp-block-image size-large is-style-default\"><a href=\"https:\/\/i0.wp.com\/wakacyjnyrewal.pl\/wp-content\/uploads\/2023\/07\/maroko-plan-Szymon.jpg?ssl=1\"><img decoding=\"async\" loading=\"lazy\" width=\"1024\" height=\"872\" src=\"https:\/\/i0.wp.com\/wakacyjnyrewal.pl\/wp-content\/uploads\/2023\/07\/maroko-plan-Szymon.jpg?resize=1024%2C872&#038;ssl=1\" alt=\"\" class=\"wp-image-825\" data-recalc-dims=\"1\"\/><\/a><\/figure><\/div>\n<\/div>\n\n<h2 class=\"wp-block-heading\">Lokalita <\/h2>\n\n<div style=\"height:30px\" aria-hidden=\"true\" class=\"wp-block-spacer\"><\/div>\n\n<iframe src=\"https:\/\/www.google.com\/maps\/embed?pb=!1m18!1m12!1m3!1d1655.0299609108065!2d15.009902530226524!3d54.08144964975045!2m3!1f0!2f0!3f0!3m2!1i1024!2i768!4f13.1!3m3!1m2!1s0x4700762408b1bb6b%3A0x49741f20f25569ba!2sRycerska%206%2C%2072-344%20Rewal!5e0!3m2!1spl!2spl!4v1649442295365!5m2!1spl!2spl\" style=\"border:0;\" allowfullscreen=\"\" loading=\"lazy\" referrerpolicy=\"no-referrer-when-downgrade\" width=\"100%\" height=\"500\"><\/iframe>\n\n<div style=\"height:50px\" aria-hidden=\"true\" class=\"wp-block-spacer\"><\/div>\n\n<h2 class=\"wp-block-heading\">Fotogalerie<\/h2>\n\n<div style=\"height:30px\" aria-hidden=\"true\" class=\"wp-block-spacer\"><\/div>\n\n<div class=\"wp-block-jetpack-tiled-gallery aligncenter is-style-rectangular\"><div class=\"tiled-gallery__gallery\"><div class=\"tiled-gallery__row\"><div class=\"tiled-gallery__col\" style=\"flex-basis:67.55150%\"><figure class=\"tiled-gallery__item\"><a href=\"https:\/\/i0.wp.com\/wakacyjnyrewal.pl\/wp-content\/uploads\/2023\/07\/Maroco_06-1024x683.jpg?ssl=1\"><img decoding=\"async\" srcset=\"https:\/\/i1.wp.com\/wakacyjnyrewal.pl\/wp-content\/uploads\/2023\/07\/Maroco_06-1024x683.jpg?strip=info&#038;w=600&#038;ssl=1 600w,https:\/\/i1.wp.com\/wakacyjnyrewal.pl\/wp-content\/uploads\/2023\/07\/Maroco_06-1024x683.jpg?strip=info&#038;w=900&#038;ssl=1 900w,https:\/\/i1.wp.com\/wakacyjnyrewal.pl\/wp-content\/uploads\/2023\/07\/Maroco_06-1024x683.jpg?strip=info&#038;w=1200&#038;ssl=1 1200w,https:\/\/i1.wp.com\/wakacyjnyrewal.pl\/wp-content\/uploads\/2023\/07\/Maroco_06-1024x683.jpg?strip=info&#038;w=1500&#038;ssl=1 1500w,https:\/\/i1.wp.com\/wakacyjnyrewal.pl\/wp-content\/uploads\/2023\/07\/Maroco_06-1024x683.jpg?strip=info&#038;w=1800&#038;ssl=1 1800w,https:\/\/i1.wp.com\/wakacyjnyrewal.pl\/wp-content\/uploads\/2023\/07\/Maroco_06-1024x683.jpg?strip=info&#038;w=2000&#038;ssl=1 2000w\" alt=\"Lo\u017ee\" data-height=\"1706\" data-id=\"812\" data-link=\"https:\/\/wakacyjnyrewal.pl\/maroco_06\/\" data-url=\"https:\/\/wakacyjnyrewal.pl\/wp-content\/uploads\/2023\/07\/Maroco_06-1024x683.jpg\" data-width=\"2560\" src=\"https:\/\/i1.wp.com\/wakacyjnyrewal.pl\/wp-content\/uploads\/2023\/07\/Maroco_06-1024x683.jpg?ssl=1\" data-amp-layout=\"responsive\"><\/a><\/figure><\/div><div class=\"tiled-gallery__col\" style=\"flex-basis:32.44850%\"><figure class=\"tiled-gallery__item\"><a href=\"https:\/\/i0.wp.com\/wakacyjnyrewal.pl\/wp-content\/uploads\/2023\/07\/Maroco_14-1024x732.jpg?ssl=1\"><img decoding=\"async\" srcset=\"https:\/\/i0.wp.com\/wakacyjnyrewal.pl\/wp-content\/uploads\/2023\/07\/Maroco_14-1024x732.jpg?strip=info&#038;w=600&#038;ssl=1 600w,https:\/\/i0.wp.com\/wakacyjnyrewal.pl\/wp-content\/uploads\/2023\/07\/Maroco_14-1024x732.jpg?strip=info&#038;w=900&#038;ssl=1 900w,https:\/\/i0.wp.com\/wakacyjnyrewal.pl\/wp-content\/uploads\/2023\/07\/Maroco_14-1024x732.jpg?strip=info&#038;w=1200&#038;ssl=1 1200w,https:\/\/i0.wp.com\/wakacyjnyrewal.pl\/wp-content\/uploads\/2023\/07\/Maroco_14-1024x732.jpg?strip=info&#038;w=1500&#038;ssl=1 1500w,https:\/\/i0.wp.com\/wakacyjnyrewal.pl\/wp-content\/uploads\/2023\/07\/Maroco_14-1024x732.jpg?strip=info&#038;w=1800&#038;ssl=1 1800w,https:\/\/i0.wp.com\/wakacyjnyrewal.pl\/wp-content\/uploads\/2023\/07\/Maroco_14-1024x732.jpg?strip=info&#038;w=2000&#038;ssl=1 2000w\" alt=\"Maroko detail\" data-height=\"1829\" data-id=\"820\" data-link=\"https:\/\/wakacyjnyrewal.pl\/maroco_14\/\" data-url=\"https:\/\/wakacyjnyrewal.pl\/wp-content\/uploads\/2023\/07\/Maroco_14-1024x732.jpg\" data-width=\"2560\" src=\"https:\/\/i0.wp.com\/wakacyjnyrewal.pl\/wp-content\/uploads\/2023\/07\/Maroco_14-1024x732.jpg?ssl=1\" data-amp-layout=\"responsive\"><\/a><\/figure><figure class=\"tiled-gallery__item\"><a href=\"https:\/\/i0.wp.com\/wakacyjnyrewal.pl\/wp-content\/uploads\/2023\/07\/Maroco_01-1024x683.jpg?ssl=1\"><img decoding=\"async\" srcset=\"https:\/\/i0.wp.com\/wakacyjnyrewal.pl\/wp-content\/uploads\/2023\/07\/Maroco_01-1024x683.jpg?strip=info&#038;w=600&#038;ssl=1 600w,https:\/\/i0.wp.com\/wakacyjnyrewal.pl\/wp-content\/uploads\/2023\/07\/Maroco_01-1024x683.jpg?strip=info&#038;w=900&#038;ssl=1 900w,https:\/\/i0.wp.com\/wakacyjnyrewal.pl\/wp-content\/uploads\/2023\/07\/Maroco_01-1024x683.jpg?strip=info&#038;w=1200&#038;ssl=1 1200w,https:\/\/i0.wp.com\/wakacyjnyrewal.pl\/wp-content\/uploads\/2023\/07\/Maroco_01-1024x683.jpg?strip=info&#038;w=1500&#038;ssl=1 1500w,https:\/\/i0.wp.com\/wakacyjnyrewal.pl\/wp-content\/uploads\/2023\/07\/Maroco_01-1024x683.jpg?strip=info&#038;w=1800&#038;ssl=1 1800w,https:\/\/i0.wp.com\/wakacyjnyrewal.pl\/wp-content\/uploads\/2023\/07\/Maroco_01-1024x683.jpg?strip=info&#038;w=2000&#038;ssl=1 2000w\" alt=\"Maroko pokoj\" data-height=\"1706\" data-id=\"807\" data-link=\"https:\/\/wakacyjnyrewal.pl\/maroco_01\/\" data-url=\"https:\/\/wakacyjnyrewal.pl\/wp-content\/uploads\/2023\/07\/Maroco_01-1024x683.jpg\" data-width=\"2560\" src=\"https:\/\/i0.wp.com\/wakacyjnyrewal.pl\/wp-content\/uploads\/2023\/07\/Maroco_01-1024x683.jpg?ssl=1\" data-amp-layout=\"responsive\"><\/a><\/figure><\/div><\/div><div class=\"tiled-gallery__row\"><div class=\"tiled-gallery__col\" style=\"flex-basis:32.47411%\"><figure class=\"tiled-gallery__item\"><a href=\"https:\/\/i0.wp.com\/wakacyjnyrewal.pl\/wp-content\/uploads\/2023\/07\/Maroco_07-1024x683.jpg?ssl=1\"><img decoding=\"async\" srcset=\"https:\/\/i1.wp.com\/wakacyjnyrewal.pl\/wp-content\/uploads\/2023\/07\/Maroco_07-1024x683.jpg?strip=info&#038;w=600&#038;ssl=1 600w,https:\/\/i1.wp.com\/wakacyjnyrewal.pl\/wp-content\/uploads\/2023\/07\/Maroco_07-1024x683.jpg?strip=info&#038;w=900&#038;ssl=1 900w,https:\/\/i1.wp.com\/wakacyjnyrewal.pl\/wp-content\/uploads\/2023\/07\/Maroco_07-1024x683.jpg?strip=info&#038;w=1200&#038;ssl=1 1200w,https:\/\/i1.wp.com\/wakacyjnyrewal.pl\/wp-content\/uploads\/2023\/07\/Maroco_07-1024x683.jpg?strip=info&#038;w=1500&#038;ssl=1 1500w,https:\/\/i1.wp.com\/wakacyjnyrewal.pl\/wp-content\/uploads\/2023\/07\/Maroco_07-1024x683.jpg?strip=info&#038;w=1800&#038;ssl=1 1800w,https:\/\/i1.wp.com\/wakacyjnyrewal.pl\/wp-content\/uploads\/2023\/07\/Maroco_07-1024x683.jpg?strip=info&#038;w=2000&#038;ssl=1 2000w\" alt=\"\" data-height=\"1706\" data-id=\"813\" data-link=\"https:\/\/wakacyjnyrewal.pl\/maroco_07\/\" data-url=\"https:\/\/wakacyjnyrewal.pl\/wp-content\/uploads\/2023\/07\/Maroco_07-1024x683.jpg\" data-width=\"2560\" src=\"https:\/\/i1.wp.com\/wakacyjnyrewal.pl\/wp-content\/uploads\/2023\/07\/Maroco_07-1024x683.jpg?ssl=1\" data-amp-layout=\"responsive\"><\/a><\/figure><figure class=\"tiled-gallery__item\"><a href=\"https:\/\/i0.wp.com\/wakacyjnyrewal.pl\/wp-content\/uploads\/2023\/07\/Maroco_16-1024x732.jpg?ssl=1\"><img decoding=\"async\" srcset=\"https:\/\/i0.wp.com\/wakacyjnyrewal.pl\/wp-content\/uploads\/2023\/07\/Maroco_16-1024x732.jpg?strip=info&#038;w=600&#038;ssl=1 600w,https:\/\/i0.wp.com\/wakacyjnyrewal.pl\/wp-content\/uploads\/2023\/07\/Maroco_16-1024x732.jpg?strip=info&#038;w=900&#038;ssl=1 900w,https:\/\/i0.wp.com\/wakacyjnyrewal.pl\/wp-content\/uploads\/2023\/07\/Maroco_16-1024x732.jpg?strip=info&#038;w=1200&#038;ssl=1 1200w,https:\/\/i0.wp.com\/wakacyjnyrewal.pl\/wp-content\/uploads\/2023\/07\/Maroco_16-1024x732.jpg?strip=info&#038;w=1500&#038;ssl=1 1500w,https:\/\/i0.wp.com\/wakacyjnyrewal.pl\/wp-content\/uploads\/2023\/07\/Maroco_16-1024x732.jpg?strip=info&#038;w=1800&#038;ssl=1 1800w,https:\/\/i0.wp.com\/wakacyjnyrewal.pl\/wp-content\/uploads\/2023\/07\/Maroco_16-1024x732.jpg?strip=info&#038;w=2000&#038;ssl=1 2000w\" alt=\"Maroko koupelna\" data-height=\"1829\" data-id=\"822\" data-link=\"https:\/\/wakacyjnyrewal.pl\/maroco_16\/\" data-url=\"https:\/\/wakacyjnyrewal.pl\/wp-content\/uploads\/2023\/07\/Maroco_16-1024x732.jpg\" data-width=\"2560\" src=\"https:\/\/i0.wp.com\/wakacyjnyrewal.pl\/wp-content\/uploads\/2023\/07\/Maroco_16-1024x732.jpg?ssl=1\" data-amp-layout=\"responsive\"><\/a><\/figure><\/div><div class=\"tiled-gallery__col\" style=\"flex-basis:67.52589%\"><figure class=\"tiled-gallery__item\"><a href=\"https:\/\/i0.wp.com\/wakacyjnyrewal.pl\/wp-content\/uploads\/2023\/07\/Maroco_03-1024x683.jpg?ssl=1\"><img decoding=\"async\" srcset=\"https:\/\/i2.wp.com\/wakacyjnyrewal.pl\/wp-content\/uploads\/2023\/07\/Maroco_03-1024x683.jpg?strip=info&#038;w=600&#038;ssl=1 600w,https:\/\/i2.wp.com\/wakacyjnyrewal.pl\/wp-content\/uploads\/2023\/07\/Maroco_03-1024x683.jpg?strip=info&#038;w=900&#038;ssl=1 900w,https:\/\/i2.wp.com\/wakacyjnyrewal.pl\/wp-content\/uploads\/2023\/07\/Maroco_03-1024x683.jpg?strip=info&#038;w=1200&#038;ssl=1 1200w,https:\/\/i2.wp.com\/wakacyjnyrewal.pl\/wp-content\/uploads\/2023\/07\/Maroco_03-1024x683.jpg?strip=info&#038;w=1500&#038;ssl=1 1500w,https:\/\/i2.wp.com\/wakacyjnyrewal.pl\/wp-content\/uploads\/2023\/07\/Maroco_03-1024x683.jpg?strip=info&#038;w=1800&#038;ssl=1 1800w,https:\/\/i2.wp.com\/wakacyjnyrewal.pl\/wp-content\/uploads\/2023\/07\/Maroco_03-1024x683.jpg?strip=info&#038;w=2000&#038;ssl=1 2000w\" alt=\"\" data-height=\"1708\" data-id=\"809\" data-link=\"https:\/\/wakacyjnyrewal.pl\/maroco_03\/\" data-url=\"https:\/\/wakacyjnyrewal.pl\/wp-content\/uploads\/2023\/07\/Maroco_03-1024x683.jpg\" data-width=\"2560\" src=\"https:\/\/i2.wp.com\/wakacyjnyrewal.pl\/wp-content\/uploads\/2023\/07\/Maroco_03-1024x683.jpg?ssl=1\" data-amp-layout=\"responsive\"><\/a><\/figure><\/div><\/div><div class=\"tiled-gallery__row\"><div class=\"tiled-gallery__col\" style=\"flex-basis:50.00000%\"><figure class=\"tiled-gallery__item\"><a href=\"https:\/\/i0.wp.com\/wakacyjnyrewal.pl\/wp-content\/uploads\/2023\/07\/Maroco_11-1024x683.jpg?ssl=1\"><img decoding=\"async\" srcset=\"https:\/\/i2.wp.com\/wakacyjnyrewal.pl\/wp-content\/uploads\/2023\/07\/Maroco_11-1024x683.jpg?strip=info&#038;w=600&#038;ssl=1 600w,https:\/\/i2.wp.com\/wakacyjnyrewal.pl\/wp-content\/uploads\/2023\/07\/Maroco_11-1024x683.jpg?strip=info&#038;w=900&#038;ssl=1 900w,https:\/\/i2.wp.com\/wakacyjnyrewal.pl\/wp-content\/uploads\/2023\/07\/Maroco_11-1024x683.jpg?strip=info&#038;w=1200&#038;ssl=1 1200w,https:\/\/i2.wp.com\/wakacyjnyrewal.pl\/wp-content\/uploads\/2023\/07\/Maroco_11-1024x683.jpg?strip=info&#038;w=1500&#038;ssl=1 1500w,https:\/\/i2.wp.com\/wakacyjnyrewal.pl\/wp-content\/uploads\/2023\/07\/Maroco_11-1024x683.jpg?strip=info&#038;w=1800&#038;ssl=1 1800w,https:\/\/i2.wp.com\/wakacyjnyrewal.pl\/wp-content\/uploads\/2023\/07\/Maroco_11-1024x683.jpg?strip=info&#038;w=2000&#038;ssl=1 2000w\" alt=\"Maroko kuchyn\u011b\" data-height=\"1706\" data-id=\"817\" data-link=\"https:\/\/wakacyjnyrewal.pl\/maroco_11\/\" data-url=\"https:\/\/wakacyjnyrewal.pl\/wp-content\/uploads\/2023\/07\/Maroco_11-1024x683.jpg\" data-width=\"2560\" src=\"https:\/\/i2.wp.com\/wakacyjnyrewal.pl\/wp-content\/uploads\/2023\/07\/Maroco_11-1024x683.jpg?ssl=1\" data-amp-layout=\"responsive\"><\/a><\/figure><\/div><div class=\"tiled-gallery__col\" style=\"flex-basis:50.00000%\"><figure class=\"tiled-gallery__item\"><a href=\"https:\/\/i0.wp.com\/wakacyjnyrewal.pl\/wp-content\/uploads\/2023\/07\/Maroco_15-1024x683.jpg?ssl=1\"><img decoding=\"async\" srcset=\"https:\/\/i0.wp.com\/wakacyjnyrewal.pl\/wp-content\/uploads\/2023\/07\/Maroco_15-1024x683.jpg?strip=info&#038;w=600&#038;ssl=1 600w,https:\/\/i0.wp.com\/wakacyjnyrewal.pl\/wp-content\/uploads\/2023\/07\/Maroco_15-1024x683.jpg?strip=info&#038;w=900&#038;ssl=1 900w,https:\/\/i0.wp.com\/wakacyjnyrewal.pl\/wp-content\/uploads\/2023\/07\/Maroco_15-1024x683.jpg?strip=info&#038;w=1200&#038;ssl=1 1200w,https:\/\/i0.wp.com\/wakacyjnyrewal.pl\/wp-content\/uploads\/2023\/07\/Maroco_15-1024x683.jpg?strip=info&#038;w=1500&#038;ssl=1 1500w,https:\/\/i0.wp.com\/wakacyjnyrewal.pl\/wp-content\/uploads\/2023\/07\/Maroco_15-1024x683.jpg?strip=info&#038;w=1800&#038;ssl=1 1800w,https:\/\/i0.wp.com\/wakacyjnyrewal.pl\/wp-content\/uploads\/2023\/07\/Maroco_15-1024x683.jpg?strip=info&#038;w=2000&#038;ssl=1 2000w\" alt=\"Maroko koupelna\" data-height=\"1706\" data-id=\"821\" data-link=\"https:\/\/wakacyjnyrewal.pl\/maroco_15\/\" data-url=\"https:\/\/wakacyjnyrewal.pl\/wp-content\/uploads\/2023\/07\/Maroco_15-1024x683.jpg\" data-width=\"2560\" src=\"https:\/\/i0.wp.com\/wakacyjnyrewal.pl\/wp-content\/uploads\/2023\/07\/Maroco_15-1024x683.jpg?ssl=1\" data-amp-layout=\"responsive\"><\/a><\/figure><\/div><\/div><div class=\"tiled-gallery__row\"><div class=\"tiled-gallery__col\" style=\"flex-basis:50.00000%\"><figure class=\"tiled-gallery__item\"><a href=\"https:\/\/i0.wp.com\/wakacyjnyrewal.pl\/wp-content\/uploads\/2023\/07\/Maroco_08-731x1024.jpg?ssl=1\"><img decoding=\"async\" srcset=\"https:\/\/i1.wp.com\/wakacyjnyrewal.pl\/wp-content\/uploads\/2023\/07\/Maroco_08-731x1024.jpg?strip=info&#038;w=600&#038;ssl=1 600w,https:\/\/i1.wp.com\/wakacyjnyrewal.pl\/wp-content\/uploads\/2023\/07\/Maroco_08-731x1024.jpg?strip=info&#038;w=900&#038;ssl=1 900w,https:\/\/i1.wp.com\/wakacyjnyrewal.pl\/wp-content\/uploads\/2023\/07\/Maroco_08-731x1024.jpg?strip=info&#038;w=1200&#038;ssl=1 1200w,https:\/\/i1.wp.com\/wakacyjnyrewal.pl\/wp-content\/uploads\/2023\/07\/Maroco_08-731x1024.jpg?strip=info&#038;w=1500&#038;ssl=1 1500w,https:\/\/i1.wp.com\/wakacyjnyrewal.pl\/wp-content\/uploads\/2023\/07\/Maroco_08-731x1024.jpg?strip=info&#038;w=1800&#038;ssl=1 1800w,https:\/\/i1.wp.com\/wakacyjnyrewal.pl\/wp-content\/uploads\/2023\/07\/Maroco_08-731x1024.jpg?strip=info&#038;w=1828&#038;ssl=1 1828w\" alt=\"Maroko detail\" data-height=\"2560\" data-id=\"814\" data-link=\"https:\/\/wakacyjnyrewal.pl\/maroco_08\/\" data-url=\"https:\/\/wakacyjnyrewal.pl\/wp-content\/uploads\/2023\/07\/Maroco_08-731x1024.jpg\" data-width=\"1828\" src=\"https:\/\/i1.wp.com\/wakacyjnyrewal.pl\/wp-content\/uploads\/2023\/07\/Maroco_08-731x1024.jpg?ssl=1\" data-amp-layout=\"responsive\"><\/a><\/figure><\/div><div class=\"tiled-gallery__col\" style=\"flex-basis:50.00000%\"><figure class=\"tiled-gallery__item\"><a href=\"https:\/\/i0.wp.com\/wakacyjnyrewal.pl\/wp-content\/uploads\/2023\/07\/Maroco_05-731x1024.jpg?ssl=1\"><img decoding=\"async\" srcset=\"https:\/\/i0.wp.com\/wakacyjnyrewal.pl\/wp-content\/uploads\/2023\/07\/Maroco_05-731x1024.jpg?strip=info&#038;w=600&#038;ssl=1 600w,https:\/\/i0.wp.com\/wakacyjnyrewal.pl\/wp-content\/uploads\/2023\/07\/Maroco_05-731x1024.jpg?strip=info&#038;w=900&#038;ssl=1 900w,https:\/\/i0.wp.com\/wakacyjnyrewal.pl\/wp-content\/uploads\/2023\/07\/Maroco_05-731x1024.jpg?strip=info&#038;w=1200&#038;ssl=1 1200w,https:\/\/i0.wp.com\/wakacyjnyrewal.pl\/wp-content\/uploads\/2023\/07\/Maroco_05-731x1024.jpg?strip=info&#038;w=1500&#038;ssl=1 1500w,https:\/\/i0.wp.com\/wakacyjnyrewal.pl\/wp-content\/uploads\/2023\/07\/Maroco_05-731x1024.jpg?strip=info&#038;w=1800&#038;ssl=1 1800w,https:\/\/i0.wp.com\/wakacyjnyrewal.pl\/wp-content\/uploads\/2023\/07\/Maroco_05-731x1024.jpg?strip=info&#038;w=1828&#038;ssl=1 1828w\" alt=\"maroko detail\" data-height=\"2560\" data-id=\"811\" data-link=\"https:\/\/wakacyjnyrewal.pl\/maroco_05\/\" data-url=\"https:\/\/wakacyjnyrewal.pl\/wp-content\/uploads\/2023\/07\/Maroco_05-731x1024.jpg\" data-width=\"1828\" src=\"https:\/\/i0.wp.com\/wakacyjnyrewal.pl\/wp-content\/uploads\/2023\/07\/Maroco_05-731x1024.jpg?ssl=1\" data-amp-layout=\"responsive\"><\/a><\/figure><\/div><\/div><div class=\"tiled-gallery__row\"><div class=\"tiled-gallery__col\" style=\"flex-basis:71.50158%\"><figure class=\"tiled-gallery__item\"><a href=\"https:\/\/i0.wp.com\/wakacyjnyrewal.pl\/wp-content\/uploads\/2023\/07\/Maroco_04-1024x682.jpg?ssl=1\"><img decoding=\"async\" srcset=\"https:\/\/i1.wp.com\/wakacyjnyrewal.pl\/wp-content\/uploads\/2023\/07\/Maroco_04-1024x682.jpg?strip=info&#038;w=600&#038;ssl=1 600w,https:\/\/i1.wp.com\/wakacyjnyrewal.pl\/wp-content\/uploads\/2023\/07\/Maroco_04-1024x682.jpg?strip=info&#038;w=900&#038;ssl=1 900w,https:\/\/i1.wp.com\/wakacyjnyrewal.pl\/wp-content\/uploads\/2023\/07\/Maroco_04-1024x682.jpg?strip=info&#038;w=1200&#038;ssl=1 1200w,https:\/\/i1.wp.com\/wakacyjnyrewal.pl\/wp-content\/uploads\/2023\/07\/Maroco_04-1024x682.jpg?strip=info&#038;w=1500&#038;ssl=1 1500w,https:\/\/i1.wp.com\/wakacyjnyrewal.pl\/wp-content\/uploads\/2023\/07\/Maroco_04-1024x682.jpg?strip=info&#038;w=1800&#038;ssl=1 1800w,https:\/\/i1.wp.com\/wakacyjnyrewal.pl\/wp-content\/uploads\/2023\/07\/Maroco_04-1024x682.jpg?strip=info&#038;w=2000&#038;ssl=1 2000w\" alt=\"\" data-height=\"1706\" data-id=\"810\" data-link=\"https:\/\/wakacyjnyrewal.pl\/maroco_04\/\" data-url=\"https:\/\/wakacyjnyrewal.pl\/wp-content\/uploads\/2023\/07\/Maroco_04-1024x682.jpg\" data-width=\"2560\" src=\"https:\/\/i1.wp.com\/wakacyjnyrewal.pl\/wp-content\/uploads\/2023\/07\/Maroco_04-1024x682.jpg?ssl=1\" data-amp-layout=\"responsive\"><\/a><\/figure><\/div><div class=\"tiled-gallery__col\" style=\"flex-basis:28.49842%\"><figure class=\"tiled-gallery__item\"><a href=\"https:\/\/i0.wp.com\/wakacyjnyrewal.pl\/wp-content\/uploads\/2023\/07\/Maroco_13.jpg?ssl=1\"><img decoding=\"async\" alt=\"\" data-id=\"819\" data-link=\"https:\/\/wakacyjnyrewal.pl\/maroco_13\/\" data-url=\"https:\/\/i0.wp.com\/wakacyjnyrewal.pl\/wp-content\/uploads\/2023\/07\/Maroco_13.jpg?w=1200&#038;ssl=1\" src=\"https:\/\/i0.wp.com\/wakacyjnyrewal.pl\/wp-content\/uploads\/2023\/07\/Maroco_13.jpg?w=1200&#038;ssl=1\" data-amp-layout=\"responsive\" data-recalc-dims=\"1\"><\/a><\/figure><figure class=\"tiled-gallery__item\"><a href=\"https:\/\/i0.wp.com\/wakacyjnyrewal.pl\/wp-content\/uploads\/2023\/07\/Maroco_10-1024x683.jpg?ssl=1\"><img decoding=\"async\" srcset=\"https:\/\/i0.wp.com\/wakacyjnyrewal.pl\/wp-content\/uploads\/2023\/07\/Maroco_10-1024x683.jpg?strip=info&#038;w=600&#038;ssl=1 600w,https:\/\/i0.wp.com\/wakacyjnyrewal.pl\/wp-content\/uploads\/2023\/07\/Maroco_10-1024x683.jpg?strip=info&#038;w=900&#038;ssl=1 900w,https:\/\/i0.wp.com\/wakacyjnyrewal.pl\/wp-content\/uploads\/2023\/07\/Maroco_10-1024x683.jpg?strip=info&#038;w=1200&#038;ssl=1 1200w,https:\/\/i0.wp.com\/wakacyjnyrewal.pl\/wp-content\/uploads\/2023\/07\/Maroco_10-1024x683.jpg?strip=info&#038;w=1500&#038;ssl=1 1500w,https:\/\/i0.wp.com\/wakacyjnyrewal.pl\/wp-content\/uploads\/2023\/07\/Maroco_10-1024x683.jpg?strip=info&#038;w=1800&#038;ssl=1 1800w,https:\/\/i0.wp.com\/wakacyjnyrewal.pl\/wp-content\/uploads\/2023\/07\/Maroco_10-1024x683.jpg?strip=info&#038;w=2000&#038;ssl=1 2000w\" alt=\"Maroko kuchyn\u011b\" data-height=\"1706\" data-id=\"816\" data-link=\"https:\/\/wakacyjnyrewal.pl\/maroco_10\/\" data-url=\"https:\/\/wakacyjnyrewal.pl\/wp-content\/uploads\/2023\/07\/Maroco_10-1024x683.jpg\" data-width=\"2560\" src=\"https:\/\/i0.wp.com\/wakacyjnyrewal.pl\/wp-content\/uploads\/2023\/07\/Maroco_10-1024x683.jpg?ssl=1\" data-amp-layout=\"responsive\"><\/a><\/figure><\/div><\/div><div class=\"tiled-gallery__row\"><div class=\"tiled-gallery__col\" style=\"flex-basis:28.49842%\"><figure class=\"tiled-gallery__item\"><a href=\"https:\/\/i0.wp.com\/wakacyjnyrewal.pl\/wp-content\/uploads\/2023\/07\/Maroco_17.jpg?ssl=1\"><img decoding=\"async\" alt=\"\" data-id=\"823\" data-link=\"https:\/\/wakacyjnyrewal.pl\/maroco_17\/\" data-url=\"https:\/\/i0.wp.com\/wakacyjnyrewal.pl\/wp-content\/uploads\/2023\/07\/Maroco_17.jpg?w=1200&#038;ssl=1\" src=\"https:\/\/i0.wp.com\/wakacyjnyrewal.pl\/wp-content\/uploads\/2023\/07\/Maroco_17.jpg?w=1200&#038;ssl=1\" data-amp-layout=\"responsive\" data-recalc-dims=\"1\"><\/a><\/figure><figure class=\"tiled-gallery__item\"><a href=\"https:\/\/i0.wp.com\/wakacyjnyrewal.pl\/wp-content\/uploads\/2023\/07\/Maroco_02-1024x683.jpg?ssl=1\"><img decoding=\"async\" srcset=\"https:\/\/i2.wp.com\/wakacyjnyrewal.pl\/wp-content\/uploads\/2023\/07\/Maroco_02-1024x683.jpg?strip=info&#038;w=600&#038;ssl=1 600w,https:\/\/i2.wp.com\/wakacyjnyrewal.pl\/wp-content\/uploads\/2023\/07\/Maroco_02-1024x683.jpg?strip=info&#038;w=900&#038;ssl=1 900w,https:\/\/i2.wp.com\/wakacyjnyrewal.pl\/wp-content\/uploads\/2023\/07\/Maroco_02-1024x683.jpg?strip=info&#038;w=1200&#038;ssl=1 1200w,https:\/\/i2.wp.com\/wakacyjnyrewal.pl\/wp-content\/uploads\/2023\/07\/Maroco_02-1024x683.jpg?strip=info&#038;w=1500&#038;ssl=1 1500w,https:\/\/i2.wp.com\/wakacyjnyrewal.pl\/wp-content\/uploads\/2023\/07\/Maroco_02-1024x683.jpg?strip=info&#038;w=1800&#038;ssl=1 1800w,https:\/\/i2.wp.com\/wakacyjnyrewal.pl\/wp-content\/uploads\/2023\/07\/Maroco_02-1024x683.jpg?strip=info&#038;w=2000&#038;ssl=1 2000w\" alt=\"Maroko pokoj\" data-height=\"1706\" data-id=\"808\" data-link=\"https:\/\/wakacyjnyrewal.pl\/maroco_02\/\" data-url=\"https:\/\/wakacyjnyrewal.pl\/wp-content\/uploads\/2023\/07\/Maroco_02-1024x683.jpg\" data-width=\"2560\" src=\"https:\/\/i2.wp.com\/wakacyjnyrewal.pl\/wp-content\/uploads\/2023\/07\/Maroco_02-1024x683.jpg?ssl=1\" data-amp-layout=\"responsive\"><\/a><\/figure><\/div><div class=\"tiled-gallery__col\" style=\"flex-basis:71.50158%\"><figure class=\"tiled-gallery__item\"><a href=\"https:\/\/i0.wp.com\/wakacyjnyrewal.pl\/wp-content\/uploads\/2023\/07\/Maroco_18-1024x683.jpg?ssl=1\"><img decoding=\"async\" srcset=\"https:\/\/i1.wp.com\/wakacyjnyrewal.pl\/wp-content\/uploads\/2023\/07\/Maroco_18-1024x683.jpg?strip=info&#038;w=600&#038;ssl=1 600w,https:\/\/i1.wp.com\/wakacyjnyrewal.pl\/wp-content\/uploads\/2023\/07\/Maroco_18-1024x683.jpg?strip=info&#038;w=900&#038;ssl=1 900w,https:\/\/i1.wp.com\/wakacyjnyrewal.pl\/wp-content\/uploads\/2023\/07\/Maroco_18-1024x683.jpg?strip=info&#038;w=1200&#038;ssl=1 1200w,https:\/\/i1.wp.com\/wakacyjnyrewal.pl\/wp-content\/uploads\/2023\/07\/Maroco_18-1024x683.jpg?strip=info&#038;w=1500&#038;ssl=1 1500w,https:\/\/i1.wp.com\/wakacyjnyrewal.pl\/wp-content\/uploads\/2023\/07\/Maroco_18-1024x683.jpg?strip=info&#038;w=1800&#038;ssl=1 1800w,https:\/\/i1.wp.com\/wakacyjnyrewal.pl\/wp-content\/uploads\/2023\/07\/Maroco_18-1024x683.jpg?strip=info&#038;w=2000&#038;ssl=1 2000w\" alt=\"Maroko koupelna\" data-height=\"1706\" data-id=\"824\" data-link=\"https:\/\/wakacyjnyrewal.pl\/maroco_18\/\" data-url=\"https:\/\/wakacyjnyrewal.pl\/wp-content\/uploads\/2023\/07\/Maroco_18-1024x683.jpg\" data-width=\"2560\" src=\"https:\/\/i1.wp.com\/wakacyjnyrewal.pl\/wp-content\/uploads\/2023\/07\/Maroco_18-1024x683.jpg?ssl=1\" data-amp-layout=\"responsive\"><\/a><\/figure><\/div><\/div><div class=\"tiled-gallery__row\"><div class=\"tiled-gallery__col\" style=\"flex-basis:50.00000%\"><figure class=\"tiled-gallery__item\"><a href=\"https:\/\/i0.wp.com\/wakacyjnyrewal.pl\/wp-content\/uploads\/2023\/07\/Maroco_12-1024x683.jpg?ssl=1\"><img decoding=\"async\" srcset=\"https:\/\/i0.wp.com\/wakacyjnyrewal.pl\/wp-content\/uploads\/2023\/07\/Maroco_12-1024x683.jpg?strip=info&#038;w=600&#038;ssl=1 600w,https:\/\/i0.wp.com\/wakacyjnyrewal.pl\/wp-content\/uploads\/2023\/07\/Maroco_12-1024x683.jpg?strip=info&#038;w=900&#038;ssl=1 900w,https:\/\/i0.wp.com\/wakacyjnyrewal.pl\/wp-content\/uploads\/2023\/07\/Maroco_12-1024x683.jpg?strip=info&#038;w=1200&#038;ssl=1 1200w,https:\/\/i0.wp.com\/wakacyjnyrewal.pl\/wp-content\/uploads\/2023\/07\/Maroco_12-1024x683.jpg?strip=info&#038;w=1500&#038;ssl=1 1500w,https:\/\/i0.wp.com\/wakacyjnyrewal.pl\/wp-content\/uploads\/2023\/07\/Maroco_12-1024x683.jpg?strip=info&#038;w=1800&#038;ssl=1 1800w,https:\/\/i0.wp.com\/wakacyjnyrewal.pl\/wp-content\/uploads\/2023\/07\/Maroco_12-1024x683.jpg?strip=info&#038;w=2000&#038;ssl=1 2000w\" alt=\"Maroko detail\" data-height=\"1706\" data-id=\"818\" data-link=\"https:\/\/wakacyjnyrewal.pl\/maroco_12\/\" data-url=\"https:\/\/wakacyjnyrewal.pl\/wp-content\/uploads\/2023\/07\/Maroco_12-1024x683.jpg\" data-width=\"2560\" src=\"https:\/\/i0.wp.com\/wakacyjnyrewal.pl\/wp-content\/uploads\/2023\/07\/Maroco_12-1024x683.jpg?ssl=1\" data-amp-layout=\"responsive\"><\/a><\/figure><\/div><div class=\"tiled-gallery__col\" style=\"flex-basis:50.00000%\"><figure class=\"tiled-gallery__item\"><a href=\"https:\/\/i0.wp.com\/wakacyjnyrewal.pl\/wp-content\/uploads\/2023\/07\/PS5_2691-Edit-1-1024x683.jpg?ssl=1\"><img decoding=\"async\" srcset=\"https:\/\/i0.wp.com\/wakacyjnyrewal.pl\/wp-content\/uploads\/2023\/07\/PS5_2691-Edit-1-1024x683.jpg?strip=info&#038;w=600&#038;ssl=1 600w,https:\/\/i0.wp.com\/wakacyjnyrewal.pl\/wp-content\/uploads\/2023\/07\/PS5_2691-Edit-1-1024x683.jpg?strip=info&#038;w=900&#038;ssl=1 900w,https:\/\/i0.wp.com\/wakacyjnyrewal.pl\/wp-content\/uploads\/2023\/07\/PS5_2691-Edit-1-1024x683.jpg?strip=info&#038;w=1200&#038;ssl=1 1200w,https:\/\/i0.wp.com\/wakacyjnyrewal.pl\/wp-content\/uploads\/2023\/07\/PS5_2691-Edit-1-1024x683.jpg?strip=info&#038;w=1500&#038;ssl=1 1500w,https:\/\/i0.wp.com\/wakacyjnyrewal.pl\/wp-content\/uploads\/2023\/07\/PS5_2691-Edit-1-1024x683.jpg?strip=info&#038;w=1800&#038;ssl=1 1800w,https:\/\/i0.wp.com\/wakacyjnyrewal.pl\/wp-content\/uploads\/2023\/07\/PS5_2691-Edit-1-1024x683.jpg?strip=info&#038;w=2000&#038;ssl=1 2000w\" alt=\"\" data-height=\"1706\" data-id=\"879\" data-link=\"https:\/\/wakacyjnyrewal.pl\/ps5_2691-edit-2\/\" data-url=\"https:\/\/wakacyjnyrewal.pl\/wp-content\/uploads\/2023\/07\/PS5_2691-Edit-1-1024x683.jpg\" data-width=\"2560\" src=\"https:\/\/i0.wp.com\/wakacyjnyrewal.pl\/wp-content\/uploads\/2023\/07\/PS5_2691-Edit-1-1024x683.jpg?ssl=1\" data-amp-layout=\"responsive\"><\/a><\/figure><\/div><\/div><\/div><\/div>\n\n<div style=\"height:50px\" aria-hidden=\"true\" class=\"wp-block-spacer\"><\/div>\n\n<h2 class=\"wp-block-heading\">Doporu\u010den\u00e1 trasa<\/h2>\n\n<div style=\"height:30px\" aria-hidden=\"true\" class=\"wp-block-spacer\"><\/div>\n\n<figure class=\"wp-block-image size-full is-style-default\"><img decoding=\"async\" loading=\"lazy\" width=\"1150\" height=\"832\" src=\"https:\/\/i0.wp.com\/wakacyjnyrewal.pl\/wp-content\/uploads\/2022\/04\/mapka.jpg?resize=1150%2C832\" alt=\"\" class=\"wp-image-255\" srcset=\"https:\/\/i0.wp.com\/wakacyjnyrewal.pl\/wp-content\/uploads\/2022\/04\/mapka.jpg?w=1150&amp;ssl=1 1150w, https:\/\/i0.wp.com\/wakacyjnyrewal.pl\/wp-content\/uploads\/2022\/04\/mapka.jpg?resize=300%2C217&amp;ssl=1 300w, https:\/\/i0.wp.com\/wakacyjnyrewal.pl\/wp-content\/uploads\/2022\/04\/mapka.jpg?resize=1024%2C741&amp;ssl=1 1024w, https:\/\/i0.wp.com\/wakacyjnyrewal.pl\/wp-content\/uploads\/2022\/04\/mapka.jpg?resize=768%2C556&amp;ssl=1 768w\" sizes=\"(max-width: 1150px) 100vw, 1150px\" data-recalc-dims=\"1\" \/><\/figure>","protected":false},"excerpt":{"rendered":"<p>Marock\u00fd apartm\u00e1n Rewal, ul. Rycerska 6 33 m\u00b2 plochy pro max. 3 osoby P\u0159enes se do kouzla orient\u00e1ln\u00edch n\u00e1lad a p\u0159ipadni si jako v poh\u00e1dce Tis\u00edce a jedn\u00e9 noci. N\u00e1\u0161 marock\u00fd apartm\u00e1n okouzl\u00ed bohat\u00fdmi zdobn\u00fdmi prvky, barevn\u00fdmi l\u00e1tkami a orient\u00e1ln\u00edmi detaily. P\u0159ije\u010f sem naj\u00edt harmonii a odpoutat se od ka\u017edodenn\u00edho shonu. \u010cek\u00e1 t\u011b bla\u017een\u00fd relax&hellip;<\/p>\n","protected":false},"author":1,"featured_media":0,"parent":0,"menu_order":0,"comment_status":"closed","ping_status":"closed","template":"","meta":[],"_links":{"self":[{"href":"https:\/\/wakacyjnyrewal.pl\/cs\/wp-json\/wp\/v2\/pages\/1502"}],"collection":[{"href":"https:\/\/wakacyjnyrewal.pl\/cs\/wp-json\/wp\/v2\/pages"}],"about":[{"href":"https:\/\/wakacyjnyrewal.pl\/cs\/wp-json\/wp\/v2\/types\/page"}],"author":[{"embeddable":true,"href":"https:\/\/wakacyjnyrewal.pl\/cs\/wp-json\/wp\/v2\/users\/1"}],"replies":[{"embeddable":true,"href":"https:\/\/wakacyjnyrewal.pl\/cs\/wp-json\/wp\/v2\/comments?post=1502"}],"version-history":[{"count":1,"href":"https:\/\/wakacyjnyrewal.pl\/cs\/wp-json\/wp\/v2\/pages\/1502\/revisions"}],"predecessor-version":[{"id":1503,"href":"https:\/\/wakacyjnyrewal.pl\/cs\/wp-json\/wp\/v2\/pages\/1502\/revisions\/1503"}],"wp:attachment":[{"href":"https:\/\/wakacyjnyrewal.pl\/cs\/wp-json\/wp\/v2\/media?parent=1502"}],"curies":[{"name":"wp","href":"https:\/\/api.w.org\/{rel}","templated":true}]}}