{"id":1578,"date":"2023-03-24T20:31:06","date_gmt":"2023-03-24T20:31:06","guid":{"rendered":"https:\/\/wakacyjnyrewal.pl\/rewalsky\/"},"modified":"2025-10-14T21:44:45","modified_gmt":"2025-10-14T21:44:45","slug":"rewalsky","status":"publish","type":"page","link":"https:\/\/wakacyjnyrewal.pl\/cs\/rewalsky\/","title":{"rendered":"Rewalsk\u00fd"},"content":{"rendered":"\n<h1 class=\"wp-block-heading\">Apartm\u00e1n Rewalsk\u00fd<\/h1>\n\n<h2 class=\"wp-block-heading\">kter\u00fd se skl\u00e1d\u00e1 z pokoj\u016f: pomo\u0159ansk\u00fd, mo\u0159sk\u00fd a baltsk\u00fd<\/h2>\n\n<div style=\"height:40px\" aria-hidden=\"true\" class=\"wp-block-spacer\"><\/div>\n\n<h2 class=\"wp-block-heading\">Rewal, ul. Rycerska 6 <\/h2>\n\n<p><strong>100 m\u00b2 pro max. 9 osob, v ka\u017ed\u00e9m pokoji mohou bydlet a\u017e 3 osoby.  <\/strong><\/p>\n\n<div class=\"wp-block-columns is-layout-flex wp-container-2\">\n<div class=\"wp-block-column is-layout-flow\" style=\"flex-basis:100%\">\n<p class=\"has-text-align-center\">Skv\u011bl\u00e9 ubytov\u00e1n\u00ed pro skupinu p\u0159\u00e1tel, ale m\u016f\u017ee\u0161 rezervovat i jednotliv\u00e9 pokoje se spole\u010dn\u00fdm vyu\u017e\u00edv\u00e1n\u00edm kuchyn\u011b a tak\u00e9 spole\u010dn\u00e9 terasy s v\u00fdhledem na mo\u0159e a sn\u00edda\u0148ov\u00fdm stolem.<\/p>\n\n\n\n<p class=\"has-text-align-center\"><\/p>\n\n\n\n<p class=\"has-text-align-center\">Pokud hled\u00e1\u0161 \u00fatuln\u00e9, ale z\u00e1rove\u0148 modern\u00ed m\u00edsto, Apartm\u00e1n Rewalsk\u00fd je pro tebe! Navr\u017een\u00fd s ohledem na pohodl\u00ed a funk\u010dnost, tento apartm\u00e1n ur\u010dit\u011b spln\u00ed v\u0161echna tv\u00e1 o\u010dek\u00e1v\u00e1n\u00ed. <\/p>\n\n\n\n<p class=\"has-text-align-center\">Tento prostorn\u00fd a pohodln\u00fd apartm\u00e1n se skl\u00e1d\u00e1 ze t\u0159\u00ed okouzluj\u00edc\u00edch pokoj\u016f: Pomo\u0159ansk\u00e9ho, Mo\u0159sk\u00e9ho a Baltsk\u00e9ho. Ka\u017ed\u00fd z nich m\u00e1 sv\u016fj vlastn\u00ed charakter a zaji\u0161\u0165uje nezapomenuteln\u00e9 z\u00e1\u017eitky b\u011bhem pobytu. Apartm\u00e1n je skv\u011bl\u00fd pro skupinu p\u0159\u00e1tel. M\u00e1 n\u00e1dhernou terasu s v\u00fdhledem na mo\u0159e, kde si r\u00e1no m\u016f\u017ee\u0161 d\u00e1t k\u00e1vu\u2026   <\/p>\n\n\n\n<p class=\"has-text-align-center\"><strong>Pokoj Pomo\u0159ansk\u00fd<\/strong> V\u00edtej v srdci Pomo\u0159ansk\u00e9ho regionu! Pokoj Pomo\u0159ansk\u00fd byl pe\u010dliv\u011b za\u0159\u00edzen v duchu m\u00edstn\u00ed tradice a historie. Jeho \u00fatuln\u00fd interi\u00e9r v odst\u00ednech modr\u00e9 a b\u00edl\u00e9 odkazuje na pob\u0159e\u017en\u00ed krajiny a ryb\u00e1\u0159sk\u00e9 tradice. Pohodln\u00e1 postel a kr\u00e1sn\u00e1 komoda, pln\u00e9 detail\u016f spojen\u00fdch s mo\u0159em, zp\u016fsob\u00ed, \u017ee se bude\u0161 c\u00edtit jako skute\u010dn\u00fd obyvatel tohoto v\u00fdjime\u010dn\u00e9ho regionu.   <\/p>\n\n\n\n<p class=\"has-text-align-center\"><strong>Pokoj Mo\u0159sk\u00fd<\/strong> Pono\u0159te se do hlubin mo\u0159e v na\u0161em pokoji Mo\u0159sk\u00e9m. Barevnost udr\u017eovan\u00e1 v odst\u00ednech tyrkysov\u00e9, modr\u00e9 a zelen\u00e9 inspiruje a relaxuje. Detaily v podob\u011b mu\u0161l\u00ed, mo\u0159sk\u00fdch motiv\u016f a mo\u0159sk\u00fdch soch vytvo\u0159\u00ed atmosf\u00e9ru plnou klidu a odpo\u010dinku. Pohodln\u00e1 postel a prostorn\u00e1 sk\u0159\u00ed\u0148 ti zajist\u00ed komfortn\u00ed odpo\u010dinek po dni pln\u00e9m atrakc\u00ed na pl\u00e1\u017ei. M\u00e1 balkon s v\u00fdhledem na klidnou uli\u010dku.    <\/p>\n\n\n\n<p class=\"has-text-align-center\"><strong>Pokoj Baltsk\u00fd<\/strong> Tento pokoj je poctou samotn\u00e9mu Baltu &#8211; tajemn\u00e9mu, siln\u00e9mu a nevyzpytateln\u00e9mu. Interi\u00e9r v odst\u00ednech p\u00edsku a \u0161edi, obohacen\u00fd o detaily spojen\u00e9 s n\u00e1mo\u0159nictv\u00edm a pob\u0159e\u017en\u00ed p\u0159\u00edrodou, vytv\u00e1\u0159\u00ed neopakovatelnou atmosf\u00e9ru. Pohodln\u00e1 postel a odpo\u010dinkov\u00fd stolek vyb\u00edzej\u00ed k relaxaci a vychutn\u00e1v\u00e1n\u00ed si chvil odpo\u010dinku.  <\/p>\n\n\n\n<p class=\"has-text-align-center\"><strong>Spole\u010dn\u00e1 kuchy\u0148<\/strong> Apartm\u00e1n Rewalsk\u00fd m\u00e1 prostornou, pln\u011b vybavenou kuchy\u0148, kde si m\u016f\u017ee\u0161 p\u0159ipravit sv\u00e1 obl\u00edben\u00e1 j\u00eddla. Kuchy\u0148 je za\u0159\u00edzena v modern\u00edm stylu a nab\u00edz\u00ed v\u0161echno pot\u0159ebn\u00e9 vybaven\u00ed, jako je lednice, spor\u00e1k, my\u010dka, trouba, op\u00e9ka\u010d, mikrovlnka a n\u00e1dob\u00ed a p\u0159\u00edbory, tak\u00e9 pra\u010dka a stoly na konzumaci j\u00eddel. Va\u0159en\u00ed s v\u00fdhledem na mo\u0159e se stane pot\u011b\u0161en\u00edm a spole\u010dn\u00e1 j\u00eddla s rodinou \u010di p\u0159\u00e1teli budou skv\u011blou p\u0159\u00edle\u017eitost\u00ed k sd\u00edlen\u00ed z\u00e1\u017eitk\u016f z dovolen\u00e9.  <\/p>\n\n\n\n<p class=\"has-text-align-center\"><strong>Slune\u010dn\u00e1 terasa<\/strong> Apartm\u00e1n Rewalsk\u00fd nab\u00edz\u00ed tak\u00e9 slune\u010dnou terasu s v\u00fdhledem na mo\u0159e, kde si m\u016f\u017ee\u0161 vychutnat sn\u00eddani, odpoledn\u00ed \u010daj nebo romantickou ve\u010de\u0159i p\u0159i z\u00e1padu slunce. Terasa je vybavena pohodln\u00fdm zahradn\u00edm n\u00e1bytkem, tak\u017ee tu m\u016f\u017ee\u0161 tr\u00e1vit \u010das v atmosf\u00e9\u0159e pln\u00e9 relaxace a harmonie. <\/p>\n\n\n\n<p class=\"has-text-align-center\">Zveme t\u011b do Apartm\u00e1nu Rewalsk\u00e9ho &#8211; ide\u00e1ln\u00edho m\u00edsta na rodinnou dovolenou nebo romantick\u00fd v\u00fdlet k mo\u0159i. Nezapomenuteln\u00e9 z\u00e1\u017eitky, kr\u00e1sn\u00e9 v\u00fdhledy a v\u00fdjime\u010dn\u00e1 atmosf\u00e9ra na tebe \u010dekaj\u00ed! <\/p>\n\n\n\n<p class=\"has-text-align-center\">M\u00e1 nez\u00e1visl\u00fd vchod, nach\u00e1z\u00ed se v pat\u0159e, kam vedou nez\u00e1visl\u00e9 schody. Do apartm\u00e1nu m\u016f\u017ee\u0161 p\u0159ijet na dovolenou se psem, ko\u010dkou \u010di jin\u00fdm mal\u00fdm dom\u00e1c\u00edm mazl\u00ed\u010dkem, k dispozici je tak\u00e9 parkovac\u00ed m\u00edsto. Je mo\u017enost vyzvednout kl\u00ed\u010de ze schr\u00e1nky po p\u0159edchoz\u00edm kontaktu.  <\/p>\n<\/div>\n<\/div>\n\n<div class=\"wp-block-columns is-layout-flex wp-container-4\">\n<div class=\"wp-block-column is-layout-flow\" style=\"flex-basis:100%\"><div class=\"wp-block-image simplelightbox\">\n<figure class=\"aligncenter size-large is-resized\"><a href=\"https:\/\/i0.wp.com\/wakacyjnyrewal.pl\/wp-content\/uploads\/2023\/04\/Rewalski_plan.png\"><img decoding=\"async\" loading=\"lazy\" src=\"https:\/\/i0.wp.com\/wakacyjnyrewal.pl\/wp-content\/uploads\/2023\/04\/Rewalski_plan2.png?resize=472%2C239\" alt=\"\" width=\"472\" height=\"239\" data-recalc-dims=\"1\" \/><\/a><\/figure><\/div><\/div>\n<\/div>\n\n<div style=\"height:50px\" aria-hidden=\"true\" class=\"wp-block-spacer\"><\/div>\n\n<h2 class=\"wp-block-heading\">Lokalita <\/h2>\n\n<div style=\"height:30px\" aria-hidden=\"true\" class=\"wp-block-spacer\"><\/div>\n\n<iframe src=\"https:\/\/www.google.com\/maps\/embed?pb=!1m18!1m12!1m3!1d1655.0299609108065!2d15.009902530226524!3d54.08144964975045!2m3!1f0!2f0!3f0!3m2!1i1024!2i768!4f13.1!3m3!1m2!1s0x4700762408b1bb6b%3A0x49741f20f25569ba!2sRycerska%206%2C%2072-344%20Rewal!5e0!3m2!1spl!2spl!4v1649442295365!5m2!1spl!2spl\" style=\"border:0;\" allowfullscreen=\"\" loading=\"lazy\" referrerpolicy=\"no-referrer-when-downgrade\" width=\"100%\" height=\"500\"><\/iframe>\n\n<div style=\"height:50px\" aria-hidden=\"true\" class=\"wp-block-spacer\"><\/div>\n\n<h2 class=\"wp-block-heading\">Fotogalerie<\/h2>\n\n<div style=\"height:30px\" aria-hidden=\"true\" class=\"wp-block-spacer\"><\/div>\n\n<div class=\"wp-block-jetpack-tiled-gallery aligncenter is-style-rectangular\"><div class=\"tiled-gallery__gallery\"><div class=\"tiled-gallery__row\"><div class=\"tiled-gallery__col\" style=\"flex-basis:29.57350%\"><figure class=\"tiled-gallery__item\"><a href=\"https:\/\/i0.wp.com\/wakacyjnyrewal.pl\/wp-content\/uploads\/2023\/07\/A91A7535-Edit-683x1024.jpg?ssl=1\"><img decoding=\"async\" alt=\"Rewalsk\u00fd Pomo\u0159ansk\u00fd pohovka\" data-id=\"906\" data-link=\"https:\/\/wakacyjnyrewal.pl\/a91a7535-edit-2\/\" data-url=\"https:\/\/i0.wp.com\/wakacyjnyrewal.pl\/wp-content\/uploads\/2023\/07\/A91A7535-Edit-683x1024.jpg?resize=683%2C1024&#038;ssl=1\" src=\"https:\/\/i0.wp.com\/wakacyjnyrewal.pl\/wp-content\/uploads\/2023\/07\/A91A7535-Edit-683x1024.jpg?resize=683%2C1024&#038;ssl=1\" data-amp-layout=\"responsive\" data-recalc-dims=\"1\"><\/a><\/figure><\/div><div class=\"tiled-gallery__col\" style=\"flex-basis:19.72572%\"><figure class=\"tiled-gallery__item\"><a href=\"https:\/\/i0.wp.com\/wakacyjnyrewal.pl\/wp-content\/uploads\/2023\/07\/A91A7541-Edit-683x1024.jpg?ssl=1\"><img decoding=\"async\" srcset=\"https:\/\/i0.wp.com\/wakacyjnyrewal.pl\/wp-content\/uploads\/2023\/07\/A91A7541-Edit-683x1024.jpg?strip=info&#038;w=533&#038;ssl=1 533w\" alt=\"Rewalsk\u00fd slune\u010dn\u00e1 terasa v\u00fdhled na mo\u0159e\" data-height=\"800\" data-id=\"900\" data-link=\"https:\/\/wakacyjnyrewal.pl\/a91a7541-edit-2\/\" data-url=\"https:\/\/wakacyjnyrewal.pl\/wp-content\/uploads\/2023\/07\/A91A7541-Edit-683x1024.jpg\" data-width=\"533\" src=\"https:\/\/i0.wp.com\/wakacyjnyrewal.pl\/wp-content\/uploads\/2023\/07\/A91A7541-Edit-683x1024.jpg?ssl=1\" data-amp-layout=\"responsive\"><\/a><\/figure><\/div><div class=\"tiled-gallery__col\" style=\"flex-basis:29.57350%\"><figure class=\"tiled-gallery__item\"><a href=\"https:\/\/i0.wp.com\/wakacyjnyrewal.pl\/wp-content\/uploads\/2023\/07\/PS5_2303-Edit-683x1024.jpg?ssl=1\"><img decoding=\"async\" alt=\"Rewalsk\u00fd spole\u010dn\u00e1 kuchy\u0148\" data-id=\"899\" data-link=\"https:\/\/wakacyjnyrewal.pl\/ps5_2303-edit-2\/\" data-url=\"https:\/\/i0.wp.com\/wakacyjnyrewal.pl\/wp-content\/uploads\/2023\/07\/PS5_2303-Edit-683x1024.jpg?resize=683%2C1024&#038;ssl=1\" src=\"https:\/\/i0.wp.com\/wakacyjnyrewal.pl\/wp-content\/uploads\/2023\/07\/PS5_2303-Edit-683x1024.jpg?resize=683%2C1024&#038;ssl=1\" data-amp-layout=\"responsive\" data-recalc-dims=\"1\"><\/a><\/figure><\/div><div class=\"tiled-gallery__col\" style=\"flex-basis:21.12728%\"><figure class=\"tiled-gallery__item\"><a href=\"https:\/\/i0.wp.com\/wakacyjnyrewal.pl\/wp-content\/uploads\/2023\/07\/A91A7837-Edit-731x1024.jpg?ssl=1\"><img decoding=\"async\" srcset=\"https:\/\/i0.wp.com\/wakacyjnyrewal.pl\/wp-content\/uploads\/2023\/07\/A91A7837-Edit-731x1024.jpg?strip=info&#038;w=571&#038;ssl=1 571w\" alt=\"Rewalsk\u00fd - Baltsk\u00fd koupelna se sprchou\" data-height=\"800\" data-id=\"920\" data-link=\"https:\/\/wakacyjnyrewal.pl\/a91a7837-edit-2\/\" data-url=\"https:\/\/wakacyjnyrewal.pl\/wp-content\/uploads\/2023\/07\/A91A7837-Edit-731x1024.jpg\" data-width=\"571\" src=\"https:\/\/i0.wp.com\/wakacyjnyrewal.pl\/wp-content\/uploads\/2023\/07\/A91A7837-Edit-731x1024.jpg?ssl=1\" data-amp-layout=\"responsive\"><\/a><\/figure><\/div><\/div><div class=\"tiled-gallery__row\"><div class=\"tiled-gallery__col\" style=\"flex-basis:64.08055%\"><figure class=\"tiled-gallery__item\"><a href=\"https:\/\/i0.wp.com\/wakacyjnyrewal.pl\/wp-content\/uploads\/2023\/04\/A91A7512-Edit-683x1024.jpg?ssl=1\"><img decoding=\"async\" srcset=\"https:\/\/i1.wp.com\/wakacyjnyrewal.pl\/wp-content\/uploads\/2023\/04\/A91A7512-Edit-683x1024.jpg?strip=info&#038;w=533&#038;ssl=1 533w\" alt=\"Rewalsk\u00fd Pomo\u0159ansk\u00fd pokoj\" data-height=\"800\" data-id=\"559\" data-link=\"https:\/\/wakacyjnyrewal.pl\/a91a7512-edit\/\" data-url=\"https:\/\/wakacyjnyrewal.pl\/wp-content\/uploads\/2023\/04\/A91A7512-Edit-683x1024.jpg\" data-width=\"533\" src=\"https:\/\/i1.wp.com\/wakacyjnyrewal.pl\/wp-content\/uploads\/2023\/04\/A91A7512-Edit-683x1024.jpg?ssl=1\" data-amp-layout=\"responsive\"><\/a><\/figure><\/div><div class=\"tiled-gallery__col\" style=\"flex-basis:35.91945%\"><figure class=\"tiled-gallery__item\"><a href=\"https:\/\/i0.wp.com\/wakacyjnyrewal.pl\/wp-content\/uploads\/2023\/07\/A91A7841-Edit-1024x731.jpg?ssl=1\"><img decoding=\"async\" alt=\"Baltsk\u00fd koupelna\" data-id=\"921\" data-link=\"https:\/\/wakacyjnyrewal.pl\/a91a7841-edit-2\/\" data-url=\"https:\/\/i0.wp.com\/wakacyjnyrewal.pl\/wp-content\/uploads\/2023\/07\/A91A7841-Edit-1024x731.jpg?resize=1024%2C731&#038;ssl=1\" src=\"https:\/\/i0.wp.com\/wakacyjnyrewal.pl\/wp-content\/uploads\/2023\/07\/A91A7841-Edit-1024x731.jpg?resize=1024%2C731&#038;ssl=1\" data-amp-layout=\"responsive\" data-recalc-dims=\"1\"><\/a><\/figure><figure class=\"tiled-gallery__item\"><a href=\"https:\/\/i0.wp.com\/wakacyjnyrewal.pl\/wp-content\/uploads\/2023\/07\/PS5_2202-Edit-1024x731.jpg?ssl=1\"><img decoding=\"async\" alt=\"Rewalsk\u00fd Mo\u0159sk\u00fd detail\" data-id=\"915\" data-link=\"https:\/\/wakacyjnyrewal.pl\/ps5_2202-edit-2\/\" data-url=\"https:\/\/i0.wp.com\/wakacyjnyrewal.pl\/wp-content\/uploads\/2023\/07\/PS5_2202-Edit-1024x731.jpg?resize=1024%2C731&#038;ssl=1\" src=\"https:\/\/i0.wp.com\/wakacyjnyrewal.pl\/wp-content\/uploads\/2023\/07\/PS5_2202-Edit-1024x731.jpg?resize=1024%2C731&#038;ssl=1\" data-amp-layout=\"responsive\" data-recalc-dims=\"1\"><\/a><\/figure><figure class=\"tiled-gallery__item\"><a href=\"https:\/\/i0.wp.com\/wakacyjnyrewal.pl\/wp-content\/uploads\/2023\/07\/A91A3847-Enhanced-NR-Edit-1024x683.jpg?ssl=1\"><img decoding=\"async\" srcset=\"https:\/\/i1.wp.com\/wakacyjnyrewal.pl\/wp-content\/uploads\/2023\/07\/A91A3847-Enhanced-NR-Edit-1024x683.jpg?strip=info&#038;w=600&#038;ssl=1 600w,https:\/\/i1.wp.com\/wakacyjnyrewal.pl\/wp-content\/uploads\/2023\/07\/A91A3847-Enhanced-NR-Edit-1024x683.jpg?strip=info&#038;w=800&#038;ssl=1 800w\" alt=\"Rewalsk\u00fd pomo\u0159ansk\u00fd pokoj\" data-height=\"533\" data-id=\"857\" data-link=\"https:\/\/wakacyjnyrewal.pl\/start\/a91a3847-enhanced-nr-edit\/\" data-url=\"https:\/\/wakacyjnyrewal.pl\/wp-content\/uploads\/2023\/07\/A91A3847-Enhanced-NR-Edit-1024x683.jpg\" data-width=\"800\" src=\"https:\/\/i1.wp.com\/wakacyjnyrewal.pl\/wp-content\/uploads\/2023\/07\/A91A3847-Enhanced-NR-Edit-1024x683.jpg?ssl=1\" data-amp-layout=\"responsive\"><\/a><\/figure><\/div><\/div><div class=\"tiled-gallery__row\"><div class=\"tiled-gallery__col\" style=\"flex-basis:37.36945%\"><figure class=\"tiled-gallery__item\"><a href=\"https:\/\/i0.wp.com\/wakacyjnyrewal.pl\/wp-content\/uploads\/2023\/07\/A91A7842-1024x683.jpg?ssl=1\"><img decoding=\"async\" srcset=\"https:\/\/i1.wp.com\/wakacyjnyrewal.pl\/wp-content\/uploads\/2023\/07\/A91A7842-1024x683.jpg?strip=info&#038;w=600&#038;ssl=1 600w,https:\/\/i1.wp.com\/wakacyjnyrewal.pl\/wp-content\/uploads\/2023\/07\/A91A7842-1024x683.jpg?strip=info&#038;w=800&#038;ssl=1 800w\" alt=\"Provence detail\" data-height=\"533\" data-id=\"922\" data-link=\"https:\/\/wakacyjnyrewal.pl\/a91a7842-2\/\" data-url=\"https:\/\/wakacyjnyrewal.pl\/wp-content\/uploads\/2023\/07\/A91A7842-1024x683.jpg\" data-width=\"800\" src=\"https:\/\/i1.wp.com\/wakacyjnyrewal.pl\/wp-content\/uploads\/2023\/07\/A91A7842-1024x683.jpg?ssl=1\" data-amp-layout=\"responsive\"><\/a><\/figure><figure class=\"tiled-gallery__item\"><a href=\"https:\/\/i0.wp.com\/wakacyjnyrewal.pl\/wp-content\/uploads\/2023\/07\/A91A7827-Edit-1024x683.jpg?ssl=1\"><img decoding=\"async\" alt=\"Rewalsk\u00fd - Baltsk\u00fd koupelna\" data-id=\"919\" data-link=\"https:\/\/wakacyjnyrewal.pl\/a91a7827-edit-2\/\" data-url=\"https:\/\/i0.wp.com\/wakacyjnyrewal.pl\/wp-content\/uploads\/2023\/07\/A91A7827-Edit-1024x683.jpg?resize=1024%2C683&#038;ssl=1\" src=\"https:\/\/i0.wp.com\/wakacyjnyrewal.pl\/wp-content\/uploads\/2023\/07\/A91A7827-Edit-1024x683.jpg?resize=1024%2C683&#038;ssl=1\" data-amp-layout=\"responsive\" data-recalc-dims=\"1\"><\/a><\/figure><figure class=\"tiled-gallery__item\"><a href=\"https:\/\/i0.wp.com\/wakacyjnyrewal.pl\/wp-content\/uploads\/2023\/07\/A91A7678-Edit-1024x683.jpg?ssl=1\"><img decoding=\"async\" srcset=\"https:\/\/i2.wp.com\/wakacyjnyrewal.pl\/wp-content\/uploads\/2023\/07\/A91A7678-Edit-1024x683.jpg?strip=info&#038;w=600&#038;ssl=1 600w,https:\/\/i2.wp.com\/wakacyjnyrewal.pl\/wp-content\/uploads\/2023\/07\/A91A7678-Edit-1024x683.jpg?strip=info&#038;w=800&#038;ssl=1 800w\" alt=\"Apartm\u00e1n Rewalsk\u00fd - Baltsk\u00fd\" data-height=\"533\" data-id=\"917\" data-link=\"https:\/\/wakacyjnyrewal.pl\/a91a7678-edit-2\/\" data-url=\"https:\/\/wakacyjnyrewal.pl\/wp-content\/uploads\/2023\/07\/A91A7678-Edit-1024x683.jpg\" data-width=\"800\" src=\"https:\/\/i2.wp.com\/wakacyjnyrewal.pl\/wp-content\/uploads\/2023\/07\/A91A7678-Edit-1024x683.jpg?ssl=1\" data-amp-layout=\"responsive\"><\/a><\/figure><\/div><div class=\"tiled-gallery__col\" style=\"flex-basis:62.63055%\"><figure class=\"tiled-gallery__item\"><a href=\"https:\/\/i0.wp.com\/wakacyjnyrewal.pl\/wp-content\/uploads\/2023\/07\/A91A7413-Edit-Edit-732x1024.jpg?ssl=1\"><img decoding=\"async\" srcset=\"https:\/\/i2.wp.com\/wakacyjnyrewal.pl\/wp-content\/uploads\/2023\/07\/A91A7413-Edit-Edit-732x1024.jpg?strip=info&#038;w=572&#038;ssl=1 572w\" alt=\"Rewalsk\u00fd Mo\u0159sk\u00fd koupelna\" data-height=\"800\" data-id=\"916\" data-link=\"https:\/\/wakacyjnyrewal.pl\/a91a7413-edit-edit-2\/\" data-url=\"https:\/\/wakacyjnyrewal.pl\/wp-content\/uploads\/2023\/07\/A91A7413-Edit-Edit-732x1024.jpg\" data-width=\"572\" src=\"https:\/\/i2.wp.com\/wakacyjnyrewal.pl\/wp-content\/uploads\/2023\/07\/A91A7413-Edit-Edit-732x1024.jpg?ssl=1\" data-amp-layout=\"responsive\"><\/a><\/figure><\/div><\/div><div class=\"tiled-gallery__row\"><div class=\"tiled-gallery__col\" style=\"flex-basis:52.70058%\"><figure class=\"tiled-gallery__item\"><a href=\"https:\/\/i0.wp.com\/wakacyjnyrewal.pl\/wp-content\/uploads\/2023\/07\/A91A7630-Edit-683x1024.jpg?ssl=1\"><img decoding=\"async\" srcset=\"https:\/\/i0.wp.com\/wakacyjnyrewal.pl\/wp-content\/uploads\/2023\/07\/A91A7630-Edit-683x1024.jpg?strip=info&#038;w=533&#038;ssl=1 533w\" alt=\"Rewalsk\u00fd Mo\u0159sk\u00fd detail\" data-height=\"800\" data-id=\"914\" data-link=\"https:\/\/wakacyjnyrewal.pl\/a91a7630-edit-3\/\" data-url=\"https:\/\/wakacyjnyrewal.pl\/wp-content\/uploads\/2023\/07\/A91A7630-Edit-683x1024.jpg\" data-width=\"533\" src=\"https:\/\/i0.wp.com\/wakacyjnyrewal.pl\/wp-content\/uploads\/2023\/07\/A91A7630-Edit-683x1024.jpg?ssl=1\" data-amp-layout=\"responsive\"><\/a><\/figure><\/div><div class=\"tiled-gallery__col\" style=\"flex-basis:47.29942%\"><figure class=\"tiled-gallery__item\"><a href=\"https:\/\/i0.wp.com\/wakacyjnyrewal.pl\/wp-content\/uploads\/2023\/07\/A91A7550-Edit-1024x683.jpg?ssl=1\"><img decoding=\"async\" alt=\"Rewalsk\u00fd slune\u010dn\u00e1 terasa\/kuchy\u0148\" data-id=\"902\" data-link=\"https:\/\/wakacyjnyrewal.pl\/a91a7550-edit-2\/\" data-url=\"https:\/\/i0.wp.com\/wakacyjnyrewal.pl\/wp-content\/uploads\/2023\/07\/A91A7550-Edit-1024x683.jpg?resize=1024%2C683&#038;ssl=1\" src=\"https:\/\/i0.wp.com\/wakacyjnyrewal.pl\/wp-content\/uploads\/2023\/07\/A91A7550-Edit-1024x683.jpg?resize=1024%2C683&#038;ssl=1\" data-amp-layout=\"responsive\" data-recalc-dims=\"1\"><\/a><\/figure><figure class=\"tiled-gallery__item\"><a href=\"https:\/\/i0.wp.com\/wakacyjnyrewal.pl\/wp-content\/uploads\/2023\/07\/A91A7521-Edit-1024x683.jpg?ssl=1\"><img decoding=\"async\" srcset=\"https:\/\/i1.wp.com\/wakacyjnyrewal.pl\/wp-content\/uploads\/2023\/07\/A91A7521-Edit-1024x683.jpg?strip=info&#038;w=600&#038;ssl=1 600w,https:\/\/i1.wp.com\/wakacyjnyrewal.pl\/wp-content\/uploads\/2023\/07\/A91A7521-Edit-1024x683.jpg?strip=info&#038;w=800&#038;ssl=1 800w\" alt=\"Rewalsk\u00fd Pomo\u0159ansk\u00fd detail\" data-height=\"533\" data-id=\"903\" data-link=\"https:\/\/wakacyjnyrewal.pl\/a91a7521-edit-2\/\" data-url=\"https:\/\/wakacyjnyrewal.pl\/wp-content\/uploads\/2023\/07\/A91A7521-Edit-1024x683.jpg\" data-width=\"800\" src=\"https:\/\/i1.wp.com\/wakacyjnyrewal.pl\/wp-content\/uploads\/2023\/07\/A91A7521-Edit-1024x683.jpg?ssl=1\" data-amp-layout=\"responsive\"><\/a><\/figure><\/div><\/div><div class=\"tiled-gallery__row\"><div class=\"tiled-gallery__col\" style=\"flex-basis:33.33333%\"><figure class=\"tiled-gallery__item\"><a href=\"https:\/\/i0.wp.com\/wakacyjnyrewal.pl\/wp-content\/uploads\/2023\/07\/A91A7528-Edit-683x1024.jpg?ssl=1\"><img decoding=\"async\" alt=\"Rewalsk\u00fd Pomo\u0159ansk\u00fd \u00fazkorozchodka\" data-id=\"904\" data-link=\"https:\/\/wakacyjnyrewal.pl\/a91a7528-edit-2\/\" data-url=\"https:\/\/i0.wp.com\/wakacyjnyrewal.pl\/wp-content\/uploads\/2023\/07\/A91A7528-Edit-683x1024.jpg?resize=683%2C1024&#038;ssl=1\" src=\"https:\/\/i0.wp.com\/wakacyjnyrewal.pl\/wp-content\/uploads\/2023\/07\/A91A7528-Edit-683x1024.jpg?resize=683%2C1024&#038;ssl=1\" data-amp-layout=\"responsive\" data-recalc-dims=\"1\"><\/a><\/figure><\/div><div class=\"tiled-gallery__col\" style=\"flex-basis:33.33333%\"><figure class=\"tiled-gallery__item\"><a href=\"https:\/\/i0.wp.com\/wakacyjnyrewal.pl\/wp-content\/uploads\/2023\/07\/A91A7530-Edit-683x1024.jpg?ssl=1\"><img decoding=\"async\" alt=\"Rewalsk\u00fd Pomo\u0159ansk\u00fd \u00fazkorozchodka\" data-id=\"905\" data-link=\"https:\/\/wakacyjnyrewal.pl\/a91a7530-edit-2\/\" data-url=\"https:\/\/i0.wp.com\/wakacyjnyrewal.pl\/wp-content\/uploads\/2023\/07\/A91A7530-Edit-683x1024.jpg?resize=683%2C1024&#038;ssl=1\" src=\"https:\/\/i0.wp.com\/wakacyjnyrewal.pl\/wp-content\/uploads\/2023\/07\/A91A7530-Edit-683x1024.jpg?resize=683%2C1024&#038;ssl=1\" data-amp-layout=\"responsive\" data-recalc-dims=\"1\"><\/a><\/figure><\/div><div class=\"tiled-gallery__col\" style=\"flex-basis:33.33333%\"><figure class=\"tiled-gallery__item\"><a href=\"https:\/\/i0.wp.com\/wakacyjnyrewal.pl\/wp-content\/uploads\/2023\/07\/A91A7418-Edit-1024x732.jpg?ssl=1\"><img decoding=\"async\" alt=\"Rewalsk\u00fd Mo\u0159sk\u00fd koupelna\" data-id=\"911\" data-link=\"https:\/\/wakacyjnyrewal.pl\/a91a7418-edit-2\/\" data-url=\"https:\/\/i0.wp.com\/wakacyjnyrewal.pl\/wp-content\/uploads\/2023\/07\/A91A7418-Edit-1024x732.jpg?resize=1024%2C732&#038;ssl=1\" src=\"https:\/\/i0.wp.com\/wakacyjnyrewal.pl\/wp-content\/uploads\/2023\/07\/A91A7418-Edit-1024x732.jpg?resize=1024%2C732&#038;ssl=1\" data-amp-layout=\"responsive\" data-recalc-dims=\"1\"><\/a><\/figure><\/div><\/div><div class=\"tiled-gallery__row\"><div class=\"tiled-gallery__col\" style=\"flex-basis:52.84888%\"><figure class=\"tiled-gallery__item\"><a href=\"https:\/\/i0.wp.com\/wakacyjnyrewal.pl\/wp-content\/uploads\/2023\/07\/A91A7542-Edit-1024x683.jpg?ssl=1\"><img decoding=\"async\" srcset=\"https:\/\/i1.wp.com\/wakacyjnyrewal.pl\/wp-content\/uploads\/2023\/07\/A91A7542-Edit-1024x683.jpg?strip=info&#038;w=600&#038;ssl=1 600w,https:\/\/i1.wp.com\/wakacyjnyrewal.pl\/wp-content\/uploads\/2023\/07\/A91A7542-Edit-1024x683.jpg?strip=info&#038;w=800&#038;ssl=1 800w\" alt=\"Rewalsk\u00fd slune\u010dn\u00e1 terasa\/detail\" data-height=\"533\" data-id=\"901\" data-link=\"https:\/\/wakacyjnyrewal.pl\/a91a7542-edit-2\/\" data-url=\"https:\/\/wakacyjnyrewal.pl\/wp-content\/uploads\/2023\/07\/A91A7542-Edit-1024x683.jpg\" data-width=\"800\" src=\"https:\/\/i1.wp.com\/wakacyjnyrewal.pl\/wp-content\/uploads\/2023\/07\/A91A7542-Edit-1024x683.jpg?ssl=1\" data-amp-layout=\"responsive\"><\/a><\/figure><figure class=\"tiled-gallery__item\"><a href=\"https:\/\/i0.wp.com\/wakacyjnyrewal.pl\/wp-content\/uploads\/2023\/07\/PS5_2301-Edit-1024x683.jpg?ssl=1\"><img decoding=\"async\" srcset=\"https:\/\/i0.wp.com\/wakacyjnyrewal.pl\/wp-content\/uploads\/2023\/07\/PS5_2301-Edit-1024x683.jpg?strip=info&#038;w=600&#038;ssl=1 600w,https:\/\/i0.wp.com\/wakacyjnyrewal.pl\/wp-content\/uploads\/2023\/07\/PS5_2301-Edit-1024x683.jpg?strip=info&#038;w=800&#038;ssl=1 800w\" alt=\"Rewalsk\u00fd spole\u010dn\u00e1 kuchy\u0148\" data-height=\"533\" data-id=\"898\" data-link=\"https:\/\/wakacyjnyrewal.pl\/ps5_2301-edit-2\/\" data-url=\"https:\/\/wakacyjnyrewal.pl\/wp-content\/uploads\/2023\/07\/PS5_2301-Edit-1024x683.jpg\" data-width=\"800\" src=\"https:\/\/i0.wp.com\/wakacyjnyrewal.pl\/wp-content\/uploads\/2023\/07\/PS5_2301-Edit-1024x683.jpg?ssl=1\" data-amp-layout=\"responsive\"><\/a><\/figure><\/div><div class=\"tiled-gallery__col\" style=\"flex-basis:47.15112%\"><figure class=\"tiled-gallery__item\"><a href=\"https:\/\/i0.wp.com\/wakacyjnyrewal.pl\/wp-content\/uploads\/2023\/07\/PS5_2283-Edit-683x1024.jpg?ssl=1\"><img decoding=\"async\" srcset=\"https:\/\/i2.wp.com\/wakacyjnyrewal.pl\/wp-content\/uploads\/2023\/07\/PS5_2283-Edit-683x1024.jpg?strip=info&#038;w=533&#038;ssl=1 533w\" alt=\"Rewalsk\u00fd spole\u010dn\u00e1 kuchy\u0148 detail\" data-height=\"800\" data-id=\"896\" data-link=\"https:\/\/wakacyjnyrewal.pl\/ps5_2283-edit-2\/\" data-url=\"https:\/\/wakacyjnyrewal.pl\/wp-content\/uploads\/2023\/07\/PS5_2283-Edit-683x1024.jpg\" data-width=\"533\" src=\"https:\/\/i2.wp.com\/wakacyjnyrewal.pl\/wp-content\/uploads\/2023\/07\/PS5_2283-Edit-683x1024.jpg?ssl=1\" data-amp-layout=\"responsive\"><\/a><\/figure><\/div><\/div><div class=\"tiled-gallery__row\"><div class=\"tiled-gallery__col\" style=\"flex-basis:57.25790%\"><figure class=\"tiled-gallery__item\"><a href=\"https:\/\/i0.wp.com\/wakacyjnyrewal.pl\/wp-content\/uploads\/2023\/07\/PS5_2277-Edit-683x1024.jpg?ssl=1\"><img decoding=\"async\" srcset=\"https:\/\/i0.wp.com\/wakacyjnyrewal.pl\/wp-content\/uploads\/2023\/07\/PS5_2277-Edit-683x1024.jpg?strip=info&#038;w=533&#038;ssl=1 533w\" alt=\"Rewalsk\u00fd spole\u010dn\u00e1 chodba\" data-height=\"800\" data-id=\"895\" data-link=\"https:\/\/wakacyjnyrewal.pl\/ps5_2277-edit-2\/\" data-url=\"https:\/\/wakacyjnyrewal.pl\/wp-content\/uploads\/2023\/07\/PS5_2277-Edit-683x1024.jpg\" data-width=\"533\" src=\"https:\/\/i0.wp.com\/wakacyjnyrewal.pl\/wp-content\/uploads\/2023\/07\/PS5_2277-Edit-683x1024.jpg?ssl=1\" data-amp-layout=\"responsive\"><\/a><\/figure><\/div><div class=\"tiled-gallery__col\" style=\"flex-basis:42.74210%\"><figure class=\"tiled-gallery__item\"><a href=\"https:\/\/i0.wp.com\/wakacyjnyrewal.pl\/wp-content\/uploads\/2023\/07\/PS5_2299-1024x683.jpg?ssl=1\"><img decoding=\"async\" srcset=\"https:\/\/i0.wp.com\/wakacyjnyrewal.pl\/wp-content\/uploads\/2023\/07\/PS5_2299-1024x683.jpg?strip=info&#038;w=600&#038;ssl=1 600w,https:\/\/i0.wp.com\/wakacyjnyrewal.pl\/wp-content\/uploads\/2023\/07\/PS5_2299-1024x683.jpg?strip=info&#038;w=800&#038;ssl=1 800w\" alt=\"Rewalsk\u00fd spole\u010dn\u00e1 kuchy\u0148\" data-height=\"533\" data-id=\"897\" data-link=\"https:\/\/wakacyjnyrewal.pl\/ps5_2299-2\/\" data-url=\"https:\/\/wakacyjnyrewal.pl\/wp-content\/uploads\/2023\/07\/PS5_2299-1024x683.jpg\" data-width=\"800\" src=\"https:\/\/i0.wp.com\/wakacyjnyrewal.pl\/wp-content\/uploads\/2023\/07\/PS5_2299-1024x683.jpg?ssl=1\" data-amp-layout=\"responsive\"><\/a><\/figure><figure class=\"tiled-gallery__item\"><a href=\"https:\/\/i0.wp.com\/wakacyjnyrewal.pl\/wp-content\/uploads\/2023\/07\/A91A3876-Enhanced-NR-Edit-1024x683.jpg?ssl=1\"><img decoding=\"async\" srcset=\"https:\/\/i1.wp.com\/wakacyjnyrewal.pl\/wp-content\/uploads\/2023\/07\/A91A3876-Enhanced-NR-Edit-1024x683.jpg?strip=info&#038;w=600&#038;ssl=1 600w,https:\/\/i1.wp.com\/wakacyjnyrewal.pl\/wp-content\/uploads\/2023\/07\/A91A3876-Enhanced-NR-Edit-1024x683.jpg?strip=info&#038;w=800&#038;ssl=1 800w\" alt=\"Rewalsk\u00fd mo\u0159sk\u00fd pokoj\" data-height=\"533\" data-id=\"860\" data-link=\"https:\/\/wakacyjnyrewal.pl\/start\/a91a3876-enhanced-nr-edit\/\" data-url=\"https:\/\/wakacyjnyrewal.pl\/wp-content\/uploads\/2023\/07\/A91A3876-Enhanced-NR-Edit-1024x683.jpg\" data-width=\"800\" src=\"https:\/\/i1.wp.com\/wakacyjnyrewal.pl\/wp-content\/uploads\/2023\/07\/A91A3876-Enhanced-NR-Edit-1024x683.jpg?ssl=1\" data-amp-layout=\"responsive\"><\/a><\/figure><figure class=\"tiled-gallery__item\"><a href=\"https:\/\/i0.wp.com\/wakacyjnyrewal.pl\/wp-content\/uploads\/2023\/07\/A91A7806-Edit-Edit-1024x683.jpg?ssl=1\"><img decoding=\"async\" srcset=\"https:\/\/i0.wp.com\/wakacyjnyrewal.pl\/wp-content\/uploads\/2023\/07\/A91A7806-Edit-Edit-1024x683.jpg?strip=info&#038;w=600&#038;ssl=1 600w,https:\/\/i0.wp.com\/wakacyjnyrewal.pl\/wp-content\/uploads\/2023\/07\/A91A7806-Edit-Edit-1024x683.jpg?strip=info&#038;w=800&#038;ssl=1 800w\" alt=\"Rewalsk\u00fd spole\u010dn\u00e1 chodba\" data-height=\"533\" data-id=\"893\" data-link=\"https:\/\/wakacyjnyrewal.pl\/a91a7806-edit-edit-2\/\" data-url=\"https:\/\/wakacyjnyrewal.pl\/wp-content\/uploads\/2023\/07\/A91A7806-Edit-Edit-1024x683.jpg\" data-width=\"800\" src=\"https:\/\/i0.wp.com\/wakacyjnyrewal.pl\/wp-content\/uploads\/2023\/07\/A91A7806-Edit-Edit-1024x683.jpg?ssl=1\" data-amp-layout=\"responsive\"><\/a><\/figure><\/div><\/div><div class=\"tiled-gallery__row\"><div class=\"tiled-gallery__col\" style=\"flex-basis:29.71860%\"><figure class=\"tiled-gallery__item\"><a href=\"https:\/\/i0.wp.com\/wakacyjnyrewal.pl\/wp-content\/uploads\/2023\/07\/A91A7734-Edit-683x1024.jpg?ssl=1\"><img decoding=\"async\" alt=\"Rewalsk\u00fd Mo\u0159sk\u00fd spac\u00ed \u010d\u00e1st\" data-id=\"918\" data-link=\"https:\/\/wakacyjnyrewal.pl\/a91a7734-edit-2\/\" data-url=\"https:\/\/i0.wp.com\/wakacyjnyrewal.pl\/wp-content\/uploads\/2023\/07\/A91A7734-Edit-683x1024.jpg?resize=683%2C1024&#038;ssl=1\" src=\"https:\/\/i0.wp.com\/wakacyjnyrewal.pl\/wp-content\/uploads\/2023\/07\/A91A7734-Edit-683x1024.jpg?resize=683%2C1024&#038;ssl=1\" data-amp-layout=\"responsive\" data-recalc-dims=\"1\"><\/a><\/figure><figure class=\"tiled-gallery__item\"><a href=\"https:\/\/i0.wp.com\/wakacyjnyrewal.pl\/wp-content\/uploads\/2023\/07\/A91A7758-Edit-1024x683.jpg?ssl=1\"><img decoding=\"async\" srcset=\"https:\/\/i2.wp.com\/wakacyjnyrewal.pl\/wp-content\/uploads\/2023\/07\/A91A7758-Edit-1024x683.jpg?strip=info&#038;w=600&#038;ssl=1 600w,https:\/\/i2.wp.com\/wakacyjnyrewal.pl\/wp-content\/uploads\/2023\/07\/A91A7758-Edit-1024x683.jpg?strip=info&#038;w=800&#038;ssl=1 800w\" alt=\"Rewalsk\u00fd spole\u010dn\u00e1 kuchy\u0148\" data-height=\"533\" data-id=\"888\" data-link=\"https:\/\/wakacyjnyrewal.pl\/a91a7758-edit-2\/\" data-url=\"https:\/\/wakacyjnyrewal.pl\/wp-content\/uploads\/2023\/07\/A91A7758-Edit-1024x683.jpg\" data-width=\"800\" src=\"https:\/\/i2.wp.com\/wakacyjnyrewal.pl\/wp-content\/uploads\/2023\/07\/A91A7758-Edit-1024x683.jpg?ssl=1\" data-amp-layout=\"responsive\"><\/a><\/figure><\/div><div class=\"tiled-gallery__col\" style=\"flex-basis:33.17714%\"><figure class=\"tiled-gallery__item\"><a href=\"https:\/\/i0.wp.com\/wakacyjnyrewal.pl\/wp-content\/uploads\/2023\/07\/PS5_2262-Edit-683x1024.jpg?ssl=1\"><img decoding=\"async\" srcset=\"https:\/\/i1.wp.com\/wakacyjnyrewal.pl\/wp-content\/uploads\/2023\/07\/PS5_2262-Edit-683x1024.jpg?strip=info&#038;w=533&#038;ssl=1 533w\" alt=\"Rewalsk\u00fd spole\u010dn\u00e1 chodba\" data-height=\"800\" data-id=\"894\" data-link=\"https:\/\/wakacyjnyrewal.pl\/ps5_2262-edit-3\/\" data-url=\"https:\/\/wakacyjnyrewal.pl\/wp-content\/uploads\/2023\/07\/PS5_2262-Edit-683x1024.jpg\" data-width=\"533\" src=\"https:\/\/i1.wp.com\/wakacyjnyrewal.pl\/wp-content\/uploads\/2023\/07\/PS5_2262-Edit-683x1024.jpg?ssl=1\" data-amp-layout=\"responsive\"><\/a><\/figure><\/div><div class=\"tiled-gallery__col\" style=\"flex-basis:37.10426%\"><figure class=\"tiled-gallery__item\"><a href=\"https:\/\/i0.wp.com\/wakacyjnyrewal.pl\/wp-content\/uploads\/2023\/07\/A91A7437-Edit-Edit-Edit-1024x683.jpg?ssl=1\"><img decoding=\"async\" srcset=\"https:\/\/i1.wp.com\/wakacyjnyrewal.pl\/wp-content\/uploads\/2023\/07\/A91A7437-Edit-Edit-Edit-1024x683.jpg?strip=info&#038;w=600&#038;ssl=1 600w,https:\/\/i1.wp.com\/wakacyjnyrewal.pl\/wp-content\/uploads\/2023\/07\/A91A7437-Edit-Edit-Edit-1024x683.jpg?strip=info&#038;w=800&#038;ssl=1 800w\" alt=\"Rewalsk\u00fd Mo\u0159sk\u00fd koupelna\" data-height=\"533\" data-id=\"912\" data-link=\"https:\/\/wakacyjnyrewal.pl\/a91a7437-edit-edit-edit-2\/\" data-url=\"https:\/\/wakacyjnyrewal.pl\/wp-content\/uploads\/2023\/07\/A91A7437-Edit-Edit-Edit-1024x683.jpg\" data-width=\"800\" src=\"https:\/\/i1.wp.com\/wakacyjnyrewal.pl\/wp-content\/uploads\/2023\/07\/A91A7437-Edit-Edit-Edit-1024x683.jpg?ssl=1\" data-amp-layout=\"responsive\"><\/a><\/figure><figure class=\"tiled-gallery__item\"><a href=\"https:\/\/i0.wp.com\/wakacyjnyrewal.pl\/wp-content\/uploads\/2023\/07\/A91A3938-1-1024x683.jpg?ssl=1\"><img decoding=\"async\" srcset=\"https:\/\/i2.wp.com\/wakacyjnyrewal.pl\/wp-content\/uploads\/2023\/07\/A91A3938-1-1024x683.jpg?strip=info&#038;w=600&#038;ssl=1 600w,https:\/\/i2.wp.com\/wakacyjnyrewal.pl\/wp-content\/uploads\/2023\/07\/A91A3938-1-1024x683.jpg?strip=info&#038;w=800&#038;ssl=1 800w\" alt=\"Rewalsk\u00fd Baltsk\u00fd l\u00e9t\u00e1n\u00ed\" data-height=\"533\" data-id=\"886\" data-link=\"https:\/\/wakacyjnyrewal.pl\/a91a3938-2\/\" data-url=\"https:\/\/wakacyjnyrewal.pl\/wp-content\/uploads\/2023\/07\/A91A3938-1-1024x683.jpg\" data-width=\"800\" src=\"https:\/\/i2.wp.com\/wakacyjnyrewal.pl\/wp-content\/uploads\/2023\/07\/A91A3938-1-1024x683.jpg?ssl=1\" data-amp-layout=\"responsive\"><\/a><\/figure><\/div><\/div><div class=\"tiled-gallery__row\"><div class=\"tiled-gallery__col\" style=\"flex-basis:67.74301%\"><figure class=\"tiled-gallery__item\"><a href=\"https:\/\/i0.wp.com\/wakacyjnyrewal.pl\/wp-content\/uploads\/2023\/07\/A91A3916-Edit-1-1024x731.jpg?ssl=1\"><img decoding=\"async\" srcset=\"https:\/\/i1.wp.com\/wakacyjnyrewal.pl\/wp-content\/uploads\/2023\/07\/A91A3916-Edit-1-1024x731.jpg?strip=info&#038;w=600&#038;ssl=1 600w,https:\/\/i1.wp.com\/wakacyjnyrewal.pl\/wp-content\/uploads\/2023\/07\/A91A3916-Edit-1-1024x731.jpg?strip=info&#038;w=800&#038;ssl=1 800w\" alt=\"Rewalsk\u00fd Baltsk\u00fd pohovka\" data-height=\"571\" data-id=\"885\" data-link=\"https:\/\/wakacyjnyrewal.pl\/a91a3916-edit-2\/\" data-url=\"https:\/\/wakacyjnyrewal.pl\/wp-content\/uploads\/2023\/07\/A91A3916-Edit-1-1024x731.jpg\" data-width=\"800\" src=\"https:\/\/i1.wp.com\/wakacyjnyrewal.pl\/wp-content\/uploads\/2023\/07\/A91A3916-Edit-1-1024x731.jpg?ssl=1\" data-amp-layout=\"responsive\"><\/a><\/figure><\/div><div class=\"tiled-gallery__col\" style=\"flex-basis:32.25699%\"><figure class=\"tiled-gallery__item\"><a href=\"https:\/\/i0.wp.com\/wakacyjnyrewal.pl\/wp-content\/uploads\/2023\/07\/A91A7396-Edit-683x1024.jpg?ssl=1\"><img decoding=\"async\" srcset=\"https:\/\/i2.wp.com\/wakacyjnyrewal.pl\/wp-content\/uploads\/2023\/07\/A91A7396-Edit-683x1024.jpg?strip=info&#038;w=533&#038;ssl=1 533w\" alt=\"Rewalsk\u00fd Pomo\u0159ansk\u00fd koupelna\" data-height=\"800\" data-id=\"908\" data-link=\"https:\/\/wakacyjnyrewal.pl\/a91a7396-edit-2\/\" data-url=\"https:\/\/wakacyjnyrewal.pl\/wp-content\/uploads\/2023\/07\/A91A7396-Edit-683x1024.jpg\" data-width=\"533\" src=\"https:\/\/i2.wp.com\/wakacyjnyrewal.pl\/wp-content\/uploads\/2023\/07\/A91A7396-Edit-683x1024.jpg?ssl=1\" data-amp-layout=\"responsive\"><\/a><\/figure><\/div><\/div><div class=\"tiled-gallery__row\"><div class=\"tiled-gallery__col\" style=\"flex-basis:67.55525%\"><figure class=\"tiled-gallery__item\"><a href=\"https:\/\/i0.wp.com\/wakacyjnyrewal.pl\/wp-content\/uploads\/2023\/07\/A91A3896-Edit-Edit-1-1024x681.jpg?ssl=1\"><img decoding=\"async\" srcset=\"https:\/\/i1.wp.com\/wakacyjnyrewal.pl\/wp-content\/uploads\/2023\/07\/A91A3896-Edit-Edit-1-1024x681.jpg?strip=info&#038;w=600&#038;ssl=1 600w,https:\/\/i1.wp.com\/wakacyjnyrewal.pl\/wp-content\/uploads\/2023\/07\/A91A3896-Edit-Edit-1-1024x681.jpg?strip=info&#038;w=800&#038;ssl=1 800w\" alt=\"Rewalsk\u00fd Baltsk\u00fd pokoj\" data-height=\"532\" data-id=\"884\" data-link=\"https:\/\/wakacyjnyrewal.pl\/a91a3896-edit-edit-2\/\" data-url=\"https:\/\/wakacyjnyrewal.pl\/wp-content\/uploads\/2023\/07\/A91A3896-Edit-Edit-1-1024x681.jpg\" data-width=\"800\" src=\"https:\/\/i1.wp.com\/wakacyjnyrewal.pl\/wp-content\/uploads\/2023\/07\/A91A3896-Edit-Edit-1-1024x681.jpg?ssl=1\" data-amp-layout=\"responsive\"><\/a><\/figure><\/div><div class=\"tiled-gallery__col\" style=\"flex-basis:32.44475%\"><figure class=\"tiled-gallery__item\"><a href=\"https:\/\/i0.wp.com\/wakacyjnyrewal.pl\/wp-content\/uploads\/2023\/07\/A91A7798-Edit-1024x683.jpg?ssl=1\"><img decoding=\"async\" srcset=\"https:\/\/i1.wp.com\/wakacyjnyrewal.pl\/wp-content\/uploads\/2023\/07\/A91A7798-Edit-1024x683.jpg?strip=info&#038;w=600&#038;ssl=1 600w,https:\/\/i1.wp.com\/wakacyjnyrewal.pl\/wp-content\/uploads\/2023\/07\/A91A7798-Edit-1024x683.jpg?strip=info&#038;w=800&#038;ssl=1 800w\" alt=\"Rewalsk\u00fd spole\u010dn\u00e1 kuchy\u0148 chodba\" data-height=\"533\" data-id=\"892\" data-link=\"https:\/\/wakacyjnyrewal.pl\/a91a7798-edit-2\/\" data-url=\"https:\/\/wakacyjnyrewal.pl\/wp-content\/uploads\/2023\/07\/A91A7798-Edit-1024x683.jpg\" data-width=\"800\" src=\"https:\/\/i1.wp.com\/wakacyjnyrewal.pl\/wp-content\/uploads\/2023\/07\/A91A7798-Edit-1024x683.jpg?ssl=1\" data-amp-layout=\"responsive\"><\/a><\/figure><figure class=\"tiled-gallery__item\"><a href=\"https:\/\/i0.wp.com\/wakacyjnyrewal.pl\/wp-content\/uploads\/2023\/07\/A91A7407-Edit-1024x731.jpg?ssl=1\"><img decoding=\"async\" srcset=\"https:\/\/i2.wp.com\/wakacyjnyrewal.pl\/wp-content\/uploads\/2023\/07\/A91A7407-Edit-1024x731.jpg?strip=info&#038;w=600&#038;ssl=1 600w,https:\/\/i2.wp.com\/wakacyjnyrewal.pl\/wp-content\/uploads\/2023\/07\/A91A7407-Edit-1024x731.jpg?strip=info&#038;w=800&#038;ssl=1 800w\" alt=\"Rewalsk\u00fd Pomo\u0159ansk\u00fd koupelna\" data-height=\"571\" data-id=\"910\" data-link=\"https:\/\/wakacyjnyrewal.pl\/a91a7407-edit-2\/\" data-url=\"https:\/\/wakacyjnyrewal.pl\/wp-content\/uploads\/2023\/07\/A91A7407-Edit-1024x731.jpg\" data-width=\"800\" src=\"https:\/\/i2.wp.com\/wakacyjnyrewal.pl\/wp-content\/uploads\/2023\/07\/A91A7407-Edit-1024x731.jpg?ssl=1\" data-amp-layout=\"responsive\"><\/a><\/figure><\/div><\/div><div class=\"tiled-gallery__row\"><div class=\"tiled-gallery__col\" style=\"flex-basis:33.33333%\"><figure class=\"tiled-gallery__item\"><a href=\"https:\/\/i0.wp.com\/wakacyjnyrewal.pl\/wp-content\/uploads\/2023\/07\/A91A3894-Edit-1-1024x683.jpg?ssl=1\"><img decoding=\"async\" srcset=\"https:\/\/i1.wp.com\/wakacyjnyrewal.pl\/wp-content\/uploads\/2023\/07\/A91A3894-Edit-1-1024x683.jpg?strip=info&#038;w=600&#038;ssl=1 600w,https:\/\/i1.wp.com\/wakacyjnyrewal.pl\/wp-content\/uploads\/2023\/07\/A91A3894-Edit-1-1024x683.jpg?strip=info&#038;w=800&#038;ssl=1 800w\" alt=\"Rewalsk\u00fd mo\u0159sk\u00fd pokoj\" data-height=\"533\" data-id=\"883\" data-link=\"https:\/\/wakacyjnyrewal.pl\/a91a3894-edit-2\/\" data-url=\"https:\/\/wakacyjnyrewal.pl\/wp-content\/uploads\/2023\/07\/A91A3894-Edit-1-1024x683.jpg\" data-width=\"800\" src=\"https:\/\/i1.wp.com\/wakacyjnyrewal.pl\/wp-content\/uploads\/2023\/07\/A91A3894-Edit-1-1024x683.jpg?ssl=1\" data-amp-layout=\"responsive\"><\/a><\/figure><\/div><div class=\"tiled-gallery__col\" style=\"flex-basis:33.33333%\"><figure class=\"tiled-gallery__item\"><a href=\"https:\/\/i0.wp.com\/wakacyjnyrewal.pl\/wp-content\/uploads\/2023\/07\/A91A3879-Enhanced-NR-Edit-1-1024x683.jpg?ssl=1\"><img decoding=\"async\" srcset=\"https:\/\/i0.wp.com\/wakacyjnyrewal.pl\/wp-content\/uploads\/2023\/07\/A91A3879-Enhanced-NR-Edit-1-1024x683.jpg?strip=info&#038;w=600&#038;ssl=1 600w,https:\/\/i0.wp.com\/wakacyjnyrewal.pl\/wp-content\/uploads\/2023\/07\/A91A3879-Enhanced-NR-Edit-1-1024x683.jpg?strip=info&#038;w=800&#038;ssl=1 800w\" alt=\"Rewalsk\u00fd mo\u0159sk\u00fd pokoj\" data-height=\"533\" data-id=\"882\" data-link=\"https:\/\/wakacyjnyrewal.pl\/a91a3879-enhanced-nr-edit-2\/\" data-url=\"https:\/\/wakacyjnyrewal.pl\/wp-content\/uploads\/2023\/07\/A91A3879-Enhanced-NR-Edit-1-1024x683.jpg\" data-width=\"800\" src=\"https:\/\/i0.wp.com\/wakacyjnyrewal.pl\/wp-content\/uploads\/2023\/07\/A91A3879-Enhanced-NR-Edit-1-1024x683.jpg?ssl=1\" data-amp-layout=\"responsive\"><\/a><\/figure><\/div><div class=\"tiled-gallery__col\" style=\"flex-basis:33.33333%\"><figure class=\"tiled-gallery__item\"><a href=\"https:\/\/i0.wp.com\/wakacyjnyrewal.pl\/wp-content\/uploads\/2023\/07\/A91A3888-Edit-1024x683.jpg?ssl=1\"><img decoding=\"async\" srcset=\"https:\/\/i1.wp.com\/wakacyjnyrewal.pl\/wp-content\/uploads\/2023\/07\/A91A3888-Edit-1024x683.jpg?strip=info&#038;w=600&#038;ssl=1 600w,https:\/\/i1.wp.com\/wakacyjnyrewal.pl\/wp-content\/uploads\/2023\/07\/A91A3888-Edit-1024x683.jpg?strip=info&#038;w=800&#038;ssl=1 800w\" alt=\"Rewalsk\u00fd mo\u0159sk\u00fd pokoj\" data-height=\"533\" data-id=\"873\" data-link=\"https:\/\/wakacyjnyrewal.pl\/a91a3888-edit\/\" data-url=\"https:\/\/wakacyjnyrewal.pl\/wp-content\/uploads\/2023\/07\/A91A3888-Edit-1024x683.jpg\" data-width=\"800\" src=\"https:\/\/i1.wp.com\/wakacyjnyrewal.pl\/wp-content\/uploads\/2023\/07\/A91A3888-Edit-1024x683.jpg?ssl=1\" data-amp-layout=\"responsive\"><\/a><\/figure><\/div><\/div><div class=\"tiled-gallery__row\"><div class=\"tiled-gallery__col\" style=\"flex-basis:27.94796%\"><figure class=\"tiled-gallery__item\"><a href=\"https:\/\/i0.wp.com\/wakacyjnyrewal.pl\/wp-content\/uploads\/2023\/07\/A91A7766-1024x731.jpg?ssl=1\"><img decoding=\"async\" srcset=\"https:\/\/i2.wp.com\/wakacyjnyrewal.pl\/wp-content\/uploads\/2023\/07\/A91A7766-1024x731.jpg?strip=info&#038;w=600&#038;ssl=1 600w,https:\/\/i2.wp.com\/wakacyjnyrewal.pl\/wp-content\/uploads\/2023\/07\/A91A7766-1024x731.jpg?strip=info&#038;w=800&#038;ssl=1 800w\" alt=\"Rewalsk\u00fd spole\u010dn\u00e1 kuchy\u0148\" data-height=\"571\" data-id=\"889\" data-link=\"https:\/\/wakacyjnyrewal.pl\/a91a7766-2\/\" data-url=\"https:\/\/wakacyjnyrewal.pl\/wp-content\/uploads\/2023\/07\/A91A7766-1024x731.jpg\" data-width=\"800\" src=\"https:\/\/i2.wp.com\/wakacyjnyrewal.pl\/wp-content\/uploads\/2023\/07\/A91A7766-1024x731.jpg?ssl=1\" data-amp-layout=\"responsive\"><\/a><\/figure><figure class=\"tiled-gallery__item\"><a href=\"https:\/\/i0.wp.com\/wakacyjnyrewal.pl\/wp-content\/uploads\/2023\/07\/A91A7400-Edit-1024x731.jpg?ssl=1\"><img decoding=\"async\" alt=\"Rewalsk\u00fd Pomo\u0159ansk\u00fd koupelna\" data-id=\"909\" data-link=\"https:\/\/wakacyjnyrewal.pl\/a91a7400-edit-2\/\" data-url=\"https:\/\/i0.wp.com\/wakacyjnyrewal.pl\/wp-content\/uploads\/2023\/07\/A91A7400-Edit-1024x731.jpg?resize=1024%2C731&#038;ssl=1\" src=\"https:\/\/i0.wp.com\/wakacyjnyrewal.pl\/wp-content\/uploads\/2023\/07\/A91A7400-Edit-1024x731.jpg?resize=1024%2C731&#038;ssl=1\" data-amp-layout=\"responsive\" data-recalc-dims=\"1\"><\/a><\/figure><\/div><div class=\"tiled-gallery__col\" style=\"flex-basis:72.05204%\"><figure class=\"tiled-gallery__item\"><a href=\"https:\/\/i0.wp.com\/wakacyjnyrewal.pl\/wp-content\/uploads\/2023\/07\/A91A3874-Edit-1024x683.jpg?ssl=1\"><img decoding=\"async\" srcset=\"https:\/\/i1.wp.com\/wakacyjnyrewal.pl\/wp-content\/uploads\/2023\/07\/A91A3874-Edit-1024x683.jpg?strip=info&#038;w=600&#038;ssl=1 600w,https:\/\/i1.wp.com\/wakacyjnyrewal.pl\/wp-content\/uploads\/2023\/07\/A91A3874-Edit-1024x683.jpg?strip=info&#038;w=800&#038;ssl=1 800w\" alt=\"Rewalsk\u00fd mo\u0159sk\u00fd pokoj\" data-height=\"533\" data-id=\"870\" data-link=\"https:\/\/wakacyjnyrewal.pl\/a91a3874-edit\/\" data-url=\"https:\/\/wakacyjnyrewal.pl\/wp-content\/uploads\/2023\/07\/A91A3874-Edit-1024x683.jpg\" data-width=\"800\" src=\"https:\/\/i1.wp.com\/wakacyjnyrewal.pl\/wp-content\/uploads\/2023\/07\/A91A3874-Edit-1024x683.jpg?ssl=1\" data-amp-layout=\"responsive\"><\/a><\/figure><\/div><\/div><div class=\"tiled-gallery__row\"><div class=\"tiled-gallery__col\" style=\"flex-basis:50.00000%\"><figure class=\"tiled-gallery__item\"><a href=\"https:\/\/i0.wp.com\/wakacyjnyrewal.pl\/wp-content\/uploads\/2023\/07\/A91A3832-Enhanced-NR-Edit-1024x683.jpg?ssl=1\"><img decoding=\"async\" srcset=\"https:\/\/i0.wp.com\/wakacyjnyrewal.pl\/wp-content\/uploads\/2023\/07\/A91A3832-Enhanced-NR-Edit-1024x683.jpg?strip=info&#038;w=600&#038;ssl=1 600w,https:\/\/i0.wp.com\/wakacyjnyrewal.pl\/wp-content\/uploads\/2023\/07\/A91A3832-Enhanced-NR-Edit-1024x683.jpg?strip=info&#038;w=800&#038;ssl=1 800w\" alt=\"Rewalsk\u00fd pomo\u0159ansk\u00fd pokoj\" data-height=\"533\" data-id=\"868\" data-link=\"https:\/\/wakacyjnyrewal.pl\/a91a3832-enhanced-nr-edit\/\" data-url=\"https:\/\/wakacyjnyrewal.pl\/wp-content\/uploads\/2023\/07\/A91A3832-Enhanced-NR-Edit-1024x683.jpg\" data-width=\"800\" src=\"https:\/\/i0.wp.com\/wakacyjnyrewal.pl\/wp-content\/uploads\/2023\/07\/A91A3832-Enhanced-NR-Edit-1024x683.jpg?ssl=1\" data-amp-layout=\"responsive\"><\/a><\/figure><\/div><div class=\"tiled-gallery__col\" style=\"flex-basis:50.00000%\"><figure class=\"tiled-gallery__item\"><a href=\"https:\/\/i0.wp.com\/wakacyjnyrewal.pl\/wp-content\/uploads\/2023\/07\/A91A7783-Edit-Edit-1024x683.jpg?ssl=1\"><img decoding=\"async\" srcset=\"https:\/\/i0.wp.com\/wakacyjnyrewal.pl\/wp-content\/uploads\/2023\/07\/A91A7783-Edit-Edit-1024x683.jpg?strip=info&#038;w=600&#038;ssl=1 600w,https:\/\/i0.wp.com\/wakacyjnyrewal.pl\/wp-content\/uploads\/2023\/07\/A91A7783-Edit-Edit-1024x683.jpg?strip=info&#038;w=800&#038;ssl=1 800w\" alt=\"Rewalsk\u00fd spole\u010dn\u00e1 kuchy\u0148\" data-height=\"533\" data-id=\"890\" data-link=\"https:\/\/wakacyjnyrewal.pl\/a91a7783-edit-edit-3\/\" data-url=\"https:\/\/wakacyjnyrewal.pl\/wp-content\/uploads\/2023\/07\/A91A7783-Edit-Edit-1024x683.jpg\" data-width=\"800\" src=\"https:\/\/i0.wp.com\/wakacyjnyrewal.pl\/wp-content\/uploads\/2023\/07\/A91A7783-Edit-Edit-1024x683.jpg?ssl=1\" data-amp-layout=\"responsive\"><\/a><\/figure><\/div><\/div><div class=\"tiled-gallery__row\"><div class=\"tiled-gallery__col\" style=\"flex-basis:67.53390%\"><figure class=\"tiled-gallery__item\"><a href=\"https:\/\/i0.wp.com\/wakacyjnyrewal.pl\/wp-content\/uploads\/2023\/07\/A91A3823-Enhanced-NR-Edit-1024x683.jpg?ssl=1\"><img decoding=\"async\" srcset=\"https:\/\/i1.wp.com\/wakacyjnyrewal.pl\/wp-content\/uploads\/2023\/07\/A91A3823-Enhanced-NR-Edit-1024x683.jpg?strip=info&#038;w=600&#038;ssl=1 600w,https:\/\/i1.wp.com\/wakacyjnyrewal.pl\/wp-content\/uploads\/2023\/07\/A91A3823-Enhanced-NR-Edit-1024x683.jpg?strip=info&#038;w=800&#038;ssl=1 800w\" alt=\"Rewalsk\u00fd pomo\u0159ansk\u00fd pokoj\" data-height=\"533\" data-id=\"867\" data-link=\"https:\/\/wakacyjnyrewal.pl\/a91a3823-enhanced-nr-edit\/\" data-url=\"https:\/\/wakacyjnyrewal.pl\/wp-content\/uploads\/2023\/07\/A91A3823-Enhanced-NR-Edit-1024x683.jpg\" data-width=\"800\" src=\"https:\/\/i1.wp.com\/wakacyjnyrewal.pl\/wp-content\/uploads\/2023\/07\/A91A3823-Enhanced-NR-Edit-1024x683.jpg?ssl=1\" data-amp-layout=\"responsive\"><\/a><\/figure><\/div><div class=\"tiled-gallery__col\" style=\"flex-basis:32.46610%\"><figure class=\"tiled-gallery__item\"><a href=\"https:\/\/i0.wp.com\/wakacyjnyrewal.pl\/wp-content\/uploads\/2023\/07\/A91A3924-Edit-1024x732.jpg?ssl=1\"><img decoding=\"async\" srcset=\"https:\/\/i0.wp.com\/wakacyjnyrewal.pl\/wp-content\/uploads\/2023\/07\/A91A3924-Edit-1024x732.jpg?strip=info&#038;w=600&#038;ssl=1 600w,https:\/\/i0.wp.com\/wakacyjnyrewal.pl\/wp-content\/uploads\/2023\/07\/A91A3924-Edit-1024x732.jpg?strip=info&#038;w=800&#038;ssl=1 800w\" alt=\"Rewalsk\u00fd baltsk\u00fd pokoj\" data-height=\"572\" data-id=\"858\" data-link=\"https:\/\/wakacyjnyrewal.pl\/start\/a91a3924-edit\/\" data-url=\"https:\/\/wakacyjnyrewal.pl\/wp-content\/uploads\/2023\/07\/A91A3924-Edit-1024x732.jpg\" data-width=\"800\" src=\"https:\/\/i0.wp.com\/wakacyjnyrewal.pl\/wp-content\/uploads\/2023\/07\/A91A3924-Edit-1024x732.jpg?ssl=1\" data-amp-layout=\"responsive\"><\/a><\/figure><figure class=\"tiled-gallery__item\"><a href=\"https:\/\/i0.wp.com\/wakacyjnyrewal.pl\/wp-content\/uploads\/2023\/07\/A91A7795-1024x683.jpg?ssl=1\"><img decoding=\"async\" srcset=\"https:\/\/i2.wp.com\/wakacyjnyrewal.pl\/wp-content\/uploads\/2023\/07\/A91A7795-1024x683.jpg?strip=info&#038;w=600&#038;ssl=1 600w,https:\/\/i2.wp.com\/wakacyjnyrewal.pl\/wp-content\/uploads\/2023\/07\/A91A7795-1024x683.jpg?strip=info&#038;w=800&#038;ssl=1 800w\" alt=\"Rewalsk\u00fd spole\u010dn\u00e1 kuchy\u0148\" data-height=\"533\" data-id=\"891\" data-link=\"https:\/\/wakacyjnyrewal.pl\/a91a7795-2\/\" data-url=\"https:\/\/wakacyjnyrewal.pl\/wp-content\/uploads\/2023\/07\/A91A7795-1024x683.jpg\" data-width=\"800\" src=\"https:\/\/i2.wp.com\/wakacyjnyrewal.pl\/wp-content\/uploads\/2023\/07\/A91A7795-1024x683.jpg?ssl=1\" data-amp-layout=\"responsive\"><\/a><\/figure><\/div><\/div><div class=\"tiled-gallery__row\"><div class=\"tiled-gallery__col\" style=\"flex-basis:35.85800%\"><figure class=\"tiled-gallery__item\"><a href=\"https:\/\/i0.wp.com\/wakacyjnyrewal.pl\/wp-content\/uploads\/2023\/07\/A91A7442-Edit-1024x731.jpg?ssl=1\"><img decoding=\"async\" srcset=\"https:\/\/i0.wp.com\/wakacyjnyrewal.pl\/wp-content\/uploads\/2023\/07\/A91A7442-Edit-1024x731.jpg?strip=info&#038;w=600&#038;ssl=1 600w,https:\/\/i0.wp.com\/wakacyjnyrewal.pl\/wp-content\/uploads\/2023\/07\/A91A7442-Edit-1024x731.jpg?strip=info&#038;w=800&#038;ssl=1 800w\" alt=\"Rewalsk\u00fd Mo\u0159sk\u00fd koupelna\" data-height=\"572\" data-id=\"913\" data-link=\"https:\/\/wakacyjnyrewal.pl\/a91a7442-edit-2\/\" data-url=\"https:\/\/wakacyjnyrewal.pl\/wp-content\/uploads\/2023\/07\/A91A7442-Edit-1024x731.jpg\" data-width=\"800\" src=\"https:\/\/i0.wp.com\/wakacyjnyrewal.pl\/wp-content\/uploads\/2023\/07\/A91A7442-Edit-1024x731.jpg?ssl=1\" data-amp-layout=\"responsive\"><\/a><\/figure><\/div><div class=\"tiled-gallery__col\" style=\"flex-basis:38.47423%\"><figure class=\"tiled-gallery__item\"><a href=\"https:\/\/i0.wp.com\/wakacyjnyrewal.pl\/wp-content\/uploads\/2023\/07\/PS5_2733-Edit-1-1024x683.jpg?ssl=1\"><img decoding=\"async\" srcset=\"https:\/\/i1.wp.com\/wakacyjnyrewal.pl\/wp-content\/uploads\/2023\/07\/PS5_2733-Edit-1-1024x683.jpg?strip=info&#038;w=600&#038;ssl=1 600w,https:\/\/i1.wp.com\/wakacyjnyrewal.pl\/wp-content\/uploads\/2023\/07\/PS5_2733-Edit-1-1024x683.jpg?strip=info&#038;w=800&#038;ssl=1 800w\" alt=\"slune\u010dn\u00e1 terasa\" data-height=\"533\" data-id=\"954\" data-link=\"https:\/\/wakacyjnyrewal.pl\/ps5_2733-edit-2\/\" data-url=\"https:\/\/wakacyjnyrewal.pl\/wp-content\/uploads\/2023\/07\/PS5_2733-Edit-1-1024x683.jpg\" data-width=\"800\" src=\"https:\/\/i1.wp.com\/wakacyjnyrewal.pl\/wp-content\/uploads\/2023\/07\/PS5_2733-Edit-1-1024x683.jpg?ssl=1\" data-amp-layout=\"responsive\"><\/a><\/figure><\/div><div class=\"tiled-gallery__col\" style=\"flex-basis:25.66778%\"><figure class=\"tiled-gallery__item\"><a href=\"https:\/\/i0.wp.com\/wakacyjnyrewal.pl\/wp-content\/uploads\/2023\/07\/PS5_2703-Edit-800x600-1.jpg?ssl=1\"><img decoding=\"async\" alt=\"Rycerska 6\" data-id=\"970\" data-link=\"https:\/\/wakacyjnyrewal.pl\/ps5_2703-edit-800x600\/\" data-url=\"https:\/\/i0.wp.com\/wakacyjnyrewal.pl\/wp-content\/uploads\/2023\/07\/PS5_2703-Edit-800x600-1.jpg?w=1200&#038;ssl=1\" src=\"https:\/\/i0.wp.com\/wakacyjnyrewal.pl\/wp-content\/uploads\/2023\/07\/PS5_2703-Edit-800x600-1.jpg?w=1200&#038;ssl=1\" data-amp-layout=\"responsive\" data-recalc-dims=\"1\"><\/a><\/figure><\/div><\/div><\/div><\/div>\n\n<div style=\"height:50px\" aria-hidden=\"true\" class=\"wp-block-spacer\"><\/div>\n\n<h2 class=\"wp-block-heading\">Doporu\u010den\u00e1 trasa<\/h2>\n\n<div style=\"height:30px\" aria-hidden=\"true\" class=\"wp-block-spacer\"><\/div>\n\n<figure class=\"wp-block-image size-full is-style-default\"><img decoding=\"async\" loading=\"lazy\" width=\"1150\" height=\"832\" src=\"https:\/\/i0.wp.com\/wakacyjnyrewal.pl\/wp-content\/uploads\/2022\/04\/mapka.jpg?resize=1150%2C832\" alt=\"\" class=\"wp-image-255\" srcset=\"https:\/\/i0.wp.com\/wakacyjnyrewal.pl\/wp-content\/uploads\/2022\/04\/mapka.jpg?w=1150&amp;ssl=1 1150w, https:\/\/i0.wp.com\/wakacyjnyrewal.pl\/wp-content\/uploads\/2022\/04\/mapka.jpg?resize=300%2C217&amp;ssl=1 300w, https:\/\/i0.wp.com\/wakacyjnyrewal.pl\/wp-content\/uploads\/2022\/04\/mapka.jpg?resize=1024%2C741&amp;ssl=1 1024w, https:\/\/i0.wp.com\/wakacyjnyrewal.pl\/wp-content\/uploads\/2022\/04\/mapka.jpg?resize=768%2C556&amp;ssl=1 768w\" sizes=\"(max-width: 1150px) 100vw, 1150px\" data-recalc-dims=\"1\" \/><\/figure>","protected":false},"excerpt":{"rendered":"<p>Apartm\u00e1n Rewalsk\u00fd kter\u00fd se skl\u00e1d\u00e1 z pokoj\u016f: pomo\u0159ansk\u00fd, mo\u0159sk\u00fd a baltsk\u00fd Rewal, ul. Rycerska 6 100 m\u00b2 pro max. 9 osob, v ka\u017ed\u00e9m pokoji mohou bydlet a\u017e 3 osoby. Skv\u011bl\u00e9 ubytov\u00e1n\u00ed pro skupinu p\u0159\u00e1tel, ale m\u016f\u017ee\u0161 rezervovat i jednotliv\u00e9 pokoje se spole\u010dn\u00fdm vyu\u017e\u00edv\u00e1n\u00edm kuchyn\u011b a tak\u00e9 spole\u010dn\u00e9 terasy s v\u00fdhledem na mo\u0159e a sn\u00edda\u0148ov\u00fdm stolem.&hellip;<\/p>\n","protected":false},"author":1,"featured_media":0,"parent":0,"menu_order":0,"comment_status":"closed","ping_status":"closed","template":"","meta":[],"_links":{"self":[{"href":"https:\/\/wakacyjnyrewal.pl\/cs\/wp-json\/wp\/v2\/pages\/1578"}],"collection":[{"href":"https:\/\/wakacyjnyrewal.pl\/cs\/wp-json\/wp\/v2\/pages"}],"about":[{"href":"https:\/\/wakacyjnyrewal.pl\/cs\/wp-json\/wp\/v2\/types\/page"}],"author":[{"embeddable":true,"href":"https:\/\/wakacyjnyrewal.pl\/cs\/wp-json\/wp\/v2\/users\/1"}],"replies":[{"embeddable":true,"href":"https:\/\/wakacyjnyrewal.pl\/cs\/wp-json\/wp\/v2\/comments?post=1578"}],"version-history":[{"count":1,"href":"https:\/\/wakacyjnyrewal.pl\/cs\/wp-json\/wp\/v2\/pages\/1578\/revisions"}],"predecessor-version":[{"id":1579,"href":"https:\/\/wakacyjnyrewal.pl\/cs\/wp-json\/wp\/v2\/pages\/1578\/revisions\/1579"}],"wp:attachment":[{"href":"https:\/\/wakacyjnyrewal.pl\/cs\/wp-json\/wp\/v2\/media?parent=1578"}],"curies":[{"name":"wp","href":"https:\/\/api.w.org\/{rel}","templated":true}]}}