{"id":1510,"date":"2022-04-03T14:03:38","date_gmt":"2022-04-03T14:03:38","guid":{"rendered":"https:\/\/wakacyjnyrewal.pl\/feriestedet-rewal\/"},"modified":"2025-10-14T21:28:22","modified_gmt":"2025-10-14T21:28:22","slug":"feriestedet-rewal","status":"publish","type":"page","link":"https:\/\/wakacyjnyrewal.pl\/da\/feriestedet-rewal\/","title":{"rendered":"Feriestedet Rewal"},"content":{"rendered":"\n<h1 class=\"wp-block-heading\">Feriebolig Rewal<\/h1>\n\n<div style=\"height:40px\" aria-hidden=\"true\" class=\"wp-block-spacer\"><\/div>\n\n<h2 class=\"wp-block-heading\">Rewal, Mickiewicza gade 9\/2 <\/h2>\n\n<p><strong>26 m\u00b2 areal til maks. 4 personer  <\/strong><\/p>\n\n<div class=\"wp-block-columns is-layout-flex wp-container-3\">\n<div class=\"wp-block-column is-layout-flow\" style=\"flex-basis:66.66%\">\n<p class=\"has-text-align-center\">Ferieboligen p\u00e5 Mickiewicza gade i \u00f8konomisk standard er en prisvenlig mulighed for dem, der \u00f8nsker at tilbringe deres ferie ved den polske kyst. Lejligheden tilbyder grundl\u00e6ggende faciliteter, der sikrer et behageligt ophold. <\/p>\n\n\n\n<p class=\"has-text-align-center\">Lejligheden giver forhold, der vil tilfredsstille behovene hos dem, der prim\u00e6rt \u00f8nsker at nyde charmen ved en ferie ved \u00d8sters\u00f8en.<\/p>\n\n\n\n<p class=\"has-text-align-center\">Placeringen er attraktiv og giver nem adgang til stranden (afstanden til strandnedgangen ved Placu \u015aledzia Ba\u0142tyckiego er 350m), restauranter og andre lokale attraktioner, hvilket er en ekstra fordel ved denne lejlighed. Ligesom den komfortable, m\u00f8blerede, smukt beliggende terrasse. For dem, der is\u00e6r v\u00e6rds\u00e6tter en aktiv ferie og sightseeing, kan denne lejlighed v\u00e6re et passende valg. Den har ogs\u00e5 et simpelt tek\u00f8kken: k\u00f8leskab, mikrob\u00f8lgeovn, elektrisk komfur, elkedel, bord og stole, kaffe- og tes\u00e6t, ingen vask. Hvert v\u00e6relse har fladsk\u00e6rms-tv, et af v\u00e6relserne har aircondition, der er gratis Wi-Fi i lejligheden, samt st\u00f8vsuger, grundl\u00e6ggende reng\u00f8rings- og hygiejneartikler, senget\u00f8j og h\u00e5ndkl\u00e6der. Den ligger p\u00e5 f\u00f8rste sal med adgang via en separat udvendig trappe.     <\/p>\n\n\n\n<p class=\"has-text-align-center\">Du kan komme p\u00e5 ferie med en hund, kat eller andet lille k\u00e6ledyr, og der er ogs\u00e5 parkeringsplads til r\u00e5dighed. Det er muligt at hente n\u00f8glerne fra en boks efter forudg\u00e5ende kontakt. <\/p>\n\n\n\n<p><\/p>\n<\/div>\n\n\n\n<div class=\"wp-block-column is-layout-flow\" style=\"flex-basis:33.33%\">\n<figure class=\"wp-block-image size-full is-style-default\"><a href=\"https:\/\/i0.wp.com\/wakacyjnyrewal.pl\/wp-content\/uploads\/2022\/04\/wakacyjny.jpg\"><img decoding=\"async\" src=\"https:\/\/i0.wp.com\/wakacyjnyrewal.pl\/wp-content\/uploads\/2022\/04\/wakacyjny.jpg?w=1200\" alt=\"\" class=\"wp-image-224\" data-recalc-dims=\"1\"\/><\/a><\/figure><\/div>\n<\/div>\n\n<h2 class=\"wp-block-heading\">Beliggenhed <\/h2>\n\n<div style=\"height:30px\" aria-hidden=\"true\" class=\"wp-block-spacer\"><\/div>\n\n<iframe src=\"https:\/\/www.google.com\/maps\/embed?pb=!1m18!1m12!1m3!1d1098.746529000873!2d15.018582212092877!3d54.08220717979286!2m3!1f0!2f0!3f0!3m2!1i1024!2i768!4f13.1!3m3!1m2!1s0x4700763cb1cb721f%3A0x2901b70f3b27614!2sAdama%20Mickiewicza%209%2C%2072-344%20Rewal!5e0!3m2!1spl!2spl!4v1649002524709!5m2!1spl!2spl\" style=\"border:0;\" allowfullscreen=\"\" loading=\"lazy\" referrerpolicy=\"no-referrer-when-downgrade\" width=\"100%\" height=\"500\"><\/iframe>\n\n<div style=\"height:30px\" aria-hidden=\"true\" class=\"wp-block-spacer\"><\/div>\n\n<h2 class=\"wp-block-heading\">Fotogalleri<\/h2>\n\n<div style=\"height:30px\" aria-hidden=\"true\" class=\"wp-block-spacer\"><\/div>\n\n<div class=\"wp-block-jetpack-tiled-gallery aligncenter is-style-rectangular\"><div class=\"tiled-gallery__gallery\"><div class=\"tiled-gallery__row\"><div class=\"tiled-gallery__col\" style=\"flex-basis:39.84220%\"><figure class=\"tiled-gallery__item\"><a href=\"https:\/\/i0.wp.com\/wakacyjnyrewal.pl\/wp-content\/uploads\/2022\/04\/mickiew13-1024x691.jpg\"><img decoding=\"async\" srcset=\"https:\/\/i0.wp.com\/wakacyjnyrewal.pl\/wp-content\/uploads\/2022\/04\/mickiew13-1024x691.jpg?strip=info&#038;w=600 600w,https:\/\/i0.wp.com\/wakacyjnyrewal.pl\/wp-content\/uploads\/2022\/04\/mickiew13-1024x691.jpg?strip=info&#038;w=900 900w,https:\/\/i0.wp.com\/wakacyjnyrewal.pl\/wp-content\/uploads\/2022\/04\/mickiew13-1024x691.jpg?strip=info&#038;w=1200 1200w,https:\/\/i0.wp.com\/wakacyjnyrewal.pl\/wp-content\/uploads\/2022\/04\/mickiew13-1024x691.jpg?strip=info&#038;w=1500 1500w\" alt=\"Ferie indgang\" data-height=\"1012\" data-id=\"242\" data-link=\"http:\/\/wakacyjnyrewal.pl\/wakacyjny-rewal\/mickiew13\/\" data-url=\"http:\/\/wakacyjnyrewal.pl\/wp-content\/uploads\/2022\/04\/mickiew13-1024x691.jpg\" data-width=\"1500\" src=\"https:\/\/i0.wp.com\/wakacyjnyrewal.pl\/wp-content\/uploads\/2022\/04\/mickiew13-1024x691.jpg\" data-amp-layout=\"responsive\"><\/a><\/figure><figure class=\"tiled-gallery__item\"><a href=\"https:\/\/i0.wp.com\/wakacyjnyrewal.pl\/wp-content\/uploads\/2022\/04\/mickiew01-1024x755.jpg\"><img decoding=\"async\" srcset=\"https:\/\/i0.wp.com\/wakacyjnyrewal.pl\/wp-content\/uploads\/2022\/04\/mickiew01-1024x755.jpg?strip=info&#038;w=600 600w,https:\/\/i0.wp.com\/wakacyjnyrewal.pl\/wp-content\/uploads\/2022\/04\/mickiew01-1024x755.jpg?strip=info&#038;w=900 900w,https:\/\/i0.wp.com\/wakacyjnyrewal.pl\/wp-content\/uploads\/2022\/04\/mickiew01-1024x755.jpg?strip=info&#038;w=1200 1200w,https:\/\/i0.wp.com\/wakacyjnyrewal.pl\/wp-content\/uploads\/2022\/04\/mickiew01-1024x755.jpg?strip=info&#038;w=1500 1500w\" alt=\"\" data-height=\"1106\" data-id=\"230\" data-link=\"http:\/\/wakacyjnyrewal.pl\/wakacyjny-rewal\/mickiew01\/\" data-url=\"http:\/\/wakacyjnyrewal.pl\/wp-content\/uploads\/2022\/04\/mickiew01-1024x755.jpg\" data-width=\"1500\" src=\"https:\/\/i0.wp.com\/wakacyjnyrewal.pl\/wp-content\/uploads\/2022\/04\/mickiew01-1024x755.jpg\" data-amp-layout=\"responsive\"><\/a><\/figure><figure class=\"tiled-gallery__item\"><a href=\"https:\/\/i0.wp.com\/wakacyjnyrewal.pl\/wp-content\/uploads\/2022\/04\/mickiew14-1024x741.jpg\"><img decoding=\"async\" srcset=\"https:\/\/i2.wp.com\/wakacyjnyrewal.pl\/wp-content\/uploads\/2022\/04\/mickiew14-1024x741.jpg?strip=info&#038;w=600 600w,https:\/\/i2.wp.com\/wakacyjnyrewal.pl\/wp-content\/uploads\/2022\/04\/mickiew14-1024x741.jpg?strip=info&#038;w=900 900w,https:\/\/i2.wp.com\/wakacyjnyrewal.pl\/wp-content\/uploads\/2022\/04\/mickiew14-1024x741.jpg?strip=info&#038;w=1200 1200w,https:\/\/i2.wp.com\/wakacyjnyrewal.pl\/wp-content\/uploads\/2022\/04\/mickiew14-1024x741.jpg?strip=info&#038;w=1500 1500w\" alt=\"Ferie indgang\" data-height=\"1086\" data-id=\"243\" data-link=\"http:\/\/wakacyjnyrewal.pl\/wakacyjny-rewal\/mickiew14\/\" data-url=\"http:\/\/wakacyjnyrewal.pl\/wp-content\/uploads\/2022\/04\/mickiew14-1024x741.jpg\" data-width=\"1500\" src=\"https:\/\/i2.wp.com\/wakacyjnyrewal.pl\/wp-content\/uploads\/2022\/04\/mickiew14-1024x741.jpg\" data-amp-layout=\"responsive\"><\/a><\/figure><\/div><div class=\"tiled-gallery__col\" style=\"flex-basis:60.15780%\"><figure class=\"tiled-gallery__item\"><a href=\"https:\/\/i0.wp.com\/wakacyjnyrewal.pl\/wp-content\/uploads\/2022\/04\/mickiew02-721x1024.jpg\"><img decoding=\"async\" srcset=\"https:\/\/i0.wp.com\/wakacyjnyrewal.pl\/wp-content\/uploads\/2022\/04\/mickiew02-721x1024.jpg?strip=info&#038;w=600 600w,https:\/\/i0.wp.com\/wakacyjnyrewal.pl\/wp-content\/uploads\/2022\/04\/mickiew02-721x1024.jpg?strip=info&#038;w=900 900w,https:\/\/i0.wp.com\/wakacyjnyrewal.pl\/wp-content\/uploads\/2022\/04\/mickiew02-721x1024.jpg?strip=info&#038;w=1056 1056w\" alt=\"Ferie\" data-height=\"1500\" data-id=\"231\" data-link=\"http:\/\/wakacyjnyrewal.pl\/wakacyjny-rewal\/mickiew02\/\" data-url=\"http:\/\/wakacyjnyrewal.pl\/wp-content\/uploads\/2022\/04\/mickiew02-721x1024.jpg\" data-width=\"1056\" src=\"https:\/\/i0.wp.com\/wakacyjnyrewal.pl\/wp-content\/uploads\/2022\/04\/mickiew02-721x1024.jpg\" data-amp-layout=\"responsive\"><\/a><\/figure><\/div><\/div><div class=\"tiled-gallery__row\"><div class=\"tiled-gallery__col\" style=\"flex-basis:26.66234%\"><figure class=\"tiled-gallery__item\"><a href=\"https:\/\/i0.wp.com\/wakacyjnyrewal.pl\/wp-content\/uploads\/2022\/04\/mickiew03-749x1024.jpg\"><img decoding=\"async\" srcset=\"https:\/\/i2.wp.com\/wakacyjnyrewal.pl\/wp-content\/uploads\/2022\/04\/mickiew03-749x1024.jpg?strip=info&#038;w=600 600w,https:\/\/i2.wp.com\/wakacyjnyrewal.pl\/wp-content\/uploads\/2022\/04\/mickiew03-749x1024.jpg?strip=info&#038;w=900 900w,https:\/\/i2.wp.com\/wakacyjnyrewal.pl\/wp-content\/uploads\/2022\/04\/mickiew03-749x1024.jpg?strip=info&#038;w=1097 1097w\" alt=\"Feriedetalje\" data-height=\"1500\" data-id=\"232\" data-link=\"http:\/\/wakacyjnyrewal.pl\/wakacyjny-rewal\/mickiew03\/\" data-url=\"http:\/\/wakacyjnyrewal.pl\/wp-content\/uploads\/2022\/04\/mickiew03-749x1024.jpg\" data-width=\"1097\" src=\"https:\/\/i2.wp.com\/wakacyjnyrewal.pl\/wp-content\/uploads\/2022\/04\/mickiew03-749x1024.jpg\" data-amp-layout=\"responsive\"><\/a><\/figure><\/div><div class=\"tiled-gallery__col\" style=\"flex-basis:24.84226%\"><figure class=\"tiled-gallery__item\"><a href=\"https:\/\/i0.wp.com\/wakacyjnyrewal.pl\/wp-content\/uploads\/2022\/04\/mickiew04-698x1024.jpg\"><img decoding=\"async\" srcset=\"https:\/\/i0.wp.com\/wakacyjnyrewal.pl\/wp-content\/uploads\/2022\/04\/mickiew04-698x1024.jpg?strip=info&#038;w=600 600w,https:\/\/i0.wp.com\/wakacyjnyrewal.pl\/wp-content\/uploads\/2022\/04\/mickiew04-698x1024.jpg?strip=info&#038;w=900 900w,https:\/\/i0.wp.com\/wakacyjnyrewal.pl\/wp-content\/uploads\/2022\/04\/mickiew04-698x1024.jpg?strip=info&#038;w=1022 1022w\" alt=\"Feriebadev\u00e6relse\" data-height=\"1500\" data-id=\"233\" data-link=\"http:\/\/wakacyjnyrewal.pl\/wakacyjny-rewal\/mickiew04\/\" data-url=\"http:\/\/wakacyjnyrewal.pl\/wp-content\/uploads\/2022\/04\/mickiew04-698x1024.jpg\" data-width=\"1022\" src=\"https:\/\/i0.wp.com\/wakacyjnyrewal.pl\/wp-content\/uploads\/2022\/04\/mickiew04-698x1024.jpg\" data-amp-layout=\"responsive\"><\/a><\/figure><\/div><div class=\"tiled-gallery__col\" style=\"flex-basis:24.79372%\"><figure class=\"tiled-gallery__item\"><a href=\"https:\/\/i0.wp.com\/wakacyjnyrewal.pl\/wp-content\/uploads\/2022\/04\/mickiew05-696x1024.jpg\"><img decoding=\"async\" srcset=\"https:\/\/i1.wp.com\/wakacyjnyrewal.pl\/wp-content\/uploads\/2022\/04\/mickiew05-696x1024.jpg?strip=info&#038;w=600 600w,https:\/\/i1.wp.com\/wakacyjnyrewal.pl\/wp-content\/uploads\/2022\/04\/mickiew05-696x1024.jpg?strip=info&#038;w=900 900w,https:\/\/i1.wp.com\/wakacyjnyrewal.pl\/wp-content\/uploads\/2022\/04\/mickiew05-696x1024.jpg?strip=info&#038;w=1020 1020w\" alt=\"Feriebadev\u00e6relse\" data-height=\"1500\" data-id=\"234\" data-link=\"http:\/\/wakacyjnyrewal.pl\/wakacyjny-rewal\/mickiew05\/\" data-url=\"http:\/\/wakacyjnyrewal.pl\/wp-content\/uploads\/2022\/04\/mickiew05-696x1024.jpg\" data-width=\"1020\" src=\"https:\/\/i1.wp.com\/wakacyjnyrewal.pl\/wp-content\/uploads\/2022\/04\/mickiew05-696x1024.jpg\" data-amp-layout=\"responsive\"><\/a><\/figure><\/div><div class=\"tiled-gallery__col\" style=\"flex-basis:23.70168%\"><figure class=\"tiled-gallery__item\"><a href=\"https:\/\/i0.wp.com\/wakacyjnyrewal.pl\/wp-content\/uploads\/2022\/04\/mickiew06-666x1024.jpg\"><img decoding=\"async\" srcset=\"https:\/\/i2.wp.com\/wakacyjnyrewal.pl\/wp-content\/uploads\/2022\/04\/mickiew06-666x1024.jpg?strip=info&#038;w=600 600w,https:\/\/i2.wp.com\/wakacyjnyrewal.pl\/wp-content\/uploads\/2022\/04\/mickiew06-666x1024.jpg?strip=info&#038;w=900 900w,https:\/\/i2.wp.com\/wakacyjnyrewal.pl\/wp-content\/uploads\/2022\/04\/mickiew06-666x1024.jpg?strip=info&#038;w=975 975w\" alt=\"Ferie indgang\" data-height=\"1500\" data-id=\"235\" data-link=\"http:\/\/wakacyjnyrewal.pl\/wakacyjny-rewal\/mickiew06\/\" data-url=\"http:\/\/wakacyjnyrewal.pl\/wp-content\/uploads\/2022\/04\/mickiew06-666x1024.jpg\" data-width=\"975\" src=\"https:\/\/i2.wp.com\/wakacyjnyrewal.pl\/wp-content\/uploads\/2022\/04\/mickiew06-666x1024.jpg\" data-amp-layout=\"responsive\"><\/a><\/figure><\/div><\/div><div class=\"tiled-gallery__row\"><div class=\"tiled-gallery__col\" style=\"flex-basis:62.05360%\"><figure class=\"tiled-gallery__item\"><a href=\"https:\/\/i0.wp.com\/wakacyjnyrewal.pl\/wp-content\/uploads\/2022\/04\/mickiew07-713x1024.jpg\"><img decoding=\"async\" srcset=\"https:\/\/i2.wp.com\/wakacyjnyrewal.pl\/wp-content\/uploads\/2022\/04\/mickiew07-713x1024.jpg?strip=info&#038;w=600 600w,https:\/\/i2.wp.com\/wakacyjnyrewal.pl\/wp-content\/uploads\/2022\/04\/mickiew07-713x1024.jpg?strip=info&#038;w=900 900w,https:\/\/i2.wp.com\/wakacyjnyrewal.pl\/wp-content\/uploads\/2022\/04\/mickiew07-713x1024.jpg?strip=info&#038;w=1045 1045w\" alt=\"Feriev\u00e6relse 1\" data-height=\"1500\" data-id=\"236\" data-link=\"http:\/\/wakacyjnyrewal.pl\/wakacyjny-rewal\/mickiew07\/\" data-url=\"http:\/\/wakacyjnyrewal.pl\/wp-content\/uploads\/2022\/04\/mickiew07-713x1024.jpg\" data-width=\"1045\" src=\"https:\/\/i2.wp.com\/wakacyjnyrewal.pl\/wp-content\/uploads\/2022\/04\/mickiew07-713x1024.jpg\" data-amp-layout=\"responsive\"><\/a><\/figure><\/div><div class=\"tiled-gallery__col\" style=\"flex-basis:37.94640%\"><figure class=\"tiled-gallery__item\"><a href=\"https:\/\/i0.wp.com\/wakacyjnyrewal.pl\/wp-content\/uploads\/2022\/04\/mickiew08-1024x795.jpg\"><img decoding=\"async\" srcset=\"https:\/\/i1.wp.com\/wakacyjnyrewal.pl\/wp-content\/uploads\/2022\/04\/mickiew08-1024x795.jpg?strip=info&#038;w=600 600w,https:\/\/i1.wp.com\/wakacyjnyrewal.pl\/wp-content\/uploads\/2022\/04\/mickiew08-1024x795.jpg?strip=info&#038;w=900 900w,https:\/\/i1.wp.com\/wakacyjnyrewal.pl\/wp-content\/uploads\/2022\/04\/mickiew08-1024x795.jpg?strip=info&#038;w=1200 1200w,https:\/\/i1.wp.com\/wakacyjnyrewal.pl\/wp-content\/uploads\/2022\/04\/mickiew08-1024x795.jpg?strip=info&#038;w=1500 1500w\" alt=\"Feriev\u00e6relse 1\" data-height=\"1165\" data-id=\"237\" data-link=\"http:\/\/wakacyjnyrewal.pl\/wakacyjny-rewal\/mickiew08\/\" data-url=\"http:\/\/wakacyjnyrewal.pl\/wp-content\/uploads\/2022\/04\/mickiew08-1024x795.jpg\" data-width=\"1500\" src=\"https:\/\/i1.wp.com\/wakacyjnyrewal.pl\/wp-content\/uploads\/2022\/04\/mickiew08-1024x795.jpg\" data-amp-layout=\"responsive\"><\/a><\/figure><figure class=\"tiled-gallery__item\"><a href=\"https:\/\/i0.wp.com\/wakacyjnyrewal.pl\/wp-content\/uploads\/2022\/04\/mickiew09-1024x774.jpg\"><img decoding=\"async\" srcset=\"https:\/\/i2.wp.com\/wakacyjnyrewal.pl\/wp-content\/uploads\/2022\/04\/mickiew09-1024x774.jpg?strip=info&#038;w=600 600w,https:\/\/i2.wp.com\/wakacyjnyrewal.pl\/wp-content\/uploads\/2022\/04\/mickiew09-1024x774.jpg?strip=info&#038;w=900 900w,https:\/\/i2.wp.com\/wakacyjnyrewal.pl\/wp-content\/uploads\/2022\/04\/mickiew09-1024x774.jpg?strip=info&#038;w=1200 1200w,https:\/\/i2.wp.com\/wakacyjnyrewal.pl\/wp-content\/uploads\/2022\/04\/mickiew09-1024x774.jpg?strip=info&#038;w=1500 1500w\" alt=\"Feriev\u00e6relse 2\" data-height=\"1134\" data-id=\"238\" data-link=\"http:\/\/wakacyjnyrewal.pl\/wakacyjny-rewal\/mickiew09\/\" data-url=\"http:\/\/wakacyjnyrewal.pl\/wp-content\/uploads\/2022\/04\/mickiew09-1024x774.jpg\" data-width=\"1500\" src=\"https:\/\/i2.wp.com\/wakacyjnyrewal.pl\/wp-content\/uploads\/2022\/04\/mickiew09-1024x774.jpg\" data-amp-layout=\"responsive\"><\/a><\/figure><figure class=\"tiled-gallery__item\"><a href=\"https:\/\/i0.wp.com\/wakacyjnyrewal.pl\/wp-content\/uploads\/2022\/04\/mickiew10-1024x825.jpg\"><img decoding=\"async\" srcset=\"https:\/\/i0.wp.com\/wakacyjnyrewal.pl\/wp-content\/uploads\/2022\/04\/mickiew10-1024x825.jpg?strip=info&#038;w=600 600w,https:\/\/i0.wp.com\/wakacyjnyrewal.pl\/wp-content\/uploads\/2022\/04\/mickiew10-1024x825.jpg?strip=info&#038;w=900 900w,https:\/\/i0.wp.com\/wakacyjnyrewal.pl\/wp-content\/uploads\/2022\/04\/mickiew10-1024x825.jpg?strip=info&#038;w=1200 1200w,https:\/\/i0.wp.com\/wakacyjnyrewal.pl\/wp-content\/uploads\/2022\/04\/mickiew10-1024x825.jpg?strip=info&#038;w=1500 1500w\" alt=\"Feriev\u00e6relse 2\" data-height=\"1209\" data-id=\"239\" data-link=\"http:\/\/wakacyjnyrewal.pl\/wakacyjny-rewal\/mickiew10\/\" data-url=\"http:\/\/wakacyjnyrewal.pl\/wp-content\/uploads\/2022\/04\/mickiew10-1024x825.jpg\" data-width=\"1500\" src=\"https:\/\/i0.wp.com\/wakacyjnyrewal.pl\/wp-content\/uploads\/2022\/04\/mickiew10-1024x825.jpg\" data-amp-layout=\"responsive\"><\/a><\/figure><\/div><\/div><\/div><\/div>\n","protected":false},"excerpt":{"rendered":"<p>Feriebolig Rewal Rewal, Mickiewicza gade 9\/2 26 m\u00b2 areal til maks. 4 personer Ferieboligen p\u00e5 Mickiewicza gade i \u00f8konomisk standard er en prisvenlig mulighed for dem, der \u00f8nsker at tilbringe deres ferie ved den polske kyst. Lejligheden tilbyder grundl\u00e6ggende faciliteter, der sikrer et behageligt ophold. Lejligheden giver forhold, der vil tilfredsstille behovene hos dem, der&hellip;<\/p>\n","protected":false},"author":1,"featured_media":0,"parent":0,"menu_order":0,"comment_status":"closed","ping_status":"closed","template":"","meta":[],"_links":{"self":[{"href":"https:\/\/wakacyjnyrewal.pl\/da\/wp-json\/wp\/v2\/pages\/1510"}],"collection":[{"href":"https:\/\/wakacyjnyrewal.pl\/da\/wp-json\/wp\/v2\/pages"}],"about":[{"href":"https:\/\/wakacyjnyrewal.pl\/da\/wp-json\/wp\/v2\/types\/page"}],"author":[{"embeddable":true,"href":"https:\/\/wakacyjnyrewal.pl\/da\/wp-json\/wp\/v2\/users\/1"}],"replies":[{"embeddable":true,"href":"https:\/\/wakacyjnyrewal.pl\/da\/wp-json\/wp\/v2\/comments?post=1510"}],"version-history":[{"count":1,"href":"https:\/\/wakacyjnyrewal.pl\/da\/wp-json\/wp\/v2\/pages\/1510\/revisions"}],"predecessor-version":[{"id":1522,"href":"https:\/\/wakacyjnyrewal.pl\/da\/wp-json\/wp\/v2\/pages\/1510\/revisions\/1522"}],"wp:attachment":[{"href":"https:\/\/wakacyjnyrewal.pl\/da\/wp-json\/wp\/v2\/media?parent=1510"}],"curies":[{"name":"wp","href":"https:\/\/api.w.org\/{rel}","templated":true}]}}