{"id":1588,"date":"2023-03-24T20:31:06","date_gmt":"2023-03-24T20:31:06","guid":{"rendered":"https:\/\/wakacyjnyrewal.pl\/rewalsk\/"},"modified":"2025-10-14T21:53:09","modified_gmt":"2025-10-14T21:53:09","slug":"rewalsk","status":"publish","type":"page","link":"https:\/\/wakacyjnyrewal.pl\/da\/rewalsk\/","title":{"rendered":"Rewalsk"},"content":{"rendered":"\n<h1 class=\"wp-block-heading\">Lejlighed Rewalski<\/h1>\n\n<h2 class=\"wp-block-heading\">som best\u00e5r af: pommerskt v\u00e6relse, havv\u00e6relse og baltisk v\u00e6relse<\/h2>\n\n<div style=\"height:40px\" aria-hidden=\"true\" class=\"wp-block-spacer\"><\/div>\n\n<h2 class=\"wp-block-heading\">Rewal, Rycerska 6 <\/h2>\n\n<p><strong>100 kvm til maks. 9 personer, hvert v\u00e6relse kan rumme op til 3 personer.  <\/strong><\/p>\n\n<div class=\"wp-block-columns is-layout-flex wp-container-2\">\n<div class=\"wp-block-column is-layout-flow\" style=\"flex-basis:100%\">\n<p class=\"has-text-align-center\">Fantastisk bolig for en gruppe venner, men du kan ogs\u00e5 reservere enkelte v\u00e6relser med mulighed for f\u00e6lles brug af k\u00f8kken samt f\u00e6lles terrasse med havudsigt og morgenmadsbord.<\/p>\n\n\n\n<p class=\"has-text-align-center\"><\/p>\n\n\n\n<p class=\"has-text-align-center\">Hvis du leder efter et hyggeligt, men samtidig moderne sted, s\u00e5 er Lejlighed Rewalski noget for dig! Designet med komfort og funktionalitet i tankerne vil denne lejlighed helt sikkert opfylde alle dine forventninger. <\/p>\n\n\n\n<p class=\"has-text-align-center\">Denne rummelige og komfortable lejlighed best\u00e5r af tre charmerende v\u00e6relser: Pommern, Maritime og Baltisk. Hver af dem har sin egen karakter og sikrer uforglemmelige oplevelser under opholdet. Lejligheden er perfekt til en gruppe venner. Den har en fantastisk terrasse med havudsigt, hvor du kan nyde din morgenkaffe&#8230;   <\/p>\n\n\n\n<p class=\"has-text-align-center\"><strong>Pommerskt v\u00e6relse<\/strong> Velkommen til hjertet af Pommern-regionen! Det pommerske v\u00e6relse er omhyggeligt indrettet i \u00e5nden af lokal tradition og historie. Dets hyggelige indretning i nuancer af bl\u00e5t og hvidt refererer til kystlandskaber og fisketraditioner. Den komfortable seng og det smukke kommode, fulde af havrelaterede detaljer, vil f\u00e5 dig til at f\u00f8le dig som en \u00e6gte beboer af denne unikke region.   <\/p>\n\n\n\n<p class=\"has-text-align-center\"><strong>Havv\u00e6relse<\/strong> Dyk ned i havets dybder i vores havv\u00e6relse. Farveskemaet holdt i nuancer af turkis, bl\u00e5t og gr\u00f8nt inspirerer og afslapper. Detaljer i form af muslingeskaller, havmotiver og havskulpturer skaber en atmosf\u00e6re fuld af ro og afslapning. Den komfortable seng og det rummelige skab sikrer dig en komfortabel hvile efter en dag fuld af attraktioner p\u00e5 stranden. Har balkon med udsigt til en rolig gade.    <\/p>\n\n\n\n<p class=\"has-text-align-center\"><strong>Baltisk v\u00e6relse<\/strong> Dette v\u00e6relse er en hyldest til selve \u00d8sters\u00f8en &#8211; mystisk, st\u00e6rk og uudgrundelig. Indretningen i nuancer af sand og gr\u00e5, beriget med detaljer relateret til sejlads og kystens natur, skaber en unik atmosf\u00e6re. Den komfortable seng og det lille hvileomr\u00e5de indbyder til afslapning og nydelse af \u00f8jeblikke af hvile.  <\/p>\n\n\n\n<p class=\"has-text-align-center\"><strong>F\u00e6lles k\u00f8kken<\/strong> Lejlighed Rewalski har et rummeligt, fuldt udstyret k\u00f8kken, hvor du kan tilberede dine yndlingsm\u00e5ltider. K\u00f8kkenet er indrettet i moderne stil og tilbyder alle n\u00f8dvendige faciliteter som k\u00f8leskab, komfur, opvaskemaskine, ovn, br\u00f8drister, mikrob\u00f8lgeovn samt service og bestik, samt vaskemaskine og borde til m\u00e5ltider. Madlavning med havudsigt bliver en forn\u00f8jelse, og f\u00e6lles m\u00e5ltider med familie eller venner bliver en perfekt lejlighed til at dele ferieoplevelser.  <\/p>\n\n\n\n<p class=\"has-text-align-center\"><strong>Solrig terrasse<\/strong> Lejlighed Rewalski tilbyder ogs\u00e5 en solrig terrasse med havudsigt, hvor du kan nyde morgenmad, eftermiddagste eller en romantisk middag ved solnedgang. Terrassen er udstyret med komfortable havem\u00f8bler, s\u00e5 du kan tilbringe tid her i en atmosf\u00e6re af fuldst\u00e6ndig afslapning og harmoni. <\/p>\n\n\n\n<p class=\"has-text-align-center\">Velkommen til Rewal Lejligheden &#8211; det perfekte sted for familieferie eller en romantisk strandtur. Uforglemmelige oplevelser, smukke udsigter og en unik atmosf\u00e6re venter p\u00e5 dig! <\/p>\n\n\n\n<p class=\"has-text-align-center\">Har selvst\u00e6ndig indgang, ligger p\u00e5 f\u00f8rste sal, som man kommer til via selvst\u00e6ndige trapper. Du kan komme til lejligheden p\u00e5 ferie med hund, kat eller andet lille k\u00e6ledyr, der er ogs\u00e5 parkeringsplads til r\u00e5dighed. Det er muligt at hente n\u00f8gler fra en n\u00f8gleboks efter forudg\u00e5ende kontakt.  <\/p>\n<\/div>\n<\/div>\n\n<div class=\"wp-block-columns is-layout-flex wp-container-4\">\n<div class=\"wp-block-column is-layout-flow\" style=\"flex-basis:100%\"><div class=\"wp-block-image simplelightbox\">\n<figure class=\"aligncenter size-large is-resized\"><a href=\"https:\/\/i0.wp.com\/wakacyjnyrewal.pl\/wp-content\/uploads\/2023\/04\/Rewalski_plan.png\"><img decoding=\"async\" loading=\"lazy\" src=\"https:\/\/i0.wp.com\/wakacyjnyrewal.pl\/wp-content\/uploads\/2023\/04\/Rewalski_plan2.png?resize=472%2C239\" alt=\"\" width=\"472\" height=\"239\" data-recalc-dims=\"1\" \/><\/a><\/figure><\/div><\/div>\n<\/div>\n\n<div style=\"height:50px\" aria-hidden=\"true\" class=\"wp-block-spacer\"><\/div>\n\n<h2 class=\"wp-block-heading\">Beliggenhed <\/h2>\n\n<div style=\"height:30px\" aria-hidden=\"true\" class=\"wp-block-spacer\"><\/div>\n\n<iframe src=\"https:\/\/www.google.com\/maps\/embed?pb=!1m18!1m12!1m3!1d1655.0299609108065!2d15.009902530226524!3d54.08144964975045!2m3!1f0!2f0!3f0!3m2!1i1024!2i768!4f13.1!3m3!1m2!1s0x4700762408b1bb6b%3A0x49741f20f25569ba!2sRycerska%206%2C%2072-344%20Rewal!5e0!3m2!1spl!2spl!4v1649442295365!5m2!1spl!2spl\" style=\"border:0;\" allowfullscreen=\"\" loading=\"lazy\" referrerpolicy=\"no-referrer-when-downgrade\" width=\"100%\" height=\"500\"><\/iframe>\n\n<div style=\"height:50px\" aria-hidden=\"true\" class=\"wp-block-spacer\"><\/div>\n\n<h2 class=\"wp-block-heading\">Fotogalleri<\/h2>\n\n<div style=\"height:30px\" aria-hidden=\"true\" class=\"wp-block-spacer\"><\/div>\n\n<div class=\"wp-block-jetpack-tiled-gallery aligncenter is-style-rectangular\"><div class=\"tiled-gallery__gallery\"><div class=\"tiled-gallery__row\"><div class=\"tiled-gallery__col\" style=\"flex-basis:29.57350%\"><figure class=\"tiled-gallery__item\"><a href=\"https:\/\/i0.wp.com\/wakacyjnyrewal.pl\/wp-content\/uploads\/2023\/07\/A91A7535-Edit-683x1024.jpg?ssl=1\"><img decoding=\"async\" alt=\"Rewal Pommern sofa\" data-id=\"906\" data-link=\"https:\/\/wakacyjnyrewal.pl\/a91a7535-edit-2\/\" data-url=\"https:\/\/i0.wp.com\/wakacyjnyrewal.pl\/wp-content\/uploads\/2023\/07\/A91A7535-Edit-683x1024.jpg?resize=683%2C1024&#038;ssl=1\" src=\"https:\/\/i0.wp.com\/wakacyjnyrewal.pl\/wp-content\/uploads\/2023\/07\/A91A7535-Edit-683x1024.jpg?resize=683%2C1024&#038;ssl=1\" data-amp-layout=\"responsive\" data-recalc-dims=\"1\"><\/a><\/figure><\/div><div class=\"tiled-gallery__col\" style=\"flex-basis:19.72572%\"><figure class=\"tiled-gallery__item\"><a href=\"https:\/\/i0.wp.com\/wakacyjnyrewal.pl\/wp-content\/uploads\/2023\/07\/A91A7541-Edit-683x1024.jpg?ssl=1\"><img decoding=\"async\" srcset=\"https:\/\/i0.wp.com\/wakacyjnyrewal.pl\/wp-content\/uploads\/2023\/07\/A91A7541-Edit-683x1024.jpg?strip=info&#038;w=533&#038;ssl=1 533w\" alt=\"Rewal solrig terrasse havudsigt\" data-height=\"800\" data-id=\"900\" data-link=\"https:\/\/wakacyjnyrewal.pl\/a91a7541-edit-2\/\" data-url=\"https:\/\/wakacyjnyrewal.pl\/wp-content\/uploads\/2023\/07\/A91A7541-Edit-683x1024.jpg\" data-width=\"533\" src=\"https:\/\/i0.wp.com\/wakacyjnyrewal.pl\/wp-content\/uploads\/2023\/07\/A91A7541-Edit-683x1024.jpg?ssl=1\" data-amp-layout=\"responsive\"><\/a><\/figure><\/div><div class=\"tiled-gallery__col\" style=\"flex-basis:29.57350%\"><figure class=\"tiled-gallery__item\"><a href=\"https:\/\/i0.wp.com\/wakacyjnyrewal.pl\/wp-content\/uploads\/2023\/07\/PS5_2303-Edit-683x1024.jpg?ssl=1\"><img decoding=\"async\" alt=\"Rewal f\u00e6lles k\u00f8kken\" data-id=\"899\" data-link=\"https:\/\/wakacyjnyrewal.pl\/ps5_2303-edit-2\/\" data-url=\"https:\/\/i0.wp.com\/wakacyjnyrewal.pl\/wp-content\/uploads\/2023\/07\/PS5_2303-Edit-683x1024.jpg?resize=683%2C1024&#038;ssl=1\" src=\"https:\/\/i0.wp.com\/wakacyjnyrewal.pl\/wp-content\/uploads\/2023\/07\/PS5_2303-Edit-683x1024.jpg?resize=683%2C1024&#038;ssl=1\" data-amp-layout=\"responsive\" data-recalc-dims=\"1\"><\/a><\/figure><\/div><div class=\"tiled-gallery__col\" style=\"flex-basis:21.12728%\"><figure class=\"tiled-gallery__item\"><a href=\"https:\/\/i0.wp.com\/wakacyjnyrewal.pl\/wp-content\/uploads\/2023\/07\/A91A7837-Edit-731x1024.jpg?ssl=1\"><img decoding=\"async\" srcset=\"https:\/\/i0.wp.com\/wakacyjnyrewal.pl\/wp-content\/uploads\/2023\/07\/A91A7837-Edit-731x1024.jpg?strip=info&#038;w=571&#038;ssl=1 571w\" alt=\"Rewal - Baltisk badev\u00e6relse med bruser\" data-height=\"800\" data-id=\"920\" data-link=\"https:\/\/wakacyjnyrewal.pl\/a91a7837-edit-2\/\" data-url=\"https:\/\/wakacyjnyrewal.pl\/wp-content\/uploads\/2023\/07\/A91A7837-Edit-731x1024.jpg\" data-width=\"571\" src=\"https:\/\/i0.wp.com\/wakacyjnyrewal.pl\/wp-content\/uploads\/2023\/07\/A91A7837-Edit-731x1024.jpg?ssl=1\" data-amp-layout=\"responsive\"><\/a><\/figure><\/div><\/div><div class=\"tiled-gallery__row\"><div class=\"tiled-gallery__col\" style=\"flex-basis:64.08055%\"><figure class=\"tiled-gallery__item\"><a href=\"https:\/\/i0.wp.com\/wakacyjnyrewal.pl\/wp-content\/uploads\/2023\/04\/A91A7512-Edit-683x1024.jpg?ssl=1\"><img decoding=\"async\" srcset=\"https:\/\/i1.wp.com\/wakacyjnyrewal.pl\/wp-content\/uploads\/2023\/04\/A91A7512-Edit-683x1024.jpg?strip=info&#038;w=533&#038;ssl=1 533w\" alt=\"Rewal Pommern v\u00e6relse\" data-height=\"800\" data-id=\"559\" data-link=\"https:\/\/wakacyjnyrewal.pl\/a91a7512-edit\/\" data-url=\"https:\/\/wakacyjnyrewal.pl\/wp-content\/uploads\/2023\/04\/A91A7512-Edit-683x1024.jpg\" data-width=\"533\" src=\"https:\/\/i1.wp.com\/wakacyjnyrewal.pl\/wp-content\/uploads\/2023\/04\/A91A7512-Edit-683x1024.jpg?ssl=1\" data-amp-layout=\"responsive\"><\/a><\/figure><\/div><div class=\"tiled-gallery__col\" style=\"flex-basis:35.91945%\"><figure class=\"tiled-gallery__item\"><a href=\"https:\/\/i0.wp.com\/wakacyjnyrewal.pl\/wp-content\/uploads\/2023\/07\/A91A7841-Edit-1024x731.jpg?ssl=1\"><img decoding=\"async\" alt=\"Baltisk badev\u00e6relse\" data-id=\"921\" data-link=\"https:\/\/wakacyjnyrewal.pl\/a91a7841-edit-2\/\" data-url=\"https:\/\/i0.wp.com\/wakacyjnyrewal.pl\/wp-content\/uploads\/2023\/07\/A91A7841-Edit-1024x731.jpg?resize=1024%2C731&#038;ssl=1\" src=\"https:\/\/i0.wp.com\/wakacyjnyrewal.pl\/wp-content\/uploads\/2023\/07\/A91A7841-Edit-1024x731.jpg?resize=1024%2C731&#038;ssl=1\" data-amp-layout=\"responsive\" data-recalc-dims=\"1\"><\/a><\/figure><figure class=\"tiled-gallery__item\"><a href=\"https:\/\/i0.wp.com\/wakacyjnyrewal.pl\/wp-content\/uploads\/2023\/07\/PS5_2202-Edit-1024x731.jpg?ssl=1\"><img decoding=\"async\" alt=\"Rewal Maritime detalje\" data-id=\"915\" data-link=\"https:\/\/wakacyjnyrewal.pl\/ps5_2202-edit-2\/\" data-url=\"https:\/\/i0.wp.com\/wakacyjnyrewal.pl\/wp-content\/uploads\/2023\/07\/PS5_2202-Edit-1024x731.jpg?resize=1024%2C731&#038;ssl=1\" src=\"https:\/\/i0.wp.com\/wakacyjnyrewal.pl\/wp-content\/uploads\/2023\/07\/PS5_2202-Edit-1024x731.jpg?resize=1024%2C731&#038;ssl=1\" data-amp-layout=\"responsive\" data-recalc-dims=\"1\"><\/a><\/figure><figure class=\"tiled-gallery__item\"><a href=\"https:\/\/i0.wp.com\/wakacyjnyrewal.pl\/wp-content\/uploads\/2023\/07\/A91A3847-Enhanced-NR-Edit-1024x683.jpg?ssl=1\"><img decoding=\"async\" srcset=\"https:\/\/i1.wp.com\/wakacyjnyrewal.pl\/wp-content\/uploads\/2023\/07\/A91A3847-Enhanced-NR-Edit-1024x683.jpg?strip=info&#038;w=600&#038;ssl=1 600w,https:\/\/i1.wp.com\/wakacyjnyrewal.pl\/wp-content\/uploads\/2023\/07\/A91A3847-Enhanced-NR-Edit-1024x683.jpg?strip=info&#038;w=800&#038;ssl=1 800w\" alt=\"Rewal pommern v\u00e6relse\" data-height=\"533\" data-id=\"857\" data-link=\"https:\/\/wakacyjnyrewal.pl\/start\/a91a3847-enhanced-nr-edit\/\" data-url=\"https:\/\/wakacyjnyrewal.pl\/wp-content\/uploads\/2023\/07\/A91A3847-Enhanced-NR-Edit-1024x683.jpg\" data-width=\"800\" src=\"https:\/\/i1.wp.com\/wakacyjnyrewal.pl\/wp-content\/uploads\/2023\/07\/A91A3847-Enhanced-NR-Edit-1024x683.jpg?ssl=1\" data-amp-layout=\"responsive\"><\/a><\/figure><\/div><\/div><div class=\"tiled-gallery__row\"><div class=\"tiled-gallery__col\" style=\"flex-basis:37.36945%\"><figure class=\"tiled-gallery__item\"><a href=\"https:\/\/i0.wp.com\/wakacyjnyrewal.pl\/wp-content\/uploads\/2023\/07\/A91A7842-1024x683.jpg?ssl=1\"><img decoding=\"async\" srcset=\"https:\/\/i1.wp.com\/wakacyjnyrewal.pl\/wp-content\/uploads\/2023\/07\/A91A7842-1024x683.jpg?strip=info&#038;w=600&#038;ssl=1 600w,https:\/\/i1.wp.com\/wakacyjnyrewal.pl\/wp-content\/uploads\/2023\/07\/A91A7842-1024x683.jpg?strip=info&#038;w=800&#038;ssl=1 800w\" alt=\"Provence detalje\" data-height=\"533\" data-id=\"922\" data-link=\"https:\/\/wakacyjnyrewal.pl\/a91a7842-2\/\" data-url=\"https:\/\/wakacyjnyrewal.pl\/wp-content\/uploads\/2023\/07\/A91A7842-1024x683.jpg\" data-width=\"800\" src=\"https:\/\/i1.wp.com\/wakacyjnyrewal.pl\/wp-content\/uploads\/2023\/07\/A91A7842-1024x683.jpg?ssl=1\" data-amp-layout=\"responsive\"><\/a><\/figure><figure class=\"tiled-gallery__item\"><a href=\"https:\/\/i0.wp.com\/wakacyjnyrewal.pl\/wp-content\/uploads\/2023\/07\/A91A7827-Edit-1024x683.jpg?ssl=1\"><img decoding=\"async\" alt=\"Rewalski - Baltisk badev\u00e6relse\" data-id=\"919\" data-link=\"https:\/\/wakacyjnyrewal.pl\/a91a7827-edit-2\/\" data-url=\"https:\/\/i0.wp.com\/wakacyjnyrewal.pl\/wp-content\/uploads\/2023\/07\/A91A7827-Edit-1024x683.jpg?resize=1024%2C683&#038;ssl=1\" src=\"https:\/\/i0.wp.com\/wakacyjnyrewal.pl\/wp-content\/uploads\/2023\/07\/A91A7827-Edit-1024x683.jpg?resize=1024%2C683&#038;ssl=1\" data-amp-layout=\"responsive\" data-recalc-dims=\"1\"><\/a><\/figure><figure class=\"tiled-gallery__item\"><a href=\"https:\/\/i0.wp.com\/wakacyjnyrewal.pl\/wp-content\/uploads\/2023\/07\/A91A7678-Edit-1024x683.jpg?ssl=1\"><img decoding=\"async\" srcset=\"https:\/\/i2.wp.com\/wakacyjnyrewal.pl\/wp-content\/uploads\/2023\/07\/A91A7678-Edit-1024x683.jpg?strip=info&#038;w=600&#038;ssl=1 600w,https:\/\/i2.wp.com\/wakacyjnyrewal.pl\/wp-content\/uploads\/2023\/07\/A91A7678-Edit-1024x683.jpg?strip=info&#038;w=800&#038;ssl=1 800w\" alt=\"Lejlighed Rewalski - Baltisk\" data-height=\"533\" data-id=\"917\" data-link=\"https:\/\/wakacyjnyrewal.pl\/a91a7678-edit-2\/\" data-url=\"https:\/\/wakacyjnyrewal.pl\/wp-content\/uploads\/2023\/07\/A91A7678-Edit-1024x683.jpg\" data-width=\"800\" src=\"https:\/\/i2.wp.com\/wakacyjnyrewal.pl\/wp-content\/uploads\/2023\/07\/A91A7678-Edit-1024x683.jpg?ssl=1\" data-amp-layout=\"responsive\"><\/a><\/figure><\/div><div class=\"tiled-gallery__col\" style=\"flex-basis:62.63055%\"><figure class=\"tiled-gallery__item\"><a href=\"https:\/\/i0.wp.com\/wakacyjnyrewal.pl\/wp-content\/uploads\/2023\/07\/A91A7413-Edit-Edit-732x1024.jpg?ssl=1\"><img decoding=\"async\" srcset=\"https:\/\/i2.wp.com\/wakacyjnyrewal.pl\/wp-content\/uploads\/2023\/07\/A91A7413-Edit-Edit-732x1024.jpg?strip=info&#038;w=572&#038;ssl=1 572w\" alt=\"Rewalski Havv\u00e6relse badev\u00e6relse\" data-height=\"800\" data-id=\"916\" data-link=\"https:\/\/wakacyjnyrewal.pl\/a91a7413-edit-edit-2\/\" data-url=\"https:\/\/wakacyjnyrewal.pl\/wp-content\/uploads\/2023\/07\/A91A7413-Edit-Edit-732x1024.jpg\" data-width=\"572\" src=\"https:\/\/i2.wp.com\/wakacyjnyrewal.pl\/wp-content\/uploads\/2023\/07\/A91A7413-Edit-Edit-732x1024.jpg?ssl=1\" data-amp-layout=\"responsive\"><\/a><\/figure><\/div><\/div><div class=\"tiled-gallery__row\"><div class=\"tiled-gallery__col\" style=\"flex-basis:52.70058%\"><figure class=\"tiled-gallery__item\"><a href=\"https:\/\/i0.wp.com\/wakacyjnyrewal.pl\/wp-content\/uploads\/2023\/07\/A91A7630-Edit-683x1024.jpg?ssl=1\"><img decoding=\"async\" srcset=\"https:\/\/i0.wp.com\/wakacyjnyrewal.pl\/wp-content\/uploads\/2023\/07\/A91A7630-Edit-683x1024.jpg?strip=info&#038;w=533&#038;ssl=1 533w\" alt=\"Rewal Maritime detalje\" data-height=\"800\" data-id=\"914\" data-link=\"https:\/\/wakacyjnyrewal.pl\/a91a7630-edit-3\/\" data-url=\"https:\/\/wakacyjnyrewal.pl\/wp-content\/uploads\/2023\/07\/A91A7630-Edit-683x1024.jpg\" data-width=\"533\" src=\"https:\/\/i0.wp.com\/wakacyjnyrewal.pl\/wp-content\/uploads\/2023\/07\/A91A7630-Edit-683x1024.jpg?ssl=1\" data-amp-layout=\"responsive\"><\/a><\/figure><\/div><div class=\"tiled-gallery__col\" style=\"flex-basis:47.29942%\"><figure class=\"tiled-gallery__item\"><a href=\"https:\/\/i0.wp.com\/wakacyjnyrewal.pl\/wp-content\/uploads\/2023\/07\/A91A7550-Edit-1024x683.jpg?ssl=1\"><img decoding=\"async\" alt=\"Rewalski solrig terrasse\/k\u00f8kken\" data-id=\"902\" data-link=\"https:\/\/wakacyjnyrewal.pl\/a91a7550-edit-2\/\" data-url=\"https:\/\/i0.wp.com\/wakacyjnyrewal.pl\/wp-content\/uploads\/2023\/07\/A91A7550-Edit-1024x683.jpg?resize=1024%2C683&#038;ssl=1\" src=\"https:\/\/i0.wp.com\/wakacyjnyrewal.pl\/wp-content\/uploads\/2023\/07\/A91A7550-Edit-1024x683.jpg?resize=1024%2C683&#038;ssl=1\" data-amp-layout=\"responsive\" data-recalc-dims=\"1\"><\/a><\/figure><figure class=\"tiled-gallery__item\"><a href=\"https:\/\/i0.wp.com\/wakacyjnyrewal.pl\/wp-content\/uploads\/2023\/07\/A91A7521-Edit-1024x683.jpg?ssl=1\"><img decoding=\"async\" srcset=\"https:\/\/i1.wp.com\/wakacyjnyrewal.pl\/wp-content\/uploads\/2023\/07\/A91A7521-Edit-1024x683.jpg?strip=info&#038;w=600&#038;ssl=1 600w,https:\/\/i1.wp.com\/wakacyjnyrewal.pl\/wp-content\/uploads\/2023\/07\/A91A7521-Edit-1024x683.jpg?strip=info&#038;w=800&#038;ssl=1 800w\" alt=\"Rewal Pommern detalje\" data-height=\"533\" data-id=\"903\" data-link=\"https:\/\/wakacyjnyrewal.pl\/a91a7521-edit-2\/\" data-url=\"https:\/\/wakacyjnyrewal.pl\/wp-content\/uploads\/2023\/07\/A91A7521-Edit-1024x683.jpg\" data-width=\"800\" src=\"https:\/\/i1.wp.com\/wakacyjnyrewal.pl\/wp-content\/uploads\/2023\/07\/A91A7521-Edit-1024x683.jpg?ssl=1\" data-amp-layout=\"responsive\"><\/a><\/figure><\/div><\/div><div class=\"tiled-gallery__row\"><div class=\"tiled-gallery__col\" style=\"flex-basis:33.33333%\"><figure class=\"tiled-gallery__item\"><a href=\"https:\/\/i0.wp.com\/wakacyjnyrewal.pl\/wp-content\/uploads\/2023\/07\/A91A7528-Edit-683x1024.jpg?ssl=1\"><img decoding=\"async\" alt=\"Rewal Pommern smalsporsbane\" data-id=\"904\" data-link=\"https:\/\/wakacyjnyrewal.pl\/a91a7528-edit-2\/\" data-url=\"https:\/\/i0.wp.com\/wakacyjnyrewal.pl\/wp-content\/uploads\/2023\/07\/A91A7528-Edit-683x1024.jpg?resize=683%2C1024&#038;ssl=1\" src=\"https:\/\/i0.wp.com\/wakacyjnyrewal.pl\/wp-content\/uploads\/2023\/07\/A91A7528-Edit-683x1024.jpg?resize=683%2C1024&#038;ssl=1\" data-amp-layout=\"responsive\" data-recalc-dims=\"1\"><\/a><\/figure><\/div><div class=\"tiled-gallery__col\" style=\"flex-basis:33.33333%\"><figure class=\"tiled-gallery__item\"><a href=\"https:\/\/i0.wp.com\/wakacyjnyrewal.pl\/wp-content\/uploads\/2023\/07\/A91A7530-Edit-683x1024.jpg?ssl=1\"><img decoding=\"async\" alt=\"Rewal Pommern smalsporsbane\" data-id=\"905\" data-link=\"https:\/\/wakacyjnyrewal.pl\/a91a7530-edit-2\/\" data-url=\"https:\/\/i0.wp.com\/wakacyjnyrewal.pl\/wp-content\/uploads\/2023\/07\/A91A7530-Edit-683x1024.jpg?resize=683%2C1024&#038;ssl=1\" src=\"https:\/\/i0.wp.com\/wakacyjnyrewal.pl\/wp-content\/uploads\/2023\/07\/A91A7530-Edit-683x1024.jpg?resize=683%2C1024&#038;ssl=1\" data-amp-layout=\"responsive\" data-recalc-dims=\"1\"><\/a><\/figure><\/div><div class=\"tiled-gallery__col\" style=\"flex-basis:33.33333%\"><figure class=\"tiled-gallery__item\"><a href=\"https:\/\/i0.wp.com\/wakacyjnyrewal.pl\/wp-content\/uploads\/2023\/07\/A91A7418-Edit-1024x732.jpg?ssl=1\"><img decoding=\"async\" alt=\"Rewalski Havv\u00e6relse badev\u00e6relse\" data-id=\"911\" data-link=\"https:\/\/wakacyjnyrewal.pl\/a91a7418-edit-2\/\" data-url=\"https:\/\/i0.wp.com\/wakacyjnyrewal.pl\/wp-content\/uploads\/2023\/07\/A91A7418-Edit-1024x732.jpg?resize=1024%2C732&#038;ssl=1\" src=\"https:\/\/i0.wp.com\/wakacyjnyrewal.pl\/wp-content\/uploads\/2023\/07\/A91A7418-Edit-1024x732.jpg?resize=1024%2C732&#038;ssl=1\" data-amp-layout=\"responsive\" data-recalc-dims=\"1\"><\/a><\/figure><\/div><\/div><div class=\"tiled-gallery__row\"><div class=\"tiled-gallery__col\" style=\"flex-basis:52.84888%\"><figure class=\"tiled-gallery__item\"><a href=\"https:\/\/i0.wp.com\/wakacyjnyrewal.pl\/wp-content\/uploads\/2023\/07\/A91A7542-Edit-1024x683.jpg?ssl=1\"><img decoding=\"async\" srcset=\"https:\/\/i1.wp.com\/wakacyjnyrewal.pl\/wp-content\/uploads\/2023\/07\/A91A7542-Edit-1024x683.jpg?strip=info&#038;w=600&#038;ssl=1 600w,https:\/\/i1.wp.com\/wakacyjnyrewal.pl\/wp-content\/uploads\/2023\/07\/A91A7542-Edit-1024x683.jpg?strip=info&#038;w=800&#038;ssl=1 800w\" alt=\"Rewal solrig terrasse\/detalje\" data-height=\"533\" data-id=\"901\" data-link=\"https:\/\/wakacyjnyrewal.pl\/a91a7542-edit-2\/\" data-url=\"https:\/\/wakacyjnyrewal.pl\/wp-content\/uploads\/2023\/07\/A91A7542-Edit-1024x683.jpg\" data-width=\"800\" src=\"https:\/\/i1.wp.com\/wakacyjnyrewal.pl\/wp-content\/uploads\/2023\/07\/A91A7542-Edit-1024x683.jpg?ssl=1\" data-amp-layout=\"responsive\"><\/a><\/figure><figure class=\"tiled-gallery__item\"><a href=\"https:\/\/i0.wp.com\/wakacyjnyrewal.pl\/wp-content\/uploads\/2023\/07\/PS5_2301-Edit-1024x683.jpg?ssl=1\"><img decoding=\"async\" srcset=\"https:\/\/i0.wp.com\/wakacyjnyrewal.pl\/wp-content\/uploads\/2023\/07\/PS5_2301-Edit-1024x683.jpg?strip=info&#038;w=600&#038;ssl=1 600w,https:\/\/i0.wp.com\/wakacyjnyrewal.pl\/wp-content\/uploads\/2023\/07\/PS5_2301-Edit-1024x683.jpg?strip=info&#038;w=800&#038;ssl=1 800w\" alt=\"Rewal f\u00e6lles k\u00f8kken\" data-height=\"533\" data-id=\"898\" data-link=\"https:\/\/wakacyjnyrewal.pl\/ps5_2301-edit-2\/\" data-url=\"https:\/\/wakacyjnyrewal.pl\/wp-content\/uploads\/2023\/07\/PS5_2301-Edit-1024x683.jpg\" data-width=\"800\" src=\"https:\/\/i0.wp.com\/wakacyjnyrewal.pl\/wp-content\/uploads\/2023\/07\/PS5_2301-Edit-1024x683.jpg?ssl=1\" data-amp-layout=\"responsive\"><\/a><\/figure><\/div><div class=\"tiled-gallery__col\" style=\"flex-basis:47.15112%\"><figure class=\"tiled-gallery__item\"><a href=\"https:\/\/i0.wp.com\/wakacyjnyrewal.pl\/wp-content\/uploads\/2023\/07\/PS5_2283-Edit-683x1024.jpg?ssl=1\"><img decoding=\"async\" srcset=\"https:\/\/i2.wp.com\/wakacyjnyrewal.pl\/wp-content\/uploads\/2023\/07\/PS5_2283-Edit-683x1024.jpg?strip=info&#038;w=533&#038;ssl=1 533w\" alt=\"Rewalski f\u00e6lles k\u00f8kken detalje\" data-height=\"800\" data-id=\"896\" data-link=\"https:\/\/wakacyjnyrewal.pl\/ps5_2283-edit-2\/\" data-url=\"https:\/\/wakacyjnyrewal.pl\/wp-content\/uploads\/2023\/07\/PS5_2283-Edit-683x1024.jpg\" data-width=\"533\" src=\"https:\/\/i2.wp.com\/wakacyjnyrewal.pl\/wp-content\/uploads\/2023\/07\/PS5_2283-Edit-683x1024.jpg?ssl=1\" data-amp-layout=\"responsive\"><\/a><\/figure><\/div><\/div><div class=\"tiled-gallery__row\"><div class=\"tiled-gallery__col\" style=\"flex-basis:57.25790%\"><figure class=\"tiled-gallery__item\"><a href=\"https:\/\/i0.wp.com\/wakacyjnyrewal.pl\/wp-content\/uploads\/2023\/07\/PS5_2277-Edit-683x1024.jpg?ssl=1\"><img decoding=\"async\" srcset=\"https:\/\/i0.wp.com\/wakacyjnyrewal.pl\/wp-content\/uploads\/2023\/07\/PS5_2277-Edit-683x1024.jpg?strip=info&#038;w=533&#038;ssl=1 533w\" alt=\"Rewal f\u00e6lles gang\" data-height=\"800\" data-id=\"895\" data-link=\"https:\/\/wakacyjnyrewal.pl\/ps5_2277-edit-2\/\" data-url=\"https:\/\/wakacyjnyrewal.pl\/wp-content\/uploads\/2023\/07\/PS5_2277-Edit-683x1024.jpg\" data-width=\"533\" src=\"https:\/\/i0.wp.com\/wakacyjnyrewal.pl\/wp-content\/uploads\/2023\/07\/PS5_2277-Edit-683x1024.jpg?ssl=1\" data-amp-layout=\"responsive\"><\/a><\/figure><\/div><div class=\"tiled-gallery__col\" style=\"flex-basis:42.74210%\"><figure class=\"tiled-gallery__item\"><a href=\"https:\/\/i0.wp.com\/wakacyjnyrewal.pl\/wp-content\/uploads\/2023\/07\/PS5_2299-1024x683.jpg?ssl=1\"><img decoding=\"async\" srcset=\"https:\/\/i0.wp.com\/wakacyjnyrewal.pl\/wp-content\/uploads\/2023\/07\/PS5_2299-1024x683.jpg?strip=info&#038;w=600&#038;ssl=1 600w,https:\/\/i0.wp.com\/wakacyjnyrewal.pl\/wp-content\/uploads\/2023\/07\/PS5_2299-1024x683.jpg?strip=info&#038;w=800&#038;ssl=1 800w\" alt=\"Rewal f\u00e6lles k\u00f8kken\" data-height=\"533\" data-id=\"897\" data-link=\"https:\/\/wakacyjnyrewal.pl\/ps5_2299-2\/\" data-url=\"https:\/\/wakacyjnyrewal.pl\/wp-content\/uploads\/2023\/07\/PS5_2299-1024x683.jpg\" data-width=\"800\" src=\"https:\/\/i0.wp.com\/wakacyjnyrewal.pl\/wp-content\/uploads\/2023\/07\/PS5_2299-1024x683.jpg?ssl=1\" data-amp-layout=\"responsive\"><\/a><\/figure><figure class=\"tiled-gallery__item\"><a href=\"https:\/\/i0.wp.com\/wakacyjnyrewal.pl\/wp-content\/uploads\/2023\/07\/A91A3876-Enhanced-NR-Edit-1024x683.jpg?ssl=1\"><img decoding=\"async\" srcset=\"https:\/\/i1.wp.com\/wakacyjnyrewal.pl\/wp-content\/uploads\/2023\/07\/A91A3876-Enhanced-NR-Edit-1024x683.jpg?strip=info&#038;w=600&#038;ssl=1 600w,https:\/\/i1.wp.com\/wakacyjnyrewal.pl\/wp-content\/uploads\/2023\/07\/A91A3876-Enhanced-NR-Edit-1024x683.jpg?strip=info&#038;w=800&#038;ssl=1 800w\" alt=\"Rewal maritime v\u00e6relse\" data-height=\"533\" data-id=\"860\" data-link=\"https:\/\/wakacyjnyrewal.pl\/start\/a91a3876-enhanced-nr-edit\/\" data-url=\"https:\/\/wakacyjnyrewal.pl\/wp-content\/uploads\/2023\/07\/A91A3876-Enhanced-NR-Edit-1024x683.jpg\" data-width=\"800\" src=\"https:\/\/i1.wp.com\/wakacyjnyrewal.pl\/wp-content\/uploads\/2023\/07\/A91A3876-Enhanced-NR-Edit-1024x683.jpg?ssl=1\" data-amp-layout=\"responsive\"><\/a><\/figure><figure class=\"tiled-gallery__item\"><a href=\"https:\/\/i0.wp.com\/wakacyjnyrewal.pl\/wp-content\/uploads\/2023\/07\/A91A7806-Edit-Edit-1024x683.jpg?ssl=1\"><img decoding=\"async\" srcset=\"https:\/\/i0.wp.com\/wakacyjnyrewal.pl\/wp-content\/uploads\/2023\/07\/A91A7806-Edit-Edit-1024x683.jpg?strip=info&#038;w=600&#038;ssl=1 600w,https:\/\/i0.wp.com\/wakacyjnyrewal.pl\/wp-content\/uploads\/2023\/07\/A91A7806-Edit-Edit-1024x683.jpg?strip=info&#038;w=800&#038;ssl=1 800w\" alt=\"Rewal f\u00e6lles gang\" data-height=\"533\" data-id=\"893\" data-link=\"https:\/\/wakacyjnyrewal.pl\/a91a7806-edit-edit-2\/\" data-url=\"https:\/\/wakacyjnyrewal.pl\/wp-content\/uploads\/2023\/07\/A91A7806-Edit-Edit-1024x683.jpg\" data-width=\"800\" src=\"https:\/\/i0.wp.com\/wakacyjnyrewal.pl\/wp-content\/uploads\/2023\/07\/A91A7806-Edit-Edit-1024x683.jpg?ssl=1\" data-amp-layout=\"responsive\"><\/a><\/figure><\/div><\/div><div class=\"tiled-gallery__row\"><div class=\"tiled-gallery__col\" style=\"flex-basis:29.71860%\"><figure class=\"tiled-gallery__item\"><a href=\"https:\/\/i0.wp.com\/wakacyjnyrewal.pl\/wp-content\/uploads\/2023\/07\/A91A7734-Edit-683x1024.jpg?ssl=1\"><img decoding=\"async\" alt=\"Rewalski Havv\u00e6relse soveomr\u00e5de\" data-id=\"918\" data-link=\"https:\/\/wakacyjnyrewal.pl\/a91a7734-edit-2\/\" data-url=\"https:\/\/i0.wp.com\/wakacyjnyrewal.pl\/wp-content\/uploads\/2023\/07\/A91A7734-Edit-683x1024.jpg?resize=683%2C1024&#038;ssl=1\" src=\"https:\/\/i0.wp.com\/wakacyjnyrewal.pl\/wp-content\/uploads\/2023\/07\/A91A7734-Edit-683x1024.jpg?resize=683%2C1024&#038;ssl=1\" data-amp-layout=\"responsive\" data-recalc-dims=\"1\"><\/a><\/figure><figure class=\"tiled-gallery__item\"><a href=\"https:\/\/i0.wp.com\/wakacyjnyrewal.pl\/wp-content\/uploads\/2023\/07\/A91A7758-Edit-1024x683.jpg?ssl=1\"><img decoding=\"async\" srcset=\"https:\/\/i2.wp.com\/wakacyjnyrewal.pl\/wp-content\/uploads\/2023\/07\/A91A7758-Edit-1024x683.jpg?strip=info&#038;w=600&#038;ssl=1 600w,https:\/\/i2.wp.com\/wakacyjnyrewal.pl\/wp-content\/uploads\/2023\/07\/A91A7758-Edit-1024x683.jpg?strip=info&#038;w=800&#038;ssl=1 800w\" alt=\"Rewal f\u00e6lles k\u00f8kken\" data-height=\"533\" data-id=\"888\" data-link=\"https:\/\/wakacyjnyrewal.pl\/a91a7758-edit-2\/\" data-url=\"https:\/\/wakacyjnyrewal.pl\/wp-content\/uploads\/2023\/07\/A91A7758-Edit-1024x683.jpg\" data-width=\"800\" src=\"https:\/\/i2.wp.com\/wakacyjnyrewal.pl\/wp-content\/uploads\/2023\/07\/A91A7758-Edit-1024x683.jpg?ssl=1\" data-amp-layout=\"responsive\"><\/a><\/figure><\/div><div class=\"tiled-gallery__col\" style=\"flex-basis:33.17714%\"><figure class=\"tiled-gallery__item\"><a href=\"https:\/\/i0.wp.com\/wakacyjnyrewal.pl\/wp-content\/uploads\/2023\/07\/PS5_2262-Edit-683x1024.jpg?ssl=1\"><img decoding=\"async\" srcset=\"https:\/\/i1.wp.com\/wakacyjnyrewal.pl\/wp-content\/uploads\/2023\/07\/PS5_2262-Edit-683x1024.jpg?strip=info&#038;w=533&#038;ssl=1 533w\" alt=\"Rewal f\u00e6lles gang\" data-height=\"800\" data-id=\"894\" data-link=\"https:\/\/wakacyjnyrewal.pl\/ps5_2262-edit-3\/\" data-url=\"https:\/\/wakacyjnyrewal.pl\/wp-content\/uploads\/2023\/07\/PS5_2262-Edit-683x1024.jpg\" data-width=\"533\" src=\"https:\/\/i1.wp.com\/wakacyjnyrewal.pl\/wp-content\/uploads\/2023\/07\/PS5_2262-Edit-683x1024.jpg?ssl=1\" data-amp-layout=\"responsive\"><\/a><\/figure><\/div><div class=\"tiled-gallery__col\" style=\"flex-basis:37.10426%\"><figure class=\"tiled-gallery__item\"><a href=\"https:\/\/i0.wp.com\/wakacyjnyrewal.pl\/wp-content\/uploads\/2023\/07\/A91A7437-Edit-Edit-Edit-1024x683.jpg?ssl=1\"><img decoding=\"async\" srcset=\"https:\/\/i1.wp.com\/wakacyjnyrewal.pl\/wp-content\/uploads\/2023\/07\/A91A7437-Edit-Edit-Edit-1024x683.jpg?strip=info&#038;w=600&#038;ssl=1 600w,https:\/\/i1.wp.com\/wakacyjnyrewal.pl\/wp-content\/uploads\/2023\/07\/A91A7437-Edit-Edit-Edit-1024x683.jpg?strip=info&#038;w=800&#038;ssl=1 800w\" alt=\"Rewalski Havv\u00e6relse badev\u00e6relse\" data-height=\"533\" data-id=\"912\" data-link=\"https:\/\/wakacyjnyrewal.pl\/a91a7437-edit-edit-edit-2\/\" data-url=\"https:\/\/wakacyjnyrewal.pl\/wp-content\/uploads\/2023\/07\/A91A7437-Edit-Edit-Edit-1024x683.jpg\" data-width=\"800\" src=\"https:\/\/i1.wp.com\/wakacyjnyrewal.pl\/wp-content\/uploads\/2023\/07\/A91A7437-Edit-Edit-Edit-1024x683.jpg?ssl=1\" data-amp-layout=\"responsive\"><\/a><\/figure><figure class=\"tiled-gallery__item\"><a href=\"https:\/\/i0.wp.com\/wakacyjnyrewal.pl\/wp-content\/uploads\/2023\/07\/A91A3938-1-1024x683.jpg?ssl=1\"><img decoding=\"async\" srcset=\"https:\/\/i2.wp.com\/wakacyjnyrewal.pl\/wp-content\/uploads\/2023\/07\/A91A3938-1-1024x683.jpg?strip=info&#038;w=600&#038;ssl=1 600w,https:\/\/i2.wp.com\/wakacyjnyrewal.pl\/wp-content\/uploads\/2023\/07\/A91A3938-1-1024x683.jpg?strip=info&#038;w=800&#038;ssl=1 800w\" alt=\"Rewalski Baltisk fugleperspektiv\" data-height=\"533\" data-id=\"886\" data-link=\"https:\/\/wakacyjnyrewal.pl\/a91a3938-2\/\" data-url=\"https:\/\/wakacyjnyrewal.pl\/wp-content\/uploads\/2023\/07\/A91A3938-1-1024x683.jpg\" data-width=\"800\" src=\"https:\/\/i2.wp.com\/wakacyjnyrewal.pl\/wp-content\/uploads\/2023\/07\/A91A3938-1-1024x683.jpg?ssl=1\" data-amp-layout=\"responsive\"><\/a><\/figure><\/div><\/div><div class=\"tiled-gallery__row\"><div class=\"tiled-gallery__col\" style=\"flex-basis:67.74301%\"><figure class=\"tiled-gallery__item\"><a href=\"https:\/\/i0.wp.com\/wakacyjnyrewal.pl\/wp-content\/uploads\/2023\/07\/A91A3916-Edit-1-1024x731.jpg?ssl=1\"><img decoding=\"async\" srcset=\"https:\/\/i1.wp.com\/wakacyjnyrewal.pl\/wp-content\/uploads\/2023\/07\/A91A3916-Edit-1-1024x731.jpg?strip=info&#038;w=600&#038;ssl=1 600w,https:\/\/i1.wp.com\/wakacyjnyrewal.pl\/wp-content\/uploads\/2023\/07\/A91A3916-Edit-1-1024x731.jpg?strip=info&#038;w=800&#038;ssl=1 800w\" alt=\"Rewal Baltisk sofa\" data-height=\"571\" data-id=\"885\" data-link=\"https:\/\/wakacyjnyrewal.pl\/a91a3916-edit-2\/\" data-url=\"https:\/\/wakacyjnyrewal.pl\/wp-content\/uploads\/2023\/07\/A91A3916-Edit-1-1024x731.jpg\" data-width=\"800\" src=\"https:\/\/i1.wp.com\/wakacyjnyrewal.pl\/wp-content\/uploads\/2023\/07\/A91A3916-Edit-1-1024x731.jpg?ssl=1\" data-amp-layout=\"responsive\"><\/a><\/figure><\/div><div class=\"tiled-gallery__col\" style=\"flex-basis:32.25699%\"><figure class=\"tiled-gallery__item\"><a href=\"https:\/\/i0.wp.com\/wakacyjnyrewal.pl\/wp-content\/uploads\/2023\/07\/A91A7396-Edit-683x1024.jpg?ssl=1\"><img decoding=\"async\" srcset=\"https:\/\/i2.wp.com\/wakacyjnyrewal.pl\/wp-content\/uploads\/2023\/07\/A91A7396-Edit-683x1024.jpg?strip=info&#038;w=533&#038;ssl=1 533w\" alt=\"Rewalski Pommerskt badev\u00e6relse\" data-height=\"800\" data-id=\"908\" data-link=\"https:\/\/wakacyjnyrewal.pl\/a91a7396-edit-2\/\" data-url=\"https:\/\/wakacyjnyrewal.pl\/wp-content\/uploads\/2023\/07\/A91A7396-Edit-683x1024.jpg\" data-width=\"533\" src=\"https:\/\/i2.wp.com\/wakacyjnyrewal.pl\/wp-content\/uploads\/2023\/07\/A91A7396-Edit-683x1024.jpg?ssl=1\" data-amp-layout=\"responsive\"><\/a><\/figure><\/div><\/div><div class=\"tiled-gallery__row\"><div class=\"tiled-gallery__col\" style=\"flex-basis:67.55525%\"><figure class=\"tiled-gallery__item\"><a href=\"https:\/\/i0.wp.com\/wakacyjnyrewal.pl\/wp-content\/uploads\/2023\/07\/A91A3896-Edit-Edit-1-1024x681.jpg?ssl=1\"><img decoding=\"async\" srcset=\"https:\/\/i1.wp.com\/wakacyjnyrewal.pl\/wp-content\/uploads\/2023\/07\/A91A3896-Edit-Edit-1-1024x681.jpg?strip=info&#038;w=600&#038;ssl=1 600w,https:\/\/i1.wp.com\/wakacyjnyrewal.pl\/wp-content\/uploads\/2023\/07\/A91A3896-Edit-Edit-1-1024x681.jpg?strip=info&#038;w=800&#038;ssl=1 800w\" alt=\"Rewal Baltisk v\u00e6relse\" data-height=\"532\" data-id=\"884\" data-link=\"https:\/\/wakacyjnyrewal.pl\/a91a3896-edit-edit-2\/\" data-url=\"https:\/\/wakacyjnyrewal.pl\/wp-content\/uploads\/2023\/07\/A91A3896-Edit-Edit-1-1024x681.jpg\" data-width=\"800\" src=\"https:\/\/i1.wp.com\/wakacyjnyrewal.pl\/wp-content\/uploads\/2023\/07\/A91A3896-Edit-Edit-1-1024x681.jpg?ssl=1\" data-amp-layout=\"responsive\"><\/a><\/figure><\/div><div class=\"tiled-gallery__col\" style=\"flex-basis:32.44475%\"><figure class=\"tiled-gallery__item\"><a href=\"https:\/\/i0.wp.com\/wakacyjnyrewal.pl\/wp-content\/uploads\/2023\/07\/A91A7798-Edit-1024x683.jpg?ssl=1\"><img decoding=\"async\" srcset=\"https:\/\/i1.wp.com\/wakacyjnyrewal.pl\/wp-content\/uploads\/2023\/07\/A91A7798-Edit-1024x683.jpg?strip=info&#038;w=600&#038;ssl=1 600w,https:\/\/i1.wp.com\/wakacyjnyrewal.pl\/wp-content\/uploads\/2023\/07\/A91A7798-Edit-1024x683.jpg?strip=info&#038;w=800&#038;ssl=1 800w\" alt=\"Rewalski f\u00e6lles k\u00f8kken gang\" data-height=\"533\" data-id=\"892\" data-link=\"https:\/\/wakacyjnyrewal.pl\/a91a7798-edit-2\/\" data-url=\"https:\/\/wakacyjnyrewal.pl\/wp-content\/uploads\/2023\/07\/A91A7798-Edit-1024x683.jpg\" data-width=\"800\" src=\"https:\/\/i1.wp.com\/wakacyjnyrewal.pl\/wp-content\/uploads\/2023\/07\/A91A7798-Edit-1024x683.jpg?ssl=1\" data-amp-layout=\"responsive\"><\/a><\/figure><figure class=\"tiled-gallery__item\"><a href=\"https:\/\/i0.wp.com\/wakacyjnyrewal.pl\/wp-content\/uploads\/2023\/07\/A91A7407-Edit-1024x731.jpg?ssl=1\"><img decoding=\"async\" srcset=\"https:\/\/i2.wp.com\/wakacyjnyrewal.pl\/wp-content\/uploads\/2023\/07\/A91A7407-Edit-1024x731.jpg?strip=info&#038;w=600&#038;ssl=1 600w,https:\/\/i2.wp.com\/wakacyjnyrewal.pl\/wp-content\/uploads\/2023\/07\/A91A7407-Edit-1024x731.jpg?strip=info&#038;w=800&#038;ssl=1 800w\" alt=\"Rewalski Pommerskt badev\u00e6relse\" data-height=\"571\" data-id=\"910\" data-link=\"https:\/\/wakacyjnyrewal.pl\/a91a7407-edit-2\/\" data-url=\"https:\/\/wakacyjnyrewal.pl\/wp-content\/uploads\/2023\/07\/A91A7407-Edit-1024x731.jpg\" data-width=\"800\" src=\"https:\/\/i2.wp.com\/wakacyjnyrewal.pl\/wp-content\/uploads\/2023\/07\/A91A7407-Edit-1024x731.jpg?ssl=1\" data-amp-layout=\"responsive\"><\/a><\/figure><\/div><\/div><div class=\"tiled-gallery__row\"><div class=\"tiled-gallery__col\" style=\"flex-basis:33.33333%\"><figure class=\"tiled-gallery__item\"><a href=\"https:\/\/i0.wp.com\/wakacyjnyrewal.pl\/wp-content\/uploads\/2023\/07\/A91A3894-Edit-1-1024x683.jpg?ssl=1\"><img decoding=\"async\" srcset=\"https:\/\/i1.wp.com\/wakacyjnyrewal.pl\/wp-content\/uploads\/2023\/07\/A91A3894-Edit-1-1024x683.jpg?strip=info&#038;w=600&#038;ssl=1 600w,https:\/\/i1.wp.com\/wakacyjnyrewal.pl\/wp-content\/uploads\/2023\/07\/A91A3894-Edit-1-1024x683.jpg?strip=info&#038;w=800&#038;ssl=1 800w\" alt=\"Rewal maritime v\u00e6relse\" data-height=\"533\" data-id=\"883\" data-link=\"https:\/\/wakacyjnyrewal.pl\/a91a3894-edit-2\/\" data-url=\"https:\/\/wakacyjnyrewal.pl\/wp-content\/uploads\/2023\/07\/A91A3894-Edit-1-1024x683.jpg\" data-width=\"800\" src=\"https:\/\/i1.wp.com\/wakacyjnyrewal.pl\/wp-content\/uploads\/2023\/07\/A91A3894-Edit-1-1024x683.jpg?ssl=1\" data-amp-layout=\"responsive\"><\/a><\/figure><\/div><div class=\"tiled-gallery__col\" style=\"flex-basis:33.33333%\"><figure class=\"tiled-gallery__item\"><a href=\"https:\/\/i0.wp.com\/wakacyjnyrewal.pl\/wp-content\/uploads\/2023\/07\/A91A3879-Enhanced-NR-Edit-1-1024x683.jpg?ssl=1\"><img decoding=\"async\" srcset=\"https:\/\/i0.wp.com\/wakacyjnyrewal.pl\/wp-content\/uploads\/2023\/07\/A91A3879-Enhanced-NR-Edit-1-1024x683.jpg?strip=info&#038;w=600&#038;ssl=1 600w,https:\/\/i0.wp.com\/wakacyjnyrewal.pl\/wp-content\/uploads\/2023\/07\/A91A3879-Enhanced-NR-Edit-1-1024x683.jpg?strip=info&#038;w=800&#038;ssl=1 800w\" alt=\"Rewal maritime v\u00e6relse\" data-height=\"533\" data-id=\"882\" data-link=\"https:\/\/wakacyjnyrewal.pl\/a91a3879-enhanced-nr-edit-2\/\" data-url=\"https:\/\/wakacyjnyrewal.pl\/wp-content\/uploads\/2023\/07\/A91A3879-Enhanced-NR-Edit-1-1024x683.jpg\" data-width=\"800\" src=\"https:\/\/i0.wp.com\/wakacyjnyrewal.pl\/wp-content\/uploads\/2023\/07\/A91A3879-Enhanced-NR-Edit-1-1024x683.jpg?ssl=1\" data-amp-layout=\"responsive\"><\/a><\/figure><\/div><div class=\"tiled-gallery__col\" style=\"flex-basis:33.33333%\"><figure class=\"tiled-gallery__item\"><a href=\"https:\/\/i0.wp.com\/wakacyjnyrewal.pl\/wp-content\/uploads\/2023\/07\/A91A3888-Edit-1024x683.jpg?ssl=1\"><img decoding=\"async\" srcset=\"https:\/\/i1.wp.com\/wakacyjnyrewal.pl\/wp-content\/uploads\/2023\/07\/A91A3888-Edit-1024x683.jpg?strip=info&#038;w=600&#038;ssl=1 600w,https:\/\/i1.wp.com\/wakacyjnyrewal.pl\/wp-content\/uploads\/2023\/07\/A91A3888-Edit-1024x683.jpg?strip=info&#038;w=800&#038;ssl=1 800w\" alt=\"Rewal maritime v\u00e6relse\" data-height=\"533\" data-id=\"873\" data-link=\"https:\/\/wakacyjnyrewal.pl\/a91a3888-edit\/\" data-url=\"https:\/\/wakacyjnyrewal.pl\/wp-content\/uploads\/2023\/07\/A91A3888-Edit-1024x683.jpg\" data-width=\"800\" src=\"https:\/\/i1.wp.com\/wakacyjnyrewal.pl\/wp-content\/uploads\/2023\/07\/A91A3888-Edit-1024x683.jpg?ssl=1\" data-amp-layout=\"responsive\"><\/a><\/figure><\/div><\/div><div class=\"tiled-gallery__row\"><div class=\"tiled-gallery__col\" style=\"flex-basis:27.94796%\"><figure class=\"tiled-gallery__item\"><a href=\"https:\/\/i0.wp.com\/wakacyjnyrewal.pl\/wp-content\/uploads\/2023\/07\/A91A7766-1024x731.jpg?ssl=1\"><img decoding=\"async\" srcset=\"https:\/\/i2.wp.com\/wakacyjnyrewal.pl\/wp-content\/uploads\/2023\/07\/A91A7766-1024x731.jpg?strip=info&#038;w=600&#038;ssl=1 600w,https:\/\/i2.wp.com\/wakacyjnyrewal.pl\/wp-content\/uploads\/2023\/07\/A91A7766-1024x731.jpg?strip=info&#038;w=800&#038;ssl=1 800w\" alt=\"Rewal f\u00e6lles k\u00f8kken\" data-height=\"571\" data-id=\"889\" data-link=\"https:\/\/wakacyjnyrewal.pl\/a91a7766-2\/\" data-url=\"https:\/\/wakacyjnyrewal.pl\/wp-content\/uploads\/2023\/07\/A91A7766-1024x731.jpg\" data-width=\"800\" src=\"https:\/\/i2.wp.com\/wakacyjnyrewal.pl\/wp-content\/uploads\/2023\/07\/A91A7766-1024x731.jpg?ssl=1\" data-amp-layout=\"responsive\"><\/a><\/figure><figure class=\"tiled-gallery__item\"><a href=\"https:\/\/i0.wp.com\/wakacyjnyrewal.pl\/wp-content\/uploads\/2023\/07\/A91A7400-Edit-1024x731.jpg?ssl=1\"><img decoding=\"async\" alt=\"Rewalski Pommerskt badev\u00e6relse\" data-id=\"909\" data-link=\"https:\/\/wakacyjnyrewal.pl\/a91a7400-edit-2\/\" data-url=\"https:\/\/i0.wp.com\/wakacyjnyrewal.pl\/wp-content\/uploads\/2023\/07\/A91A7400-Edit-1024x731.jpg?resize=1024%2C731&#038;ssl=1\" src=\"https:\/\/i0.wp.com\/wakacyjnyrewal.pl\/wp-content\/uploads\/2023\/07\/A91A7400-Edit-1024x731.jpg?resize=1024%2C731&#038;ssl=1\" data-amp-layout=\"responsive\" data-recalc-dims=\"1\"><\/a><\/figure><\/div><div class=\"tiled-gallery__col\" style=\"flex-basis:72.05204%\"><figure class=\"tiled-gallery__item\"><a href=\"https:\/\/i0.wp.com\/wakacyjnyrewal.pl\/wp-content\/uploads\/2023\/07\/A91A3874-Edit-1024x683.jpg?ssl=1\"><img decoding=\"async\" srcset=\"https:\/\/i1.wp.com\/wakacyjnyrewal.pl\/wp-content\/uploads\/2023\/07\/A91A3874-Edit-1024x683.jpg?strip=info&#038;w=600&#038;ssl=1 600w,https:\/\/i1.wp.com\/wakacyjnyrewal.pl\/wp-content\/uploads\/2023\/07\/A91A3874-Edit-1024x683.jpg?strip=info&#038;w=800&#038;ssl=1 800w\" alt=\"Rewal maritime v\u00e6relse\" data-height=\"533\" data-id=\"870\" data-link=\"https:\/\/wakacyjnyrewal.pl\/a91a3874-edit\/\" data-url=\"https:\/\/wakacyjnyrewal.pl\/wp-content\/uploads\/2023\/07\/A91A3874-Edit-1024x683.jpg\" data-width=\"800\" src=\"https:\/\/i1.wp.com\/wakacyjnyrewal.pl\/wp-content\/uploads\/2023\/07\/A91A3874-Edit-1024x683.jpg?ssl=1\" data-amp-layout=\"responsive\"><\/a><\/figure><\/div><\/div><div class=\"tiled-gallery__row\"><div class=\"tiled-gallery__col\" style=\"flex-basis:50.00000%\"><figure class=\"tiled-gallery__item\"><a href=\"https:\/\/i0.wp.com\/wakacyjnyrewal.pl\/wp-content\/uploads\/2023\/07\/A91A3832-Enhanced-NR-Edit-1024x683.jpg?ssl=1\"><img decoding=\"async\" srcset=\"https:\/\/i0.wp.com\/wakacyjnyrewal.pl\/wp-content\/uploads\/2023\/07\/A91A3832-Enhanced-NR-Edit-1024x683.jpg?strip=info&#038;w=600&#038;ssl=1 600w,https:\/\/i0.wp.com\/wakacyjnyrewal.pl\/wp-content\/uploads\/2023\/07\/A91A3832-Enhanced-NR-Edit-1024x683.jpg?strip=info&#038;w=800&#038;ssl=1 800w\" alt=\"Rewal pommern v\u00e6relse\" data-height=\"533\" data-id=\"868\" data-link=\"https:\/\/wakacyjnyrewal.pl\/a91a3832-enhanced-nr-edit\/\" data-url=\"https:\/\/wakacyjnyrewal.pl\/wp-content\/uploads\/2023\/07\/A91A3832-Enhanced-NR-Edit-1024x683.jpg\" data-width=\"800\" src=\"https:\/\/i0.wp.com\/wakacyjnyrewal.pl\/wp-content\/uploads\/2023\/07\/A91A3832-Enhanced-NR-Edit-1024x683.jpg?ssl=1\" data-amp-layout=\"responsive\"><\/a><\/figure><\/div><div class=\"tiled-gallery__col\" style=\"flex-basis:50.00000%\"><figure class=\"tiled-gallery__item\"><a href=\"https:\/\/i0.wp.com\/wakacyjnyrewal.pl\/wp-content\/uploads\/2023\/07\/A91A7783-Edit-Edit-1024x683.jpg?ssl=1\"><img decoding=\"async\" srcset=\"https:\/\/i0.wp.com\/wakacyjnyrewal.pl\/wp-content\/uploads\/2023\/07\/A91A7783-Edit-Edit-1024x683.jpg?strip=info&#038;w=600&#038;ssl=1 600w,https:\/\/i0.wp.com\/wakacyjnyrewal.pl\/wp-content\/uploads\/2023\/07\/A91A7783-Edit-Edit-1024x683.jpg?strip=info&#038;w=800&#038;ssl=1 800w\" alt=\"Rewal f\u00e6lles k\u00f8kken\" data-height=\"533\" data-id=\"890\" data-link=\"https:\/\/wakacyjnyrewal.pl\/a91a7783-edit-edit-3\/\" data-url=\"https:\/\/wakacyjnyrewal.pl\/wp-content\/uploads\/2023\/07\/A91A7783-Edit-Edit-1024x683.jpg\" data-width=\"800\" src=\"https:\/\/i0.wp.com\/wakacyjnyrewal.pl\/wp-content\/uploads\/2023\/07\/A91A7783-Edit-Edit-1024x683.jpg?ssl=1\" data-amp-layout=\"responsive\"><\/a><\/figure><\/div><\/div><div class=\"tiled-gallery__row\"><div class=\"tiled-gallery__col\" style=\"flex-basis:67.53390%\"><figure class=\"tiled-gallery__item\"><a href=\"https:\/\/i0.wp.com\/wakacyjnyrewal.pl\/wp-content\/uploads\/2023\/07\/A91A3823-Enhanced-NR-Edit-1024x683.jpg?ssl=1\"><img decoding=\"async\" srcset=\"https:\/\/i1.wp.com\/wakacyjnyrewal.pl\/wp-content\/uploads\/2023\/07\/A91A3823-Enhanced-NR-Edit-1024x683.jpg?strip=info&#038;w=600&#038;ssl=1 600w,https:\/\/i1.wp.com\/wakacyjnyrewal.pl\/wp-content\/uploads\/2023\/07\/A91A3823-Enhanced-NR-Edit-1024x683.jpg?strip=info&#038;w=800&#038;ssl=1 800w\" alt=\"Rewal pommern v\u00e6relse\" data-height=\"533\" data-id=\"867\" data-link=\"https:\/\/wakacyjnyrewal.pl\/a91a3823-enhanced-nr-edit\/\" data-url=\"https:\/\/wakacyjnyrewal.pl\/wp-content\/uploads\/2023\/07\/A91A3823-Enhanced-NR-Edit-1024x683.jpg\" data-width=\"800\" src=\"https:\/\/i1.wp.com\/wakacyjnyrewal.pl\/wp-content\/uploads\/2023\/07\/A91A3823-Enhanced-NR-Edit-1024x683.jpg?ssl=1\" data-amp-layout=\"responsive\"><\/a><\/figure><\/div><div class=\"tiled-gallery__col\" style=\"flex-basis:32.46610%\"><figure class=\"tiled-gallery__item\"><a href=\"https:\/\/i0.wp.com\/wakacyjnyrewal.pl\/wp-content\/uploads\/2023\/07\/A91A3924-Edit-1024x732.jpg?ssl=1\"><img decoding=\"async\" srcset=\"https:\/\/i0.wp.com\/wakacyjnyrewal.pl\/wp-content\/uploads\/2023\/07\/A91A3924-Edit-1024x732.jpg?strip=info&#038;w=600&#038;ssl=1 600w,https:\/\/i0.wp.com\/wakacyjnyrewal.pl\/wp-content\/uploads\/2023\/07\/A91A3924-Edit-1024x732.jpg?strip=info&#038;w=800&#038;ssl=1 800w\" alt=\"Rewal baltisk v\u00e6relse\" data-height=\"572\" data-id=\"858\" data-link=\"https:\/\/wakacyjnyrewal.pl\/start\/a91a3924-edit\/\" data-url=\"https:\/\/wakacyjnyrewal.pl\/wp-content\/uploads\/2023\/07\/A91A3924-Edit-1024x732.jpg\" data-width=\"800\" src=\"https:\/\/i0.wp.com\/wakacyjnyrewal.pl\/wp-content\/uploads\/2023\/07\/A91A3924-Edit-1024x732.jpg?ssl=1\" data-amp-layout=\"responsive\"><\/a><\/figure><figure class=\"tiled-gallery__item\"><a href=\"https:\/\/i0.wp.com\/wakacyjnyrewal.pl\/wp-content\/uploads\/2023\/07\/A91A7795-1024x683.jpg?ssl=1\"><img decoding=\"async\" srcset=\"https:\/\/i2.wp.com\/wakacyjnyrewal.pl\/wp-content\/uploads\/2023\/07\/A91A7795-1024x683.jpg?strip=info&#038;w=600&#038;ssl=1 600w,https:\/\/i2.wp.com\/wakacyjnyrewal.pl\/wp-content\/uploads\/2023\/07\/A91A7795-1024x683.jpg?strip=info&#038;w=800&#038;ssl=1 800w\" alt=\"Rewal f\u00e6lles k\u00f8kken\" data-height=\"533\" data-id=\"891\" data-link=\"https:\/\/wakacyjnyrewal.pl\/a91a7795-2\/\" data-url=\"https:\/\/wakacyjnyrewal.pl\/wp-content\/uploads\/2023\/07\/A91A7795-1024x683.jpg\" data-width=\"800\" src=\"https:\/\/i2.wp.com\/wakacyjnyrewal.pl\/wp-content\/uploads\/2023\/07\/A91A7795-1024x683.jpg?ssl=1\" data-amp-layout=\"responsive\"><\/a><\/figure><\/div><\/div><div class=\"tiled-gallery__row\"><div class=\"tiled-gallery__col\" style=\"flex-basis:35.85800%\"><figure class=\"tiled-gallery__item\"><a href=\"https:\/\/i0.wp.com\/wakacyjnyrewal.pl\/wp-content\/uploads\/2023\/07\/A91A7442-Edit-1024x731.jpg?ssl=1\"><img decoding=\"async\" srcset=\"https:\/\/i0.wp.com\/wakacyjnyrewal.pl\/wp-content\/uploads\/2023\/07\/A91A7442-Edit-1024x731.jpg?strip=info&#038;w=600&#038;ssl=1 600w,https:\/\/i0.wp.com\/wakacyjnyrewal.pl\/wp-content\/uploads\/2023\/07\/A91A7442-Edit-1024x731.jpg?strip=info&#038;w=800&#038;ssl=1 800w\" alt=\"Rewalski Havv\u00e6relse badev\u00e6relse\" data-height=\"572\" data-id=\"913\" data-link=\"https:\/\/wakacyjnyrewal.pl\/a91a7442-edit-2\/\" data-url=\"https:\/\/wakacyjnyrewal.pl\/wp-content\/uploads\/2023\/07\/A91A7442-Edit-1024x731.jpg\" data-width=\"800\" src=\"https:\/\/i0.wp.com\/wakacyjnyrewal.pl\/wp-content\/uploads\/2023\/07\/A91A7442-Edit-1024x731.jpg?ssl=1\" data-amp-layout=\"responsive\"><\/a><\/figure><\/div><div class=\"tiled-gallery__col\" style=\"flex-basis:38.47423%\"><figure class=\"tiled-gallery__item\"><a href=\"https:\/\/i0.wp.com\/wakacyjnyrewal.pl\/wp-content\/uploads\/2023\/07\/PS5_2733-Edit-1-1024x683.jpg?ssl=1\"><img decoding=\"async\" srcset=\"https:\/\/i1.wp.com\/wakacyjnyrewal.pl\/wp-content\/uploads\/2023\/07\/PS5_2733-Edit-1-1024x683.jpg?strip=info&#038;w=600&#038;ssl=1 600w,https:\/\/i1.wp.com\/wakacyjnyrewal.pl\/wp-content\/uploads\/2023\/07\/PS5_2733-Edit-1-1024x683.jpg?strip=info&#038;w=800&#038;ssl=1 800w\" alt=\"solrig terrasse\" data-height=\"533\" data-id=\"954\" data-link=\"https:\/\/wakacyjnyrewal.pl\/ps5_2733-edit-2\/\" data-url=\"https:\/\/wakacyjnyrewal.pl\/wp-content\/uploads\/2023\/07\/PS5_2733-Edit-1-1024x683.jpg\" data-width=\"800\" src=\"https:\/\/i1.wp.com\/wakacyjnyrewal.pl\/wp-content\/uploads\/2023\/07\/PS5_2733-Edit-1-1024x683.jpg?ssl=1\" data-amp-layout=\"responsive\"><\/a><\/figure><\/div><div class=\"tiled-gallery__col\" style=\"flex-basis:25.66778%\"><figure class=\"tiled-gallery__item\"><a href=\"https:\/\/i0.wp.com\/wakacyjnyrewal.pl\/wp-content\/uploads\/2023\/07\/PS5_2703-Edit-800x600-1.jpg?ssl=1\"><img decoding=\"async\" alt=\"Rycerska 6\" data-id=\"970\" data-link=\"https:\/\/wakacyjnyrewal.pl\/ps5_2703-edit-800x600\/\" data-url=\"https:\/\/i0.wp.com\/wakacyjnyrewal.pl\/wp-content\/uploads\/2023\/07\/PS5_2703-Edit-800x600-1.jpg?w=1200&#038;ssl=1\" src=\"https:\/\/i0.wp.com\/wakacyjnyrewal.pl\/wp-content\/uploads\/2023\/07\/PS5_2703-Edit-800x600-1.jpg?w=1200&#038;ssl=1\" data-amp-layout=\"responsive\" data-recalc-dims=\"1\"><\/a><\/figure><\/div><\/div><\/div><\/div>\n\n<div style=\"height:50px\" aria-hidden=\"true\" class=\"wp-block-spacer\"><\/div>\n\n<h2 class=\"wp-block-heading\">Anbefalet ankomst<\/h2>\n\n<div style=\"height:30px\" aria-hidden=\"true\" class=\"wp-block-spacer\"><\/div>\n\n<figure class=\"wp-block-image size-full is-style-default\"><img decoding=\"async\" loading=\"lazy\" width=\"1150\" height=\"832\" src=\"https:\/\/i0.wp.com\/wakacyjnyrewal.pl\/wp-content\/uploads\/2022\/04\/mapka.jpg?resize=1150%2C832\" alt=\"\" class=\"wp-image-255\" srcset=\"https:\/\/i0.wp.com\/wakacyjnyrewal.pl\/wp-content\/uploads\/2022\/04\/mapka.jpg?w=1150&amp;ssl=1 1150w, https:\/\/i0.wp.com\/wakacyjnyrewal.pl\/wp-content\/uploads\/2022\/04\/mapka.jpg?resize=300%2C217&amp;ssl=1 300w, https:\/\/i0.wp.com\/wakacyjnyrewal.pl\/wp-content\/uploads\/2022\/04\/mapka.jpg?resize=1024%2C741&amp;ssl=1 1024w, https:\/\/i0.wp.com\/wakacyjnyrewal.pl\/wp-content\/uploads\/2022\/04\/mapka.jpg?resize=768%2C556&amp;ssl=1 768w\" sizes=\"(max-width: 1150px) 100vw, 1150px\" data-recalc-dims=\"1\" \/><\/figure>","protected":false},"excerpt":{"rendered":"<p>Lejlighed Rewalski som best\u00e5r af: pommerskt v\u00e6relse, havv\u00e6relse og baltisk v\u00e6relse Rewal, Rycerska 6 100 kvm til maks. 9 personer, hvert v\u00e6relse kan rumme op til 3 personer. Fantastisk bolig for en gruppe venner, men du kan ogs\u00e5 reservere enkelte v\u00e6relser med mulighed for f\u00e6lles brug af k\u00f8kken samt f\u00e6lles terrasse med havudsigt og morgenmadsbord.&hellip;<\/p>\n","protected":false},"author":1,"featured_media":0,"parent":0,"menu_order":0,"comment_status":"closed","ping_status":"closed","template":"","meta":[],"_links":{"self":[{"href":"https:\/\/wakacyjnyrewal.pl\/da\/wp-json\/wp\/v2\/pages\/1588"}],"collection":[{"href":"https:\/\/wakacyjnyrewal.pl\/da\/wp-json\/wp\/v2\/pages"}],"about":[{"href":"https:\/\/wakacyjnyrewal.pl\/da\/wp-json\/wp\/v2\/types\/page"}],"author":[{"embeddable":true,"href":"https:\/\/wakacyjnyrewal.pl\/da\/wp-json\/wp\/v2\/users\/1"}],"replies":[{"embeddable":true,"href":"https:\/\/wakacyjnyrewal.pl\/da\/wp-json\/wp\/v2\/comments?post=1588"}],"version-history":[{"count":1,"href":"https:\/\/wakacyjnyrewal.pl\/da\/wp-json\/wp\/v2\/pages\/1588\/revisions"}],"predecessor-version":[{"id":1589,"href":"https:\/\/wakacyjnyrewal.pl\/da\/wp-json\/wp\/v2\/pages\/1588\/revisions\/1589"}],"wp:attachment":[{"href":"https:\/\/wakacyjnyrewal.pl\/da\/wp-json\/wp\/v2\/media?parent=1588"}],"curies":[{"name":"wp","href":"https:\/\/api.w.org\/{rel}","templated":true}]}}