{"id":1584,"date":"2023-03-24T20:31:06","date_gmt":"2023-03-24T20:31:06","guid":{"rendered":"https:\/\/wakacyjnyrewal.pl\/rewalski\/"},"modified":"2025-10-14T21:49:17","modified_gmt":"2025-10-14T21:49:17","slug":"rewalski","status":"publish","type":"page","link":"https:\/\/wakacyjnyrewal.pl\/de\/rewalski\/","title":{"rendered":"Rewalski"},"content":{"rendered":"\n<h1 class=\"wp-block-heading\">Rewalski Apartment<\/h1>\n\n<h2 class=\"wp-block-heading\">bestehend aus: Pommerschem Zimmer, Meereszimmer und Ostseezimmer<\/h2>\n\n<div style=\"height:40px\" aria-hidden=\"true\" class=\"wp-block-spacer\"><\/div>\n\n<h2 class=\"wp-block-heading\">Rewal, Rycerska Stra\u00dfe 6 <\/h2>\n\n<p><strong>100 m\u00b2 f\u00fcr max. 9 Personen, in jedem Zimmer k\u00f6nnen bis zu 3 Personen wohnen.  <\/strong><\/p>\n\n<div class=\"wp-block-columns is-layout-flex wp-container-2\">\n<div class=\"wp-block-column is-layout-flow\" style=\"flex-basis:100%\">\n<p class=\"has-text-align-center\">Eine tolle Unterkunft f\u00fcr eine Gruppe von Freunden, aber es k\u00f6nnen auch einzelne Zimmer gebucht werden, mit der M\u00f6glichkeit, die K\u00fcche gemeinsam zu nutzen, sowie eine gemeinsame Terrasse mit Meerblick und einem Fr\u00fchst\u00fcckstisch.<\/p>\n\n\n\n<p class=\"has-text-align-center\"><\/p>\n\n\n\n<p class=\"has-text-align-center\">Wenn du einen gem\u00fctlichen und gleichzeitig modernen Ort suchst, dann ist das Rewalski Apartment genau das Richtige f\u00fcr dich! Konzipiert f\u00fcr Komfort und Funktionalit\u00e4t, wird dieses Apartment sicherlich all deine Erwartungen erf\u00fcllen. <\/p>\n\n\n\n<p class=\"has-text-align-center\">Dieses ger\u00e4umige und komfortable Apartment besteht aus drei charmanten Zimmern: Pommern, Meer und Ostsee. Jedes davon hat seinen eigenen Charakter und bietet unvergessliche Erlebnisse w\u00e4hrend deines Aufenthalts. Das Apartment ist hervorragend f\u00fcr eine Gruppe von Freunden geeignet. Es verf\u00fcgt \u00fcber eine wundersch\u00f6ne Terrasse mit Meerblick, auf der du morgens deinen Kaffee genie\u00dfen kannst\u2026   <\/p>\n\n\n\n<p class=\"has-text-align-center\"><strong>Pommersches Zimmer<\/strong> Willkommen im Herzen der Region Pommern! Das Pommersche Zimmer wurde sorgf\u00e4ltig im Geiste lokaler Tradition und Geschichte eingerichtet. Seine gem\u00fctliche Einrichtung in Blau- und Wei\u00dft\u00f6nen erinnert an die K\u00fcstenlandschaften und Fischertraditionen. Ein bequemes Bett und eine sch\u00f6ne Kommode, voller maritimer Details, lassen dich wie einen echten Bewohner dieser einzigartigen Region f\u00fchlen.   <\/p>\n\n\n\n<p class=\"has-text-align-center\"><strong>Meereszimmer<\/strong> Tauche ein in die Tiefen des Meeres in unserem Meereszimmer. Die Farbgebung in T\u00fcrkis-, Blau- und Gr\u00fcnt\u00f6nen inspiriert und entspannt. Details wie Muscheln, maritime Motive und Meeresskulpturen schaffen eine Atmosph\u00e4re voller Ruhe und Erholung. Ein bequemes Bett und ein ger\u00e4umiger Kleiderschrank sorgen f\u00fcr eine komfortable Erholung nach einem ereignisreichen Tag am Strand. Es verf\u00fcgt \u00fcber einen Balkon mit Blick auf eine ruhige Gasse.    <\/p>\n\n\n\n<p class=\"has-text-align-center\"><strong>Ostseezimmer<\/strong> Dieses Zimmer ist eine Hommage an die Ostsee selbst \u2013 geheimnisvoll, stark und unergr\u00fcndlich. Die Einrichtung in Sand- und Graut\u00f6nen, angereichert mit Details rund um Schifffahrt und K\u00fcstennatur, schafft eine einzigartige Atmosph\u00e4re. Ein bequemes Bett und ein Beistelltisch laden zum Entspannen und Genie\u00dfen von Momenten der Ruhe ein.  <\/p>\n\n\n\n<p class=\"has-text-align-center\"><strong>Gemeinschaftsk\u00fcche<\/strong> Das Rewalski Apartment verf\u00fcgt \u00fcber eine ger\u00e4umige, voll ausgestattete K\u00fcche, in der du deine Lieblingsmahlzeiten zubereiten kannst. Die K\u00fcche ist modern eingerichtet und bietet alle notwendigen Annehmlichkeiten wie K\u00fchlschrank, Herd, Geschirrsp\u00fcler, Backofen, Toaster, Mikrowelle sowie Geschirr und Besteck, eine Waschmaschine und Esstische. Kochen mit Meerblick wird zum Vergn\u00fcgen, und gemeinsame Mahlzeiten mit Familie oder Freunden sind eine ausgezeichnete Gelegenheit, Urlaubserlebnisse zu teilen.  <\/p>\n\n\n\n<p class=\"has-text-align-center\"><strong>Sonnenterrasse<\/strong> Das Rewalski Apartment bietet auch eine Sonnenterrasse mit Meerblick, wo du das Fr\u00fchst\u00fcck, den Nachmittagstee oder ein romantisches Abendessen bei Sonnenuntergang genie\u00dfen kannst. Die Terrasse ist mit bequemen Gartenm\u00f6beln ausgestattet, sodass du hier in einer Atmosph\u00e4re voller Entspannung und Harmonie verweilen kannst. <\/p>\n\n\n\n<p class=\"has-text-align-center\">Wir laden dich ins Apartment Rewal ein \u2013 den idealen Ort f\u00fcr einen Familienurlaub oder einen romantischen Ausflug ans Meer. Unvergessliche Erlebnisse, wundersch\u00f6ne Ausblicke und eine einzigartige Atmosph\u00e4re warten auf dich! <\/p>\n\n\n\n<p class=\"has-text-align-center\">Es hat einen separaten Eingang und befindet sich im Obergeschoss, das \u00fcber eine separate Treppe erreichbar ist. Du kannst deinen Urlaub mit Hund, Katze oder einem anderen kleinen Haustier im Apartment verbringen, ein Parkplatz ist ebenfalls vorhanden. Die Schl\u00fcssel k\u00f6nnen nach vorheriger Absprache aus einem Schlie\u00dffach abgeholt werden.  <\/p>\n<\/div>\n<\/div>\n\n<div class=\"wp-block-columns is-layout-flex wp-container-4\">\n<div class=\"wp-block-column is-layout-flow\" style=\"flex-basis:100%\"><div class=\"wp-block-image simplelightbox\">\n<figure class=\"aligncenter size-large is-resized\"><a href=\"https:\/\/i0.wp.com\/wakacyjnyrewal.pl\/wp-content\/uploads\/2023\/04\/Rewalski_plan.png\"><img decoding=\"async\" loading=\"lazy\" src=\"https:\/\/i0.wp.com\/wakacyjnyrewal.pl\/wp-content\/uploads\/2023\/04\/Rewalski_plan2.png?resize=472%2C239\" alt=\"\" width=\"472\" height=\"239\" data-recalc-dims=\"1\" \/><\/a><\/figure><\/div><\/div>\n<\/div>\n\n<div style=\"height:50px\" aria-hidden=\"true\" class=\"wp-block-spacer\"><\/div>\n\n<h2 class=\"wp-block-heading\">Lage <\/h2>\n\n<div style=\"height:30px\" aria-hidden=\"true\" class=\"wp-block-spacer\"><\/div>\n\n<iframe src=\"https:\/\/www.google.com\/maps\/embed?pb=!1m18!1m12!1m3!1d1655.0299609108065!2d15.009902530226524!3d54.08144964975045!2m3!1f0!2f0!3f0!3m2!1i1024!2i768!4f13.1!3m3!1m2!1s0x4700762408b1bb6b%3A0x49741f20f25569ba!2sRycerska%206%2C%2072-344%20Rewal!5e0!3m2!1spl!2spl!4v1649442295365!5m2!1spl!2spl\" style=\"border:0;\" allowfullscreen=\"\" loading=\"lazy\" referrerpolicy=\"no-referrer-when-downgrade\" width=\"100%\" height=\"500\"><\/iframe>\n\n<div style=\"height:50px\" aria-hidden=\"true\" class=\"wp-block-spacer\"><\/div>\n\n<h2 class=\"wp-block-heading\">Bildergalerie<\/h2>\n\n<div style=\"height:30px\" aria-hidden=\"true\" class=\"wp-block-spacer\"><\/div>\n\n<div class=\"wp-block-jetpack-tiled-gallery aligncenter is-style-rectangular\"><div class=\"tiled-gallery__gallery\"><div class=\"tiled-gallery__row\"><div class=\"tiled-gallery__col\" style=\"flex-basis:29.57350%\"><figure class=\"tiled-gallery__item\"><a href=\"https:\/\/i0.wp.com\/wakacyjnyrewal.pl\/wp-content\/uploads\/2023\/07\/A91A7535-Edit-683x1024.jpg?ssl=1\"><img decoding=\"async\" alt=\"Rewal Pommern Sofa\" data-id=\"906\" data-link=\"https:\/\/wakacyjnyrewal.pl\/a91a7535-edit-2\/\" data-url=\"https:\/\/i0.wp.com\/wakacyjnyrewal.pl\/wp-content\/uploads\/2023\/07\/A91A7535-Edit-683x1024.jpg?resize=683%2C1024&#038;ssl=1\" src=\"https:\/\/i0.wp.com\/wakacyjnyrewal.pl\/wp-content\/uploads\/2023\/07\/A91A7535-Edit-683x1024.jpg?resize=683%2C1024&#038;ssl=1\" data-amp-layout=\"responsive\" data-recalc-dims=\"1\"><\/a><\/figure><\/div><div class=\"tiled-gallery__col\" style=\"flex-basis:19.72572%\"><figure class=\"tiled-gallery__item\"><a href=\"https:\/\/i0.wp.com\/wakacyjnyrewal.pl\/wp-content\/uploads\/2023\/07\/A91A7541-Edit-683x1024.jpg?ssl=1\"><img decoding=\"async\" srcset=\"https:\/\/i0.wp.com\/wakacyjnyrewal.pl\/wp-content\/uploads\/2023\/07\/A91A7541-Edit-683x1024.jpg?strip=info&#038;w=533&#038;ssl=1 533w\" alt=\"Rewal Sonnenterrasse Meerblick\" data-height=\"800\" data-id=\"900\" data-link=\"https:\/\/wakacyjnyrewal.pl\/a91a7541-edit-2\/\" data-url=\"https:\/\/wakacyjnyrewal.pl\/wp-content\/uploads\/2023\/07\/A91A7541-Edit-683x1024.jpg\" data-width=\"533\" src=\"https:\/\/i0.wp.com\/wakacyjnyrewal.pl\/wp-content\/uploads\/2023\/07\/A91A7541-Edit-683x1024.jpg?ssl=1\" data-amp-layout=\"responsive\"><\/a><\/figure><\/div><div class=\"tiled-gallery__col\" style=\"flex-basis:29.57350%\"><figure class=\"tiled-gallery__item\"><a href=\"https:\/\/i0.wp.com\/wakacyjnyrewal.pl\/wp-content\/uploads\/2023\/07\/PS5_2303-Edit-683x1024.jpg?ssl=1\"><img decoding=\"async\" alt=\"Rewal Gemeinschaftsk\u00fcche\" data-id=\"899\" data-link=\"https:\/\/wakacyjnyrewal.pl\/ps5_2303-edit-2\/\" data-url=\"https:\/\/i0.wp.com\/wakacyjnyrewal.pl\/wp-content\/uploads\/2023\/07\/PS5_2303-Edit-683x1024.jpg?resize=683%2C1024&#038;ssl=1\" src=\"https:\/\/i0.wp.com\/wakacyjnyrewal.pl\/wp-content\/uploads\/2023\/07\/PS5_2303-Edit-683x1024.jpg?resize=683%2C1024&#038;ssl=1\" data-amp-layout=\"responsive\" data-recalc-dims=\"1\"><\/a><\/figure><\/div><div class=\"tiled-gallery__col\" style=\"flex-basis:21.12728%\"><figure class=\"tiled-gallery__item\"><a href=\"https:\/\/i0.wp.com\/wakacyjnyrewal.pl\/wp-content\/uploads\/2023\/07\/A91A7837-Edit-731x1024.jpg?ssl=1\"><img decoding=\"async\" srcset=\"https:\/\/i0.wp.com\/wakacyjnyrewal.pl\/wp-content\/uploads\/2023\/07\/A91A7837-Edit-731x1024.jpg?strip=info&#038;w=571&#038;ssl=1 571w\" alt=\"Rewal - Ostsee Badezimmer mit Dusche\" data-height=\"800\" data-id=\"920\" data-link=\"https:\/\/wakacyjnyrewal.pl\/a91a7837-edit-2\/\" data-url=\"https:\/\/wakacyjnyrewal.pl\/wp-content\/uploads\/2023\/07\/A91A7837-Edit-731x1024.jpg\" data-width=\"571\" src=\"https:\/\/i0.wp.com\/wakacyjnyrewal.pl\/wp-content\/uploads\/2023\/07\/A91A7837-Edit-731x1024.jpg?ssl=1\" data-amp-layout=\"responsive\"><\/a><\/figure><\/div><\/div><div class=\"tiled-gallery__row\"><div class=\"tiled-gallery__col\" style=\"flex-basis:64.08055%\"><figure class=\"tiled-gallery__item\"><a href=\"https:\/\/i0.wp.com\/wakacyjnyrewal.pl\/wp-content\/uploads\/2023\/04\/A91A7512-Edit-683x1024.jpg?ssl=1\"><img decoding=\"async\" srcset=\"https:\/\/i1.wp.com\/wakacyjnyrewal.pl\/wp-content\/uploads\/2023\/04\/A91A7512-Edit-683x1024.jpg?strip=info&#038;w=533&#038;ssl=1 533w\" alt=\"Rewal Pommern Zimmer\" data-height=\"800\" data-id=\"559\" data-link=\"https:\/\/wakacyjnyrewal.pl\/a91a7512-edit\/\" data-url=\"https:\/\/wakacyjnyrewal.pl\/wp-content\/uploads\/2023\/04\/A91A7512-Edit-683x1024.jpg\" data-width=\"533\" src=\"https:\/\/i1.wp.com\/wakacyjnyrewal.pl\/wp-content\/uploads\/2023\/04\/A91A7512-Edit-683x1024.jpg?ssl=1\" data-amp-layout=\"responsive\"><\/a><\/figure><\/div><div class=\"tiled-gallery__col\" style=\"flex-basis:35.91945%\"><figure class=\"tiled-gallery__item\"><a href=\"https:\/\/i0.wp.com\/wakacyjnyrewal.pl\/wp-content\/uploads\/2023\/07\/A91A7841-Edit-1024x731.jpg?ssl=1\"><img decoding=\"async\" alt=\"Ostsee Badezimmer\" data-id=\"921\" data-link=\"https:\/\/wakacyjnyrewal.pl\/a91a7841-edit-2\/\" data-url=\"https:\/\/i0.wp.com\/wakacyjnyrewal.pl\/wp-content\/uploads\/2023\/07\/A91A7841-Edit-1024x731.jpg?resize=1024%2C731&#038;ssl=1\" src=\"https:\/\/i0.wp.com\/wakacyjnyrewal.pl\/wp-content\/uploads\/2023\/07\/A91A7841-Edit-1024x731.jpg?resize=1024%2C731&#038;ssl=1\" data-amp-layout=\"responsive\" data-recalc-dims=\"1\"><\/a><\/figure><figure class=\"tiled-gallery__item\"><a href=\"https:\/\/i0.wp.com\/wakacyjnyrewal.pl\/wp-content\/uploads\/2023\/07\/PS5_2202-Edit-1024x731.jpg?ssl=1\"><img decoding=\"async\" alt=\"Rewal Meer Detail\" data-id=\"915\" data-link=\"https:\/\/wakacyjnyrewal.pl\/ps5_2202-edit-2\/\" data-url=\"https:\/\/i0.wp.com\/wakacyjnyrewal.pl\/wp-content\/uploads\/2023\/07\/PS5_2202-Edit-1024x731.jpg?resize=1024%2C731&#038;ssl=1\" src=\"https:\/\/i0.wp.com\/wakacyjnyrewal.pl\/wp-content\/uploads\/2023\/07\/PS5_2202-Edit-1024x731.jpg?resize=1024%2C731&#038;ssl=1\" data-amp-layout=\"responsive\" data-recalc-dims=\"1\"><\/a><\/figure><figure class=\"tiled-gallery__item\"><a href=\"https:\/\/i0.wp.com\/wakacyjnyrewal.pl\/wp-content\/uploads\/2023\/07\/A91A3847-Enhanced-NR-Edit-1024x683.jpg?ssl=1\"><img decoding=\"async\" srcset=\"https:\/\/i1.wp.com\/wakacyjnyrewal.pl\/wp-content\/uploads\/2023\/07\/A91A3847-Enhanced-NR-Edit-1024x683.jpg?strip=info&#038;w=600&#038;ssl=1 600w,https:\/\/i1.wp.com\/wakacyjnyrewal.pl\/wp-content\/uploads\/2023\/07\/A91A3847-Enhanced-NR-Edit-1024x683.jpg?strip=info&#038;w=800&#038;ssl=1 800w\" alt=\"Rewal Pommern Zimmer\" data-height=\"533\" data-id=\"857\" data-link=\"https:\/\/wakacyjnyrewal.pl\/start\/a91a3847-enhanced-nr-edit\/\" data-url=\"https:\/\/wakacyjnyrewal.pl\/wp-content\/uploads\/2023\/07\/A91A3847-Enhanced-NR-Edit-1024x683.jpg\" data-width=\"800\" src=\"https:\/\/i1.wp.com\/wakacyjnyrewal.pl\/wp-content\/uploads\/2023\/07\/A91A3847-Enhanced-NR-Edit-1024x683.jpg?ssl=1\" data-amp-layout=\"responsive\"><\/a><\/figure><\/div><\/div><div class=\"tiled-gallery__row\"><div class=\"tiled-gallery__col\" style=\"flex-basis:37.36945%\"><figure class=\"tiled-gallery__item\"><a href=\"https:\/\/i0.wp.com\/wakacyjnyrewal.pl\/wp-content\/uploads\/2023\/07\/A91A7842-1024x683.jpg?ssl=1\"><img decoding=\"async\" srcset=\"https:\/\/i1.wp.com\/wakacyjnyrewal.pl\/wp-content\/uploads\/2023\/07\/A91A7842-1024x683.jpg?strip=info&#038;w=600&#038;ssl=1 600w,https:\/\/i1.wp.com\/wakacyjnyrewal.pl\/wp-content\/uploads\/2023\/07\/A91A7842-1024x683.jpg?strip=info&#038;w=800&#038;ssl=1 800w\" alt=\"Provence Detail\" data-height=\"533\" data-id=\"922\" data-link=\"https:\/\/wakacyjnyrewal.pl\/a91a7842-2\/\" data-url=\"https:\/\/wakacyjnyrewal.pl\/wp-content\/uploads\/2023\/07\/A91A7842-1024x683.jpg\" data-width=\"800\" src=\"https:\/\/i1.wp.com\/wakacyjnyrewal.pl\/wp-content\/uploads\/2023\/07\/A91A7842-1024x683.jpg?ssl=1\" data-amp-layout=\"responsive\"><\/a><\/figure><figure class=\"tiled-gallery__item\"><a href=\"https:\/\/i0.wp.com\/wakacyjnyrewal.pl\/wp-content\/uploads\/2023\/07\/A91A7827-Edit-1024x683.jpg?ssl=1\"><img decoding=\"async\" alt=\"Rewalski - Ostseezimmer Bad\" data-id=\"919\" data-link=\"https:\/\/wakacyjnyrewal.pl\/a91a7827-edit-2\/\" data-url=\"https:\/\/i0.wp.com\/wakacyjnyrewal.pl\/wp-content\/uploads\/2023\/07\/A91A7827-Edit-1024x683.jpg?resize=1024%2C683&#038;ssl=1\" src=\"https:\/\/i0.wp.com\/wakacyjnyrewal.pl\/wp-content\/uploads\/2023\/07\/A91A7827-Edit-1024x683.jpg?resize=1024%2C683&#038;ssl=1\" data-amp-layout=\"responsive\" data-recalc-dims=\"1\"><\/a><\/figure><figure class=\"tiled-gallery__item\"><a href=\"https:\/\/i0.wp.com\/wakacyjnyrewal.pl\/wp-content\/uploads\/2023\/07\/A91A7678-Edit-1024x683.jpg?ssl=1\"><img decoding=\"async\" srcset=\"https:\/\/i2.wp.com\/wakacyjnyrewal.pl\/wp-content\/uploads\/2023\/07\/A91A7678-Edit-1024x683.jpg?strip=info&#038;w=600&#038;ssl=1 600w,https:\/\/i2.wp.com\/wakacyjnyrewal.pl\/wp-content\/uploads\/2023\/07\/A91A7678-Edit-1024x683.jpg?strip=info&#038;w=800&#038;ssl=1 800w\" alt=\"Rewalski Apartment - Ostseezimmer\" data-height=\"533\" data-id=\"917\" data-link=\"https:\/\/wakacyjnyrewal.pl\/a91a7678-edit-2\/\" data-url=\"https:\/\/wakacyjnyrewal.pl\/wp-content\/uploads\/2023\/07\/A91A7678-Edit-1024x683.jpg\" data-width=\"800\" src=\"https:\/\/i2.wp.com\/wakacyjnyrewal.pl\/wp-content\/uploads\/2023\/07\/A91A7678-Edit-1024x683.jpg?ssl=1\" data-amp-layout=\"responsive\"><\/a><\/figure><\/div><div class=\"tiled-gallery__col\" style=\"flex-basis:62.63055%\"><figure class=\"tiled-gallery__item\"><a href=\"https:\/\/i0.wp.com\/wakacyjnyrewal.pl\/wp-content\/uploads\/2023\/07\/A91A7413-Edit-Edit-732x1024.jpg?ssl=1\"><img decoding=\"async\" srcset=\"https:\/\/i2.wp.com\/wakacyjnyrewal.pl\/wp-content\/uploads\/2023\/07\/A91A7413-Edit-Edit-732x1024.jpg?strip=info&#038;w=572&#038;ssl=1 572w\" alt=\"Rewalski Meereszimmer Bad\" data-height=\"800\" data-id=\"916\" data-link=\"https:\/\/wakacyjnyrewal.pl\/a91a7413-edit-edit-2\/\" data-url=\"https:\/\/wakacyjnyrewal.pl\/wp-content\/uploads\/2023\/07\/A91A7413-Edit-Edit-732x1024.jpg\" data-width=\"572\" src=\"https:\/\/i2.wp.com\/wakacyjnyrewal.pl\/wp-content\/uploads\/2023\/07\/A91A7413-Edit-Edit-732x1024.jpg?ssl=1\" data-amp-layout=\"responsive\"><\/a><\/figure><\/div><\/div><div class=\"tiled-gallery__row\"><div class=\"tiled-gallery__col\" style=\"flex-basis:52.70058%\"><figure class=\"tiled-gallery__item\"><a href=\"https:\/\/i0.wp.com\/wakacyjnyrewal.pl\/wp-content\/uploads\/2023\/07\/A91A7630-Edit-683x1024.jpg?ssl=1\"><img decoding=\"async\" srcset=\"https:\/\/i0.wp.com\/wakacyjnyrewal.pl\/wp-content\/uploads\/2023\/07\/A91A7630-Edit-683x1024.jpg?strip=info&#038;w=533&#038;ssl=1 533w\" alt=\"Rewal Meer Detail\" data-height=\"800\" data-id=\"914\" data-link=\"https:\/\/wakacyjnyrewal.pl\/a91a7630-edit-3\/\" data-url=\"https:\/\/wakacyjnyrewal.pl\/wp-content\/uploads\/2023\/07\/A91A7630-Edit-683x1024.jpg\" data-width=\"533\" src=\"https:\/\/i0.wp.com\/wakacyjnyrewal.pl\/wp-content\/uploads\/2023\/07\/A91A7630-Edit-683x1024.jpg?ssl=1\" data-amp-layout=\"responsive\"><\/a><\/figure><\/div><div class=\"tiled-gallery__col\" style=\"flex-basis:47.29942%\"><figure class=\"tiled-gallery__item\"><a href=\"https:\/\/i0.wp.com\/wakacyjnyrewal.pl\/wp-content\/uploads\/2023\/07\/A91A7550-Edit-1024x683.jpg?ssl=1\"><img decoding=\"async\" alt=\"Rewalski Sonnenterrasse\/K\u00fcche\" data-id=\"902\" data-link=\"https:\/\/wakacyjnyrewal.pl\/a91a7550-edit-2\/\" data-url=\"https:\/\/i0.wp.com\/wakacyjnyrewal.pl\/wp-content\/uploads\/2023\/07\/A91A7550-Edit-1024x683.jpg?resize=1024%2C683&#038;ssl=1\" src=\"https:\/\/i0.wp.com\/wakacyjnyrewal.pl\/wp-content\/uploads\/2023\/07\/A91A7550-Edit-1024x683.jpg?resize=1024%2C683&#038;ssl=1\" data-amp-layout=\"responsive\" data-recalc-dims=\"1\"><\/a><\/figure><figure class=\"tiled-gallery__item\"><a href=\"https:\/\/i0.wp.com\/wakacyjnyrewal.pl\/wp-content\/uploads\/2023\/07\/A91A7521-Edit-1024x683.jpg?ssl=1\"><img decoding=\"async\" srcset=\"https:\/\/i1.wp.com\/wakacyjnyrewal.pl\/wp-content\/uploads\/2023\/07\/A91A7521-Edit-1024x683.jpg?strip=info&#038;w=600&#038;ssl=1 600w,https:\/\/i1.wp.com\/wakacyjnyrewal.pl\/wp-content\/uploads\/2023\/07\/A91A7521-Edit-1024x683.jpg?strip=info&#038;w=800&#038;ssl=1 800w\" alt=\"Rewal Pommern Detail\" data-height=\"533\" data-id=\"903\" data-link=\"https:\/\/wakacyjnyrewal.pl\/a91a7521-edit-2\/\" data-url=\"https:\/\/wakacyjnyrewal.pl\/wp-content\/uploads\/2023\/07\/A91A7521-Edit-1024x683.jpg\" data-width=\"800\" src=\"https:\/\/i1.wp.com\/wakacyjnyrewal.pl\/wp-content\/uploads\/2023\/07\/A91A7521-Edit-1024x683.jpg?ssl=1\" data-amp-layout=\"responsive\"><\/a><\/figure><\/div><\/div><div class=\"tiled-gallery__row\"><div class=\"tiled-gallery__col\" style=\"flex-basis:33.33333%\"><figure class=\"tiled-gallery__item\"><a href=\"https:\/\/i0.wp.com\/wakacyjnyrewal.pl\/wp-content\/uploads\/2023\/07\/A91A7528-Edit-683x1024.jpg?ssl=1\"><img decoding=\"async\" alt=\"Rewal Pommern Schmalspurbahn\" data-id=\"904\" data-link=\"https:\/\/wakacyjnyrewal.pl\/a91a7528-edit-2\/\" data-url=\"https:\/\/i0.wp.com\/wakacyjnyrewal.pl\/wp-content\/uploads\/2023\/07\/A91A7528-Edit-683x1024.jpg?resize=683%2C1024&#038;ssl=1\" src=\"https:\/\/i0.wp.com\/wakacyjnyrewal.pl\/wp-content\/uploads\/2023\/07\/A91A7528-Edit-683x1024.jpg?resize=683%2C1024&#038;ssl=1\" data-amp-layout=\"responsive\" data-recalc-dims=\"1\"><\/a><\/figure><\/div><div class=\"tiled-gallery__col\" style=\"flex-basis:33.33333%\"><figure class=\"tiled-gallery__item\"><a href=\"https:\/\/i0.wp.com\/wakacyjnyrewal.pl\/wp-content\/uploads\/2023\/07\/A91A7530-Edit-683x1024.jpg?ssl=1\"><img decoding=\"async\" alt=\"Rewal Pommern Schmalspurbahn\" data-id=\"905\" data-link=\"https:\/\/wakacyjnyrewal.pl\/a91a7530-edit-2\/\" data-url=\"https:\/\/i0.wp.com\/wakacyjnyrewal.pl\/wp-content\/uploads\/2023\/07\/A91A7530-Edit-683x1024.jpg?resize=683%2C1024&#038;ssl=1\" src=\"https:\/\/i0.wp.com\/wakacyjnyrewal.pl\/wp-content\/uploads\/2023\/07\/A91A7530-Edit-683x1024.jpg?resize=683%2C1024&#038;ssl=1\" data-amp-layout=\"responsive\" data-recalc-dims=\"1\"><\/a><\/figure><\/div><div class=\"tiled-gallery__col\" style=\"flex-basis:33.33333%\"><figure class=\"tiled-gallery__item\"><a href=\"https:\/\/i0.wp.com\/wakacyjnyrewal.pl\/wp-content\/uploads\/2023\/07\/A91A7418-Edit-1024x732.jpg?ssl=1\"><img decoding=\"async\" alt=\"Rewalski Meereszimmer Bad\" data-id=\"911\" data-link=\"https:\/\/wakacyjnyrewal.pl\/a91a7418-edit-2\/\" data-url=\"https:\/\/i0.wp.com\/wakacyjnyrewal.pl\/wp-content\/uploads\/2023\/07\/A91A7418-Edit-1024x732.jpg?resize=1024%2C732&#038;ssl=1\" src=\"https:\/\/i0.wp.com\/wakacyjnyrewal.pl\/wp-content\/uploads\/2023\/07\/A91A7418-Edit-1024x732.jpg?resize=1024%2C732&#038;ssl=1\" data-amp-layout=\"responsive\" data-recalc-dims=\"1\"><\/a><\/figure><\/div><\/div><div class=\"tiled-gallery__row\"><div class=\"tiled-gallery__col\" style=\"flex-basis:52.84888%\"><figure class=\"tiled-gallery__item\"><a href=\"https:\/\/i0.wp.com\/wakacyjnyrewal.pl\/wp-content\/uploads\/2023\/07\/A91A7542-Edit-1024x683.jpg?ssl=1\"><img decoding=\"async\" srcset=\"https:\/\/i1.wp.com\/wakacyjnyrewal.pl\/wp-content\/uploads\/2023\/07\/A91A7542-Edit-1024x683.jpg?strip=info&#038;w=600&#038;ssl=1 600w,https:\/\/i1.wp.com\/wakacyjnyrewal.pl\/wp-content\/uploads\/2023\/07\/A91A7542-Edit-1024x683.jpg?strip=info&#038;w=800&#038;ssl=1 800w\" alt=\"Rewal Sonnenterrasse\/Detail\" data-height=\"533\" data-id=\"901\" data-link=\"https:\/\/wakacyjnyrewal.pl\/a91a7542-edit-2\/\" data-url=\"https:\/\/wakacyjnyrewal.pl\/wp-content\/uploads\/2023\/07\/A91A7542-Edit-1024x683.jpg\" data-width=\"800\" src=\"https:\/\/i1.wp.com\/wakacyjnyrewal.pl\/wp-content\/uploads\/2023\/07\/A91A7542-Edit-1024x683.jpg?ssl=1\" data-amp-layout=\"responsive\"><\/a><\/figure><figure class=\"tiled-gallery__item\"><a href=\"https:\/\/i0.wp.com\/wakacyjnyrewal.pl\/wp-content\/uploads\/2023\/07\/PS5_2301-Edit-1024x683.jpg?ssl=1\"><img decoding=\"async\" srcset=\"https:\/\/i0.wp.com\/wakacyjnyrewal.pl\/wp-content\/uploads\/2023\/07\/PS5_2301-Edit-1024x683.jpg?strip=info&#038;w=600&#038;ssl=1 600w,https:\/\/i0.wp.com\/wakacyjnyrewal.pl\/wp-content\/uploads\/2023\/07\/PS5_2301-Edit-1024x683.jpg?strip=info&#038;w=800&#038;ssl=1 800w\" alt=\"Rewal Gemeinschaftsk\u00fcche\" data-height=\"533\" data-id=\"898\" data-link=\"https:\/\/wakacyjnyrewal.pl\/ps5_2301-edit-2\/\" data-url=\"https:\/\/wakacyjnyrewal.pl\/wp-content\/uploads\/2023\/07\/PS5_2301-Edit-1024x683.jpg\" data-width=\"800\" src=\"https:\/\/i0.wp.com\/wakacyjnyrewal.pl\/wp-content\/uploads\/2023\/07\/PS5_2301-Edit-1024x683.jpg?ssl=1\" data-amp-layout=\"responsive\"><\/a><\/figure><\/div><div class=\"tiled-gallery__col\" style=\"flex-basis:47.15112%\"><figure class=\"tiled-gallery__item\"><a href=\"https:\/\/i0.wp.com\/wakacyjnyrewal.pl\/wp-content\/uploads\/2023\/07\/PS5_2283-Edit-683x1024.jpg?ssl=1\"><img decoding=\"async\" srcset=\"https:\/\/i2.wp.com\/wakacyjnyrewal.pl\/wp-content\/uploads\/2023\/07\/PS5_2283-Edit-683x1024.jpg?strip=info&#038;w=533&#038;ssl=1 533w\" alt=\"Rewalski Gemeinschaftsk\u00fcche Detail\" data-height=\"800\" data-id=\"896\" data-link=\"https:\/\/wakacyjnyrewal.pl\/ps5_2283-edit-2\/\" data-url=\"https:\/\/wakacyjnyrewal.pl\/wp-content\/uploads\/2023\/07\/PS5_2283-Edit-683x1024.jpg\" data-width=\"533\" src=\"https:\/\/i2.wp.com\/wakacyjnyrewal.pl\/wp-content\/uploads\/2023\/07\/PS5_2283-Edit-683x1024.jpg?ssl=1\" data-amp-layout=\"responsive\"><\/a><\/figure><\/div><\/div><div class=\"tiled-gallery__row\"><div class=\"tiled-gallery__col\" style=\"flex-basis:57.25790%\"><figure class=\"tiled-gallery__item\"><a href=\"https:\/\/i0.wp.com\/wakacyjnyrewal.pl\/wp-content\/uploads\/2023\/07\/PS5_2277-Edit-683x1024.jpg?ssl=1\"><img decoding=\"async\" srcset=\"https:\/\/i0.wp.com\/wakacyjnyrewal.pl\/wp-content\/uploads\/2023\/07\/PS5_2277-Edit-683x1024.jpg?strip=info&#038;w=533&#038;ssl=1 533w\" alt=\"Rewal Gemeinschaftsflur\" data-height=\"800\" data-id=\"895\" data-link=\"https:\/\/wakacyjnyrewal.pl\/ps5_2277-edit-2\/\" data-url=\"https:\/\/wakacyjnyrewal.pl\/wp-content\/uploads\/2023\/07\/PS5_2277-Edit-683x1024.jpg\" data-width=\"533\" src=\"https:\/\/i0.wp.com\/wakacyjnyrewal.pl\/wp-content\/uploads\/2023\/07\/PS5_2277-Edit-683x1024.jpg?ssl=1\" data-amp-layout=\"responsive\"><\/a><\/figure><\/div><div class=\"tiled-gallery__col\" style=\"flex-basis:42.74210%\"><figure class=\"tiled-gallery__item\"><a href=\"https:\/\/i0.wp.com\/wakacyjnyrewal.pl\/wp-content\/uploads\/2023\/07\/PS5_2299-1024x683.jpg?ssl=1\"><img decoding=\"async\" srcset=\"https:\/\/i0.wp.com\/wakacyjnyrewal.pl\/wp-content\/uploads\/2023\/07\/PS5_2299-1024x683.jpg?strip=info&#038;w=600&#038;ssl=1 600w,https:\/\/i0.wp.com\/wakacyjnyrewal.pl\/wp-content\/uploads\/2023\/07\/PS5_2299-1024x683.jpg?strip=info&#038;w=800&#038;ssl=1 800w\" alt=\"Rewal Gemeinschaftsk\u00fcche\" data-height=\"533\" data-id=\"897\" data-link=\"https:\/\/wakacyjnyrewal.pl\/ps5_2299-2\/\" data-url=\"https:\/\/wakacyjnyrewal.pl\/wp-content\/uploads\/2023\/07\/PS5_2299-1024x683.jpg\" data-width=\"800\" src=\"https:\/\/i0.wp.com\/wakacyjnyrewal.pl\/wp-content\/uploads\/2023\/07\/PS5_2299-1024x683.jpg?ssl=1\" data-amp-layout=\"responsive\"><\/a><\/figure><figure class=\"tiled-gallery__item\"><a href=\"https:\/\/i0.wp.com\/wakacyjnyrewal.pl\/wp-content\/uploads\/2023\/07\/A91A3876-Enhanced-NR-Edit-1024x683.jpg?ssl=1\"><img decoding=\"async\" srcset=\"https:\/\/i1.wp.com\/wakacyjnyrewal.pl\/wp-content\/uploads\/2023\/07\/A91A3876-Enhanced-NR-Edit-1024x683.jpg?strip=info&#038;w=600&#038;ssl=1 600w,https:\/\/i1.wp.com\/wakacyjnyrewal.pl\/wp-content\/uploads\/2023\/07\/A91A3876-Enhanced-NR-Edit-1024x683.jpg?strip=info&#038;w=800&#038;ssl=1 800w\" alt=\"Rewal Meer Zimmer\" data-height=\"533\" data-id=\"860\" data-link=\"https:\/\/wakacyjnyrewal.pl\/start\/a91a3876-enhanced-nr-edit\/\" data-url=\"https:\/\/wakacyjnyrewal.pl\/wp-content\/uploads\/2023\/07\/A91A3876-Enhanced-NR-Edit-1024x683.jpg\" data-width=\"800\" src=\"https:\/\/i1.wp.com\/wakacyjnyrewal.pl\/wp-content\/uploads\/2023\/07\/A91A3876-Enhanced-NR-Edit-1024x683.jpg?ssl=1\" data-amp-layout=\"responsive\"><\/a><\/figure><figure class=\"tiled-gallery__item\"><a href=\"https:\/\/i0.wp.com\/wakacyjnyrewal.pl\/wp-content\/uploads\/2023\/07\/A91A7806-Edit-Edit-1024x683.jpg?ssl=1\"><img decoding=\"async\" srcset=\"https:\/\/i0.wp.com\/wakacyjnyrewal.pl\/wp-content\/uploads\/2023\/07\/A91A7806-Edit-Edit-1024x683.jpg?strip=info&#038;w=600&#038;ssl=1 600w,https:\/\/i0.wp.com\/wakacyjnyrewal.pl\/wp-content\/uploads\/2023\/07\/A91A7806-Edit-Edit-1024x683.jpg?strip=info&#038;w=800&#038;ssl=1 800w\" alt=\"Rewal Gemeinschaftsflur\" data-height=\"533\" data-id=\"893\" data-link=\"https:\/\/wakacyjnyrewal.pl\/a91a7806-edit-edit-2\/\" data-url=\"https:\/\/wakacyjnyrewal.pl\/wp-content\/uploads\/2023\/07\/A91A7806-Edit-Edit-1024x683.jpg\" data-width=\"800\" src=\"https:\/\/i0.wp.com\/wakacyjnyrewal.pl\/wp-content\/uploads\/2023\/07\/A91A7806-Edit-Edit-1024x683.jpg?ssl=1\" data-amp-layout=\"responsive\"><\/a><\/figure><\/div><\/div><div class=\"tiled-gallery__row\"><div class=\"tiled-gallery__col\" style=\"flex-basis:29.71860%\"><figure class=\"tiled-gallery__item\"><a href=\"https:\/\/i0.wp.com\/wakacyjnyrewal.pl\/wp-content\/uploads\/2023\/07\/A91A7734-Edit-683x1024.jpg?ssl=1\"><img decoding=\"async\" alt=\"Rewalski Meereszimmer Schlafbereich\" data-id=\"918\" data-link=\"https:\/\/wakacyjnyrewal.pl\/a91a7734-edit-2\/\" data-url=\"https:\/\/i0.wp.com\/wakacyjnyrewal.pl\/wp-content\/uploads\/2023\/07\/A91A7734-Edit-683x1024.jpg?resize=683%2C1024&#038;ssl=1\" src=\"https:\/\/i0.wp.com\/wakacyjnyrewal.pl\/wp-content\/uploads\/2023\/07\/A91A7734-Edit-683x1024.jpg?resize=683%2C1024&#038;ssl=1\" data-amp-layout=\"responsive\" data-recalc-dims=\"1\"><\/a><\/figure><figure class=\"tiled-gallery__item\"><a href=\"https:\/\/i0.wp.com\/wakacyjnyrewal.pl\/wp-content\/uploads\/2023\/07\/A91A7758-Edit-1024x683.jpg?ssl=1\"><img decoding=\"async\" srcset=\"https:\/\/i2.wp.com\/wakacyjnyrewal.pl\/wp-content\/uploads\/2023\/07\/A91A7758-Edit-1024x683.jpg?strip=info&#038;w=600&#038;ssl=1 600w,https:\/\/i2.wp.com\/wakacyjnyrewal.pl\/wp-content\/uploads\/2023\/07\/A91A7758-Edit-1024x683.jpg?strip=info&#038;w=800&#038;ssl=1 800w\" alt=\"Rewal Gemeinschaftsk\u00fcche\" data-height=\"533\" data-id=\"888\" data-link=\"https:\/\/wakacyjnyrewal.pl\/a91a7758-edit-2\/\" data-url=\"https:\/\/wakacyjnyrewal.pl\/wp-content\/uploads\/2023\/07\/A91A7758-Edit-1024x683.jpg\" data-width=\"800\" src=\"https:\/\/i2.wp.com\/wakacyjnyrewal.pl\/wp-content\/uploads\/2023\/07\/A91A7758-Edit-1024x683.jpg?ssl=1\" data-amp-layout=\"responsive\"><\/a><\/figure><\/div><div class=\"tiled-gallery__col\" style=\"flex-basis:33.17714%\"><figure class=\"tiled-gallery__item\"><a href=\"https:\/\/i0.wp.com\/wakacyjnyrewal.pl\/wp-content\/uploads\/2023\/07\/PS5_2262-Edit-683x1024.jpg?ssl=1\"><img decoding=\"async\" srcset=\"https:\/\/i1.wp.com\/wakacyjnyrewal.pl\/wp-content\/uploads\/2023\/07\/PS5_2262-Edit-683x1024.jpg?strip=info&#038;w=533&#038;ssl=1 533w\" alt=\"Rewal Gemeinschaftsflur\" data-height=\"800\" data-id=\"894\" data-link=\"https:\/\/wakacyjnyrewal.pl\/ps5_2262-edit-3\/\" data-url=\"https:\/\/wakacyjnyrewal.pl\/wp-content\/uploads\/2023\/07\/PS5_2262-Edit-683x1024.jpg\" data-width=\"533\" src=\"https:\/\/i1.wp.com\/wakacyjnyrewal.pl\/wp-content\/uploads\/2023\/07\/PS5_2262-Edit-683x1024.jpg?ssl=1\" data-amp-layout=\"responsive\"><\/a><\/figure><\/div><div class=\"tiled-gallery__col\" style=\"flex-basis:37.10426%\"><figure class=\"tiled-gallery__item\"><a href=\"https:\/\/i0.wp.com\/wakacyjnyrewal.pl\/wp-content\/uploads\/2023\/07\/A91A7437-Edit-Edit-Edit-1024x683.jpg?ssl=1\"><img decoding=\"async\" srcset=\"https:\/\/i1.wp.com\/wakacyjnyrewal.pl\/wp-content\/uploads\/2023\/07\/A91A7437-Edit-Edit-Edit-1024x683.jpg?strip=info&#038;w=600&#038;ssl=1 600w,https:\/\/i1.wp.com\/wakacyjnyrewal.pl\/wp-content\/uploads\/2023\/07\/A91A7437-Edit-Edit-Edit-1024x683.jpg?strip=info&#038;w=800&#038;ssl=1 800w\" alt=\"Rewalski Meereszimmer Bad\" data-height=\"533\" data-id=\"912\" data-link=\"https:\/\/wakacyjnyrewal.pl\/a91a7437-edit-edit-edit-2\/\" data-url=\"https:\/\/wakacyjnyrewal.pl\/wp-content\/uploads\/2023\/07\/A91A7437-Edit-Edit-Edit-1024x683.jpg\" data-width=\"800\" src=\"https:\/\/i1.wp.com\/wakacyjnyrewal.pl\/wp-content\/uploads\/2023\/07\/A91A7437-Edit-Edit-Edit-1024x683.jpg?ssl=1\" data-amp-layout=\"responsive\"><\/a><\/figure><figure class=\"tiled-gallery__item\"><a href=\"https:\/\/i0.wp.com\/wakacyjnyrewal.pl\/wp-content\/uploads\/2023\/07\/A91A3938-1-1024x683.jpg?ssl=1\"><img decoding=\"async\" srcset=\"https:\/\/i2.wp.com\/wakacyjnyrewal.pl\/wp-content\/uploads\/2023\/07\/A91A3938-1-1024x683.jpg?strip=info&#038;w=600&#038;ssl=1 600w,https:\/\/i2.wp.com\/wakacyjnyrewal.pl\/wp-content\/uploads\/2023\/07\/A91A3938-1-1024x683.jpg?strip=info&#038;w=800&#038;ssl=1 800w\" alt=\"Rewalski Ostseezimmer Hangsegler\" data-height=\"533\" data-id=\"886\" data-link=\"https:\/\/wakacyjnyrewal.pl\/a91a3938-2\/\" data-url=\"https:\/\/wakacyjnyrewal.pl\/wp-content\/uploads\/2023\/07\/A91A3938-1-1024x683.jpg\" data-width=\"800\" src=\"https:\/\/i2.wp.com\/wakacyjnyrewal.pl\/wp-content\/uploads\/2023\/07\/A91A3938-1-1024x683.jpg?ssl=1\" data-amp-layout=\"responsive\"><\/a><\/figure><\/div><\/div><div class=\"tiled-gallery__row\"><div class=\"tiled-gallery__col\" style=\"flex-basis:67.74301%\"><figure class=\"tiled-gallery__item\"><a href=\"https:\/\/i0.wp.com\/wakacyjnyrewal.pl\/wp-content\/uploads\/2023\/07\/A91A3916-Edit-1-1024x731.jpg?ssl=1\"><img decoding=\"async\" srcset=\"https:\/\/i1.wp.com\/wakacyjnyrewal.pl\/wp-content\/uploads\/2023\/07\/A91A3916-Edit-1-1024x731.jpg?strip=info&#038;w=600&#038;ssl=1 600w,https:\/\/i1.wp.com\/wakacyjnyrewal.pl\/wp-content\/uploads\/2023\/07\/A91A3916-Edit-1-1024x731.jpg?strip=info&#038;w=800&#038;ssl=1 800w\" alt=\"Rewal Ostsee Sofa\" data-height=\"571\" data-id=\"885\" data-link=\"https:\/\/wakacyjnyrewal.pl\/a91a3916-edit-2\/\" data-url=\"https:\/\/wakacyjnyrewal.pl\/wp-content\/uploads\/2023\/07\/A91A3916-Edit-1-1024x731.jpg\" data-width=\"800\" src=\"https:\/\/i1.wp.com\/wakacyjnyrewal.pl\/wp-content\/uploads\/2023\/07\/A91A3916-Edit-1-1024x731.jpg?ssl=1\" data-amp-layout=\"responsive\"><\/a><\/figure><\/div><div class=\"tiled-gallery__col\" style=\"flex-basis:32.25699%\"><figure class=\"tiled-gallery__item\"><a href=\"https:\/\/i0.wp.com\/wakacyjnyrewal.pl\/wp-content\/uploads\/2023\/07\/A91A7396-Edit-683x1024.jpg?ssl=1\"><img decoding=\"async\" srcset=\"https:\/\/i2.wp.com\/wakacyjnyrewal.pl\/wp-content\/uploads\/2023\/07\/A91A7396-Edit-683x1024.jpg?strip=info&#038;w=533&#038;ssl=1 533w\" alt=\"Rewalski Pommersches Zimmer Bad\" data-height=\"800\" data-id=\"908\" data-link=\"https:\/\/wakacyjnyrewal.pl\/a91a7396-edit-2\/\" data-url=\"https:\/\/wakacyjnyrewal.pl\/wp-content\/uploads\/2023\/07\/A91A7396-Edit-683x1024.jpg\" data-width=\"533\" src=\"https:\/\/i2.wp.com\/wakacyjnyrewal.pl\/wp-content\/uploads\/2023\/07\/A91A7396-Edit-683x1024.jpg?ssl=1\" data-amp-layout=\"responsive\"><\/a><\/figure><\/div><\/div><div class=\"tiled-gallery__row\"><div class=\"tiled-gallery__col\" style=\"flex-basis:67.55525%\"><figure class=\"tiled-gallery__item\"><a href=\"https:\/\/i0.wp.com\/wakacyjnyrewal.pl\/wp-content\/uploads\/2023\/07\/A91A3896-Edit-Edit-1-1024x681.jpg?ssl=1\"><img decoding=\"async\" srcset=\"https:\/\/i1.wp.com\/wakacyjnyrewal.pl\/wp-content\/uploads\/2023\/07\/A91A3896-Edit-Edit-1-1024x681.jpg?strip=info&#038;w=600&#038;ssl=1 600w,https:\/\/i1.wp.com\/wakacyjnyrewal.pl\/wp-content\/uploads\/2023\/07\/A91A3896-Edit-Edit-1-1024x681.jpg?strip=info&#038;w=800&#038;ssl=1 800w\" alt=\"Rewal Ostsee Zimmer\" data-height=\"532\" data-id=\"884\" data-link=\"https:\/\/wakacyjnyrewal.pl\/a91a3896-edit-edit-2\/\" data-url=\"https:\/\/wakacyjnyrewal.pl\/wp-content\/uploads\/2023\/07\/A91A3896-Edit-Edit-1-1024x681.jpg\" data-width=\"800\" src=\"https:\/\/i1.wp.com\/wakacyjnyrewal.pl\/wp-content\/uploads\/2023\/07\/A91A3896-Edit-Edit-1-1024x681.jpg?ssl=1\" data-amp-layout=\"responsive\"><\/a><\/figure><\/div><div class=\"tiled-gallery__col\" style=\"flex-basis:32.44475%\"><figure class=\"tiled-gallery__item\"><a href=\"https:\/\/i0.wp.com\/wakacyjnyrewal.pl\/wp-content\/uploads\/2023\/07\/A91A7798-Edit-1024x683.jpg?ssl=1\"><img decoding=\"async\" srcset=\"https:\/\/i1.wp.com\/wakacyjnyrewal.pl\/wp-content\/uploads\/2023\/07\/A91A7798-Edit-1024x683.jpg?strip=info&#038;w=600&#038;ssl=1 600w,https:\/\/i1.wp.com\/wakacyjnyrewal.pl\/wp-content\/uploads\/2023\/07\/A91A7798-Edit-1024x683.jpg?strip=info&#038;w=800&#038;ssl=1 800w\" alt=\"Rewalski Gemeinschaftsk\u00fcche Flur\" data-height=\"533\" data-id=\"892\" data-link=\"https:\/\/wakacyjnyrewal.pl\/a91a7798-edit-2\/\" data-url=\"https:\/\/wakacyjnyrewal.pl\/wp-content\/uploads\/2023\/07\/A91A7798-Edit-1024x683.jpg\" data-width=\"800\" src=\"https:\/\/i1.wp.com\/wakacyjnyrewal.pl\/wp-content\/uploads\/2023\/07\/A91A7798-Edit-1024x683.jpg?ssl=1\" data-amp-layout=\"responsive\"><\/a><\/figure><figure class=\"tiled-gallery__item\"><a href=\"https:\/\/i0.wp.com\/wakacyjnyrewal.pl\/wp-content\/uploads\/2023\/07\/A91A7407-Edit-1024x731.jpg?ssl=1\"><img decoding=\"async\" srcset=\"https:\/\/i2.wp.com\/wakacyjnyrewal.pl\/wp-content\/uploads\/2023\/07\/A91A7407-Edit-1024x731.jpg?strip=info&#038;w=600&#038;ssl=1 600w,https:\/\/i2.wp.com\/wakacyjnyrewal.pl\/wp-content\/uploads\/2023\/07\/A91A7407-Edit-1024x731.jpg?strip=info&#038;w=800&#038;ssl=1 800w\" alt=\"Rewalski Pommersches Zimmer Bad\" data-height=\"571\" data-id=\"910\" data-link=\"https:\/\/wakacyjnyrewal.pl\/a91a7407-edit-2\/\" data-url=\"https:\/\/wakacyjnyrewal.pl\/wp-content\/uploads\/2023\/07\/A91A7407-Edit-1024x731.jpg\" data-width=\"800\" src=\"https:\/\/i2.wp.com\/wakacyjnyrewal.pl\/wp-content\/uploads\/2023\/07\/A91A7407-Edit-1024x731.jpg?ssl=1\" data-amp-layout=\"responsive\"><\/a><\/figure><\/div><\/div><div class=\"tiled-gallery__row\"><div class=\"tiled-gallery__col\" style=\"flex-basis:33.33333%\"><figure class=\"tiled-gallery__item\"><a href=\"https:\/\/i0.wp.com\/wakacyjnyrewal.pl\/wp-content\/uploads\/2023\/07\/A91A3894-Edit-1-1024x683.jpg?ssl=1\"><img decoding=\"async\" srcset=\"https:\/\/i1.wp.com\/wakacyjnyrewal.pl\/wp-content\/uploads\/2023\/07\/A91A3894-Edit-1-1024x683.jpg?strip=info&#038;w=600&#038;ssl=1 600w,https:\/\/i1.wp.com\/wakacyjnyrewal.pl\/wp-content\/uploads\/2023\/07\/A91A3894-Edit-1-1024x683.jpg?strip=info&#038;w=800&#038;ssl=1 800w\" alt=\"Rewal Meer Zimmer\" data-height=\"533\" data-id=\"883\" data-link=\"https:\/\/wakacyjnyrewal.pl\/a91a3894-edit-2\/\" data-url=\"https:\/\/wakacyjnyrewal.pl\/wp-content\/uploads\/2023\/07\/A91A3894-Edit-1-1024x683.jpg\" data-width=\"800\" src=\"https:\/\/i1.wp.com\/wakacyjnyrewal.pl\/wp-content\/uploads\/2023\/07\/A91A3894-Edit-1-1024x683.jpg?ssl=1\" data-amp-layout=\"responsive\"><\/a><\/figure><\/div><div class=\"tiled-gallery__col\" style=\"flex-basis:33.33333%\"><figure class=\"tiled-gallery__item\"><a href=\"https:\/\/i0.wp.com\/wakacyjnyrewal.pl\/wp-content\/uploads\/2023\/07\/A91A3879-Enhanced-NR-Edit-1-1024x683.jpg?ssl=1\"><img decoding=\"async\" srcset=\"https:\/\/i0.wp.com\/wakacyjnyrewal.pl\/wp-content\/uploads\/2023\/07\/A91A3879-Enhanced-NR-Edit-1-1024x683.jpg?strip=info&#038;w=600&#038;ssl=1 600w,https:\/\/i0.wp.com\/wakacyjnyrewal.pl\/wp-content\/uploads\/2023\/07\/A91A3879-Enhanced-NR-Edit-1-1024x683.jpg?strip=info&#038;w=800&#038;ssl=1 800w\" alt=\"Rewal Meer Zimmer\" data-height=\"533\" data-id=\"882\" data-link=\"https:\/\/wakacyjnyrewal.pl\/a91a3879-enhanced-nr-edit-2\/\" data-url=\"https:\/\/wakacyjnyrewal.pl\/wp-content\/uploads\/2023\/07\/A91A3879-Enhanced-NR-Edit-1-1024x683.jpg\" data-width=\"800\" src=\"https:\/\/i0.wp.com\/wakacyjnyrewal.pl\/wp-content\/uploads\/2023\/07\/A91A3879-Enhanced-NR-Edit-1-1024x683.jpg?ssl=1\" data-amp-layout=\"responsive\"><\/a><\/figure><\/div><div class=\"tiled-gallery__col\" style=\"flex-basis:33.33333%\"><figure class=\"tiled-gallery__item\"><a href=\"https:\/\/i0.wp.com\/wakacyjnyrewal.pl\/wp-content\/uploads\/2023\/07\/A91A3888-Edit-1024x683.jpg?ssl=1\"><img decoding=\"async\" srcset=\"https:\/\/i1.wp.com\/wakacyjnyrewal.pl\/wp-content\/uploads\/2023\/07\/A91A3888-Edit-1024x683.jpg?strip=info&#038;w=600&#038;ssl=1 600w,https:\/\/i1.wp.com\/wakacyjnyrewal.pl\/wp-content\/uploads\/2023\/07\/A91A3888-Edit-1024x683.jpg?strip=info&#038;w=800&#038;ssl=1 800w\" alt=\"Rewal Meer Zimmer\" data-height=\"533\" data-id=\"873\" data-link=\"https:\/\/wakacyjnyrewal.pl\/a91a3888-edit\/\" data-url=\"https:\/\/wakacyjnyrewal.pl\/wp-content\/uploads\/2023\/07\/A91A3888-Edit-1024x683.jpg\" data-width=\"800\" src=\"https:\/\/i1.wp.com\/wakacyjnyrewal.pl\/wp-content\/uploads\/2023\/07\/A91A3888-Edit-1024x683.jpg?ssl=1\" data-amp-layout=\"responsive\"><\/a><\/figure><\/div><\/div><div class=\"tiled-gallery__row\"><div class=\"tiled-gallery__col\" style=\"flex-basis:27.94796%\"><figure class=\"tiled-gallery__item\"><a href=\"https:\/\/i0.wp.com\/wakacyjnyrewal.pl\/wp-content\/uploads\/2023\/07\/A91A7766-1024x731.jpg?ssl=1\"><img decoding=\"async\" srcset=\"https:\/\/i2.wp.com\/wakacyjnyrewal.pl\/wp-content\/uploads\/2023\/07\/A91A7766-1024x731.jpg?strip=info&#038;w=600&#038;ssl=1 600w,https:\/\/i2.wp.com\/wakacyjnyrewal.pl\/wp-content\/uploads\/2023\/07\/A91A7766-1024x731.jpg?strip=info&#038;w=800&#038;ssl=1 800w\" alt=\"Rewal Gemeinschaftsk\u00fcche\" data-height=\"571\" data-id=\"889\" data-link=\"https:\/\/wakacyjnyrewal.pl\/a91a7766-2\/\" data-url=\"https:\/\/wakacyjnyrewal.pl\/wp-content\/uploads\/2023\/07\/A91A7766-1024x731.jpg\" data-width=\"800\" src=\"https:\/\/i2.wp.com\/wakacyjnyrewal.pl\/wp-content\/uploads\/2023\/07\/A91A7766-1024x731.jpg?ssl=1\" data-amp-layout=\"responsive\"><\/a><\/figure><figure class=\"tiled-gallery__item\"><a href=\"https:\/\/i0.wp.com\/wakacyjnyrewal.pl\/wp-content\/uploads\/2023\/07\/A91A7400-Edit-1024x731.jpg?ssl=1\"><img decoding=\"async\" alt=\"Rewalski Pommersches Zimmer Bad\" data-id=\"909\" data-link=\"https:\/\/wakacyjnyrewal.pl\/a91a7400-edit-2\/\" data-url=\"https:\/\/i0.wp.com\/wakacyjnyrewal.pl\/wp-content\/uploads\/2023\/07\/A91A7400-Edit-1024x731.jpg?resize=1024%2C731&#038;ssl=1\" src=\"https:\/\/i0.wp.com\/wakacyjnyrewal.pl\/wp-content\/uploads\/2023\/07\/A91A7400-Edit-1024x731.jpg?resize=1024%2C731&#038;ssl=1\" data-amp-layout=\"responsive\" data-recalc-dims=\"1\"><\/a><\/figure><\/div><div class=\"tiled-gallery__col\" style=\"flex-basis:72.05204%\"><figure class=\"tiled-gallery__item\"><a href=\"https:\/\/i0.wp.com\/wakacyjnyrewal.pl\/wp-content\/uploads\/2023\/07\/A91A3874-Edit-1024x683.jpg?ssl=1\"><img decoding=\"async\" srcset=\"https:\/\/i1.wp.com\/wakacyjnyrewal.pl\/wp-content\/uploads\/2023\/07\/A91A3874-Edit-1024x683.jpg?strip=info&#038;w=600&#038;ssl=1 600w,https:\/\/i1.wp.com\/wakacyjnyrewal.pl\/wp-content\/uploads\/2023\/07\/A91A3874-Edit-1024x683.jpg?strip=info&#038;w=800&#038;ssl=1 800w\" alt=\"Rewal Meer Zimmer\" data-height=\"533\" data-id=\"870\" data-link=\"https:\/\/wakacyjnyrewal.pl\/a91a3874-edit\/\" data-url=\"https:\/\/wakacyjnyrewal.pl\/wp-content\/uploads\/2023\/07\/A91A3874-Edit-1024x683.jpg\" data-width=\"800\" src=\"https:\/\/i1.wp.com\/wakacyjnyrewal.pl\/wp-content\/uploads\/2023\/07\/A91A3874-Edit-1024x683.jpg?ssl=1\" data-amp-layout=\"responsive\"><\/a><\/figure><\/div><\/div><div class=\"tiled-gallery__row\"><div class=\"tiled-gallery__col\" style=\"flex-basis:50.00000%\"><figure class=\"tiled-gallery__item\"><a href=\"https:\/\/i0.wp.com\/wakacyjnyrewal.pl\/wp-content\/uploads\/2023\/07\/A91A3832-Enhanced-NR-Edit-1024x683.jpg?ssl=1\"><img decoding=\"async\" srcset=\"https:\/\/i0.wp.com\/wakacyjnyrewal.pl\/wp-content\/uploads\/2023\/07\/A91A3832-Enhanced-NR-Edit-1024x683.jpg?strip=info&#038;w=600&#038;ssl=1 600w,https:\/\/i0.wp.com\/wakacyjnyrewal.pl\/wp-content\/uploads\/2023\/07\/A91A3832-Enhanced-NR-Edit-1024x683.jpg?strip=info&#038;w=800&#038;ssl=1 800w\" alt=\"Rewal Pommern Zimmer\" data-height=\"533\" data-id=\"868\" data-link=\"https:\/\/wakacyjnyrewal.pl\/a91a3832-enhanced-nr-edit\/\" data-url=\"https:\/\/wakacyjnyrewal.pl\/wp-content\/uploads\/2023\/07\/A91A3832-Enhanced-NR-Edit-1024x683.jpg\" data-width=\"800\" src=\"https:\/\/i0.wp.com\/wakacyjnyrewal.pl\/wp-content\/uploads\/2023\/07\/A91A3832-Enhanced-NR-Edit-1024x683.jpg?ssl=1\" data-amp-layout=\"responsive\"><\/a><\/figure><\/div><div class=\"tiled-gallery__col\" style=\"flex-basis:50.00000%\"><figure class=\"tiled-gallery__item\"><a href=\"https:\/\/i0.wp.com\/wakacyjnyrewal.pl\/wp-content\/uploads\/2023\/07\/A91A7783-Edit-Edit-1024x683.jpg?ssl=1\"><img decoding=\"async\" srcset=\"https:\/\/i0.wp.com\/wakacyjnyrewal.pl\/wp-content\/uploads\/2023\/07\/A91A7783-Edit-Edit-1024x683.jpg?strip=info&#038;w=600&#038;ssl=1 600w,https:\/\/i0.wp.com\/wakacyjnyrewal.pl\/wp-content\/uploads\/2023\/07\/A91A7783-Edit-Edit-1024x683.jpg?strip=info&#038;w=800&#038;ssl=1 800w\" alt=\"Rewal Gemeinschaftsk\u00fcche\" data-height=\"533\" data-id=\"890\" data-link=\"https:\/\/wakacyjnyrewal.pl\/a91a7783-edit-edit-3\/\" data-url=\"https:\/\/wakacyjnyrewal.pl\/wp-content\/uploads\/2023\/07\/A91A7783-Edit-Edit-1024x683.jpg\" data-width=\"800\" src=\"https:\/\/i0.wp.com\/wakacyjnyrewal.pl\/wp-content\/uploads\/2023\/07\/A91A7783-Edit-Edit-1024x683.jpg?ssl=1\" data-amp-layout=\"responsive\"><\/a><\/figure><\/div><\/div><div class=\"tiled-gallery__row\"><div class=\"tiled-gallery__col\" style=\"flex-basis:67.53390%\"><figure class=\"tiled-gallery__item\"><a href=\"https:\/\/i0.wp.com\/wakacyjnyrewal.pl\/wp-content\/uploads\/2023\/07\/A91A3823-Enhanced-NR-Edit-1024x683.jpg?ssl=1\"><img decoding=\"async\" srcset=\"https:\/\/i1.wp.com\/wakacyjnyrewal.pl\/wp-content\/uploads\/2023\/07\/A91A3823-Enhanced-NR-Edit-1024x683.jpg?strip=info&#038;w=600&#038;ssl=1 600w,https:\/\/i1.wp.com\/wakacyjnyrewal.pl\/wp-content\/uploads\/2023\/07\/A91A3823-Enhanced-NR-Edit-1024x683.jpg?strip=info&#038;w=800&#038;ssl=1 800w\" alt=\"Rewal Pommern Zimmer\" data-height=\"533\" data-id=\"867\" data-link=\"https:\/\/wakacyjnyrewal.pl\/a91a3823-enhanced-nr-edit\/\" data-url=\"https:\/\/wakacyjnyrewal.pl\/wp-content\/uploads\/2023\/07\/A91A3823-Enhanced-NR-Edit-1024x683.jpg\" data-width=\"800\" src=\"https:\/\/i1.wp.com\/wakacyjnyrewal.pl\/wp-content\/uploads\/2023\/07\/A91A3823-Enhanced-NR-Edit-1024x683.jpg?ssl=1\" data-amp-layout=\"responsive\"><\/a><\/figure><\/div><div class=\"tiled-gallery__col\" style=\"flex-basis:32.46610%\"><figure class=\"tiled-gallery__item\"><a href=\"https:\/\/i0.wp.com\/wakacyjnyrewal.pl\/wp-content\/uploads\/2023\/07\/A91A3924-Edit-1024x732.jpg?ssl=1\"><img decoding=\"async\" srcset=\"https:\/\/i0.wp.com\/wakacyjnyrewal.pl\/wp-content\/uploads\/2023\/07\/A91A3924-Edit-1024x732.jpg?strip=info&#038;w=600&#038;ssl=1 600w,https:\/\/i0.wp.com\/wakacyjnyrewal.pl\/wp-content\/uploads\/2023\/07\/A91A3924-Edit-1024x732.jpg?strip=info&#038;w=800&#038;ssl=1 800w\" alt=\"Rewal Ostsee Zimmer\" data-height=\"572\" data-id=\"858\" data-link=\"https:\/\/wakacyjnyrewal.pl\/start\/a91a3924-edit\/\" data-url=\"https:\/\/wakacyjnyrewal.pl\/wp-content\/uploads\/2023\/07\/A91A3924-Edit-1024x732.jpg\" data-width=\"800\" src=\"https:\/\/i0.wp.com\/wakacyjnyrewal.pl\/wp-content\/uploads\/2023\/07\/A91A3924-Edit-1024x732.jpg?ssl=1\" data-amp-layout=\"responsive\"><\/a><\/figure><figure class=\"tiled-gallery__item\"><a href=\"https:\/\/i0.wp.com\/wakacyjnyrewal.pl\/wp-content\/uploads\/2023\/07\/A91A7795-1024x683.jpg?ssl=1\"><img decoding=\"async\" srcset=\"https:\/\/i2.wp.com\/wakacyjnyrewal.pl\/wp-content\/uploads\/2023\/07\/A91A7795-1024x683.jpg?strip=info&#038;w=600&#038;ssl=1 600w,https:\/\/i2.wp.com\/wakacyjnyrewal.pl\/wp-content\/uploads\/2023\/07\/A91A7795-1024x683.jpg?strip=info&#038;w=800&#038;ssl=1 800w\" alt=\"Rewal Gemeinschaftsk\u00fcche\" data-height=\"533\" data-id=\"891\" data-link=\"https:\/\/wakacyjnyrewal.pl\/a91a7795-2\/\" data-url=\"https:\/\/wakacyjnyrewal.pl\/wp-content\/uploads\/2023\/07\/A91A7795-1024x683.jpg\" data-width=\"800\" src=\"https:\/\/i2.wp.com\/wakacyjnyrewal.pl\/wp-content\/uploads\/2023\/07\/A91A7795-1024x683.jpg?ssl=1\" data-amp-layout=\"responsive\"><\/a><\/figure><\/div><\/div><div class=\"tiled-gallery__row\"><div class=\"tiled-gallery__col\" style=\"flex-basis:35.85800%\"><figure class=\"tiled-gallery__item\"><a href=\"https:\/\/i0.wp.com\/wakacyjnyrewal.pl\/wp-content\/uploads\/2023\/07\/A91A7442-Edit-1024x731.jpg?ssl=1\"><img decoding=\"async\" srcset=\"https:\/\/i0.wp.com\/wakacyjnyrewal.pl\/wp-content\/uploads\/2023\/07\/A91A7442-Edit-1024x731.jpg?strip=info&#038;w=600&#038;ssl=1 600w,https:\/\/i0.wp.com\/wakacyjnyrewal.pl\/wp-content\/uploads\/2023\/07\/A91A7442-Edit-1024x731.jpg?strip=info&#038;w=800&#038;ssl=1 800w\" alt=\"Rewalski Meereszimmer Bad\" data-height=\"572\" data-id=\"913\" data-link=\"https:\/\/wakacyjnyrewal.pl\/a91a7442-edit-2\/\" data-url=\"https:\/\/wakacyjnyrewal.pl\/wp-content\/uploads\/2023\/07\/A91A7442-Edit-1024x731.jpg\" data-width=\"800\" src=\"https:\/\/i0.wp.com\/wakacyjnyrewal.pl\/wp-content\/uploads\/2023\/07\/A91A7442-Edit-1024x731.jpg?ssl=1\" data-amp-layout=\"responsive\"><\/a><\/figure><\/div><div class=\"tiled-gallery__col\" style=\"flex-basis:38.47423%\"><figure class=\"tiled-gallery__item\"><a href=\"https:\/\/i0.wp.com\/wakacyjnyrewal.pl\/wp-content\/uploads\/2023\/07\/PS5_2733-Edit-1-1024x683.jpg?ssl=1\"><img decoding=\"async\" srcset=\"https:\/\/i1.wp.com\/wakacyjnyrewal.pl\/wp-content\/uploads\/2023\/07\/PS5_2733-Edit-1-1024x683.jpg?strip=info&#038;w=600&#038;ssl=1 600w,https:\/\/i1.wp.com\/wakacyjnyrewal.pl\/wp-content\/uploads\/2023\/07\/PS5_2733-Edit-1-1024x683.jpg?strip=info&#038;w=800&#038;ssl=1 800w\" alt=\"Sonnenterrasse\" data-height=\"533\" data-id=\"954\" data-link=\"https:\/\/wakacyjnyrewal.pl\/ps5_2733-edit-2\/\" data-url=\"https:\/\/wakacyjnyrewal.pl\/wp-content\/uploads\/2023\/07\/PS5_2733-Edit-1-1024x683.jpg\" data-width=\"800\" src=\"https:\/\/i1.wp.com\/wakacyjnyrewal.pl\/wp-content\/uploads\/2023\/07\/PS5_2733-Edit-1-1024x683.jpg?ssl=1\" data-amp-layout=\"responsive\"><\/a><\/figure><\/div><div class=\"tiled-gallery__col\" style=\"flex-basis:25.66778%\"><figure class=\"tiled-gallery__item\"><a href=\"https:\/\/i0.wp.com\/wakacyjnyrewal.pl\/wp-content\/uploads\/2023\/07\/PS5_2703-Edit-800x600-1.jpg?ssl=1\"><img decoding=\"async\" alt=\"Rycerska 6\" data-id=\"970\" data-link=\"https:\/\/wakacyjnyrewal.pl\/ps5_2703-edit-800x600\/\" data-url=\"https:\/\/i0.wp.com\/wakacyjnyrewal.pl\/wp-content\/uploads\/2023\/07\/PS5_2703-Edit-800x600-1.jpg?w=1200&#038;ssl=1\" src=\"https:\/\/i0.wp.com\/wakacyjnyrewal.pl\/wp-content\/uploads\/2023\/07\/PS5_2703-Edit-800x600-1.jpg?w=1200&#038;ssl=1\" data-amp-layout=\"responsive\" data-recalc-dims=\"1\"><\/a><\/figure><\/div><\/div><\/div><\/div>\n\n<div style=\"height:50px\" aria-hidden=\"true\" class=\"wp-block-spacer\"><\/div>\n\n<h2 class=\"wp-block-heading\">Empfohlene Anreise<\/h2>\n\n<div style=\"height:30px\" aria-hidden=\"true\" class=\"wp-block-spacer\"><\/div>\n\n<figure class=\"wp-block-image size-full is-style-default\"><img decoding=\"async\" loading=\"lazy\" width=\"1150\" height=\"832\" src=\"https:\/\/i0.wp.com\/wakacyjnyrewal.pl\/wp-content\/uploads\/2022\/04\/mapka.jpg?resize=1150%2C832\" alt=\"\" class=\"wp-image-255\" srcset=\"https:\/\/i0.wp.com\/wakacyjnyrewal.pl\/wp-content\/uploads\/2022\/04\/mapka.jpg?w=1150&amp;ssl=1 1150w, https:\/\/i0.wp.com\/wakacyjnyrewal.pl\/wp-content\/uploads\/2022\/04\/mapka.jpg?resize=300%2C217&amp;ssl=1 300w, https:\/\/i0.wp.com\/wakacyjnyrewal.pl\/wp-content\/uploads\/2022\/04\/mapka.jpg?resize=1024%2C741&amp;ssl=1 1024w, https:\/\/i0.wp.com\/wakacyjnyrewal.pl\/wp-content\/uploads\/2022\/04\/mapka.jpg?resize=768%2C556&amp;ssl=1 768w\" sizes=\"(max-width: 1150px) 100vw, 1150px\" data-recalc-dims=\"1\" \/><\/figure>","protected":false},"excerpt":{"rendered":"<p>Rewalski Apartment bestehend aus: Pommerschem Zimmer, Meereszimmer und Ostseezimmer Rewal, Rycerska Stra\u00dfe 6 100 m\u00b2 f\u00fcr max. 9 Personen, in jedem Zimmer k\u00f6nnen bis zu 3 Personen wohnen. Eine tolle Unterkunft f\u00fcr eine Gruppe von Freunden, aber es k\u00f6nnen auch einzelne Zimmer gebucht werden, mit der M\u00f6glichkeit, die K\u00fcche gemeinsam zu nutzen, sowie eine gemeinsame&hellip;<\/p>\n","protected":false},"author":1,"featured_media":0,"parent":0,"menu_order":0,"comment_status":"closed","ping_status":"closed","template":"","meta":[],"_links":{"self":[{"href":"https:\/\/wakacyjnyrewal.pl\/de\/wp-json\/wp\/v2\/pages\/1584"}],"collection":[{"href":"https:\/\/wakacyjnyrewal.pl\/de\/wp-json\/wp\/v2\/pages"}],"about":[{"href":"https:\/\/wakacyjnyrewal.pl\/de\/wp-json\/wp\/v2\/types\/page"}],"author":[{"embeddable":true,"href":"https:\/\/wakacyjnyrewal.pl\/de\/wp-json\/wp\/v2\/users\/1"}],"replies":[{"embeddable":true,"href":"https:\/\/wakacyjnyrewal.pl\/de\/wp-json\/wp\/v2\/comments?post=1584"}],"version-history":[{"count":1,"href":"https:\/\/wakacyjnyrewal.pl\/de\/wp-json\/wp\/v2\/pages\/1584\/revisions"}],"predecessor-version":[{"id":1585,"href":"https:\/\/wakacyjnyrewal.pl\/de\/wp-json\/wp\/v2\/pages\/1584\/revisions\/1585"}],"wp:attachment":[{"href":"https:\/\/wakacyjnyrewal.pl\/de\/wp-json\/wp\/v2\/media?parent=1584"}],"curies":[{"name":"wp","href":"https:\/\/api.w.org\/{rel}","templated":true}]}}