{"id":1456,"date":"2022-04-03T14:04:22","date_gmt":"2022-04-03T14:04:22","guid":{"rendered":"https:\/\/wakacyjnyrewal.pl\/bestillinger\/"},"modified":"2025-10-14T21:13:49","modified_gmt":"2025-10-14T21:13:49","slug":"bestillinger","status":"publish","type":"page","link":"https:\/\/wakacyjnyrewal.pl\/no\/bestillinger\/","title":{"rendered":"Bestillinger"},"content":{"rendered":"\n<h1 class=\"wp-block-heading\">Bestillinger<\/h1>\n\n<div style=\"height:50px\" aria-hidden=\"true\" class=\"wp-block-spacer\"><\/div>\n\n<p>For \u00e5 sjekke leilighetens tilgjengelighet p\u00e5 \u00f8nsket dato, kan du bruke skjemaet nedenfor. <\/p>\n\n<div class=\"wp-block-contact-form-7-contact-form-selector\">\n<div class=\"wpcf7 no-js\" id=\"wpcf7-f1715-o1\" lang=\"nb-NO\" dir=\"ltr\">\n<div class=\"screen-reader-response\"><p role=\"status\" aria-live=\"polite\" aria-atomic=\"true\"><\/p> <ul><\/ul><\/div>\n<form action=\"\/no\/wp-json\/wp\/v2\/pages\/1456#wpcf7-f1715-o1\" method=\"post\" class=\"wpcf7-form init\" aria-label=\"Kontaktskjema\" novalidate=\"novalidate\" data-status=\"init\">\n<div style=\"display: none;\">\n<input type=\"hidden\" name=\"_wpcf7\" value=\"1715\" \/>\n<input type=\"hidden\" name=\"_wpcf7_version\" value=\"5.7.7\" \/>\n<input type=\"hidden\" name=\"_wpcf7_locale\" value=\"nb_NO\" \/>\n<input type=\"hidden\" name=\"_wpcf7_unit_tag\" value=\"wpcf7-f1715-o1\" \/>\n<input type=\"hidden\" name=\"_wpcf7_container_post\" value=\"0\" \/>\n<input type=\"hidden\" name=\"_wpcf7_posted_data_hash\" value=\"\" \/>\n<\/div>\n<p><b>Leilighetsvalg:<\/b><span class=\"wpcf7-form-control-wrap\" data-name=\"Apts\"><select class=\"wpcf7-form-control wpcf7-select wpcf7-validates-as-required\" aria-required=\"true\" aria-invalid=\"false\" name=\"Apts\"><option value=\"Toskansk\">Toskansk<\/option><option value=\"Ferie\">Ferie<\/option><option value=\"Proven\u00e7alsk\">Proven\u00e7alsk<\/option><option value=\"Rewal\">Rewal<\/option><option value=\"Marokkansk\">Marokkansk<\/option><option value=\"Indisk\">Indisk<\/option><option value=\"Meksikansk\">Meksikansk<\/option><\/select><\/span><br \/>\n<b>Ankomstdato:<\/b><span class=\"wpcf7-form-control-wrap\" data-name=\"przyj\"><input class=\"wpcf7-form-control wpcf7-date wpcf7-validates-as-date\" aria-invalid=\"false\" placeholder=\"Ankomstdato\" value=\"\" type=\"date\" name=\"przyj\" \/><\/span><br \/>\n<b>Avreisedato:<\/b><span class=\"wpcf7-form-control-wrap\" data-name=\"wyj\"><input class=\"wpcf7-form-control wpcf7-date wpcf7-validates-as-date\" aria-invalid=\"false\" placeholder=\"Avreisedato\" value=\"\" type=\"date\" name=\"wyj\" \/><\/span><br \/>\n<b>Navn:<\/b><span class=\"wpcf7-form-control-wrap\" data-name=\"nazwisko\"><input size=\"40\" class=\"wpcf7-form-control wpcf7-text wpcf7-validates-as-required\" aria-required=\"true\" aria-invalid=\"false\" value=\"\" type=\"text\" name=\"nazwisko\" \/><\/span><br \/>\n<b>E-post:<\/b><span class=\"wpcf7-form-control-wrap\" data-name=\"your-email\"><input size=\"40\" class=\"wpcf7-form-control wpcf7-text wpcf7-email wpcf7-validates-as-email\" aria-invalid=\"false\" value=\"\" type=\"email\" name=\"your-email\" \/><\/span><br \/>\n<b>Telefon:<\/b><span class=\"wpcf7-form-control-wrap\" data-name=\"telefon\"><input size=\"40\" class=\"wpcf7-form-control wpcf7-text wpcf7-validates-as-required\" aria-required=\"true\" aria-invalid=\"false\" value=\"\" type=\"text\" name=\"telefon\" \/><\/span><br \/>\n<b>Tilleggsinformasjon:<\/b><span class=\"wpcf7-form-control-wrap\" data-name=\"textarea-444\"><textarea cols=\"40\" rows=\"10\" class=\"wpcf7-form-control wpcf7-textarea\" aria-invalid=\"false\" name=\"textarea-444\"><\/textarea><\/span>\n<\/p>\n<p>Ved \u00e5 sende inn skjemaet samtykker bestilleren i at de oppgitte personopplysningene kun brukes til \u00e5 behandle ovennevnte bestilling. Jeg samtykker til behandling av mine personopplysninger av F.U.-H. \u201cPla\u017ca\u201d i henhold til loven av 29.08.1997 om personvern (Journal of Laws of 1997, nr. 133, pos. 883 med senere endringer).\n<\/p>\n<p><input class=\"wpcf7-form-control has-spinner wpcf7-submit\" type=\"submit\" value=\"Send foresp\u00f8rsel\" \/>\n<\/p><div class=\"wpcf7-response-output\" aria-hidden=\"true\"><\/div>\n<\/form>\n<\/div>\n<\/div>\n\n<div style=\"height:70px\" aria-hidden=\"true\" class=\"wp-block-spacer\"><\/div>\n\n<h4 class=\"wp-block-heading\">INFORMASJONSKLAUSUL<\/h4>\n\n<p>I henhold til artikkel 13 i den generelle databeskyttelsesforordningen av 27. april 2016 (EU-tidende L 119 av 04.05.2016) informerer jeg om at:<br\/>1) behandlingsansvarlig for dine personopplysninger er F.U.H. \u00abPla\u017ca\u00bb<br\/>2) kontakt med personvernombudet \u2013 poczta@plaza-rewal.pl<br\/>3) dine personopplysninger vil bli behandlet for \u00e5 benytte hotelltjenester \u2013 i henhold til artikkel 6 nr. 1 bokstav b i den generelle databeskyttelsesforordningen av 27. april 2016.<br\/>4) mottakere av dine personopplysninger vil utelukkende v\u00e6re enheter som er autorisert til \u00e5 innhente personopplysninger i henhold til lovbestemmelser, samt enheter som deltar i leveransen av tjenester<br\/>5) dine personopplysninger vil bli lagret i 10 \u00e5r<br\/>6) du har rett til \u00e5 be behandlingsansvarlig om innsyn i personopplysningene, rett til retting, sletting eller begrensning av behandling, samt rett til dataportabilitet<br\/>7) du har rett til \u00e5 klage til tilsynsmyndigheten<br\/>8) opplysning om personopplysninger er frivillig, men nektelse av \u00e5 oppgi data kan f\u00f8re til avslag p\u00e5 tjenesten\/avtalen    <\/p>\n","protected":false},"excerpt":{"rendered":"<p>Bestillinger For \u00e5 sjekke leilighetens tilgjengelighet p\u00e5 \u00f8nsket dato, kan du bruke skjemaet nedenfor. INFORMASJONSKLAUSUL I henhold til artikkel 13 i den generelle databeskyttelsesforordningen av 27. april 2016 (EU-tidende L 119 av 04.05.2016) informerer jeg om at:1) behandlingsansvarlig for dine personopplysninger er F.U.H. \u00abPla\u017ca\u00bb2) kontakt med personvernombudet \u2013 poczta@plaza-rewal.pl3) dine personopplysninger vil bli behandlet for&hellip;<\/p>\n","protected":false},"author":1,"featured_media":0,"parent":0,"menu_order":0,"comment_status":"closed","ping_status":"closed","template":"","meta":[],"_links":{"self":[{"href":"https:\/\/wakacyjnyrewal.pl\/no\/wp-json\/wp\/v2\/pages\/1456"}],"collection":[{"href":"https:\/\/wakacyjnyrewal.pl\/no\/wp-json\/wp\/v2\/pages"}],"about":[{"href":"https:\/\/wakacyjnyrewal.pl\/no\/wp-json\/wp\/v2\/types\/page"}],"author":[{"embeddable":true,"href":"https:\/\/wakacyjnyrewal.pl\/no\/wp-json\/wp\/v2\/users\/1"}],"replies":[{"embeddable":true,"href":"https:\/\/wakacyjnyrewal.pl\/no\/wp-json\/wp\/v2\/comments?post=1456"}],"version-history":[{"count":1,"href":"https:\/\/wakacyjnyrewal.pl\/no\/wp-json\/wp\/v2\/pages\/1456\/revisions"}],"predecessor-version":[{"id":1457,"href":"https:\/\/wakacyjnyrewal.pl\/no\/wp-json\/wp\/v2\/pages\/1456\/revisions\/1457"}],"wp:attachment":[{"href":"https:\/\/wakacyjnyrewal.pl\/no\/wp-json\/wp\/v2\/media?parent=1456"}],"curies":[{"name":"wp","href":"https:\/\/api.w.org\/{rel}","templated":true}]}}