{"id":1565,"date":"2022-04-03T14:03:38","date_gmt":"2022-04-03T14:03:38","guid":{"rendered":"https:\/\/wakacyjnyrewal.pl\/ferie-rewal\/"},"modified":"2025-10-14T21:43:17","modified_gmt":"2025-10-14T21:43:17","slug":"ferie-rewal","status":"publish","type":"page","link":"https:\/\/wakacyjnyrewal.pl\/no\/ferie-rewal\/","title":{"rendered":"Ferie Rewal"},"content":{"rendered":"\n<h1 class=\"wp-block-heading\">Feriebolig Rewal<\/h1>\n\n<div style=\"height:40px\" aria-hidden=\"true\" class=\"wp-block-spacer\"><\/div>\n\n<h2 class=\"wp-block-heading\">Rewal, Mickiewicz gate 9\/2 <\/h2>\n\n<p><strong>26 kvm for maks. 4 personer  <\/strong><\/p>\n\n<div class=\"wp-block-columns is-layout-flex wp-container-3\">\n<div class=\"wp-block-column is-layout-flow\" style=\"flex-basis:66.66%\">\n<p class=\"has-text-align-center\">Ferieboligen i Mickiewicz gate i \u00f8konomisk standard er et rimelig alternativ for de som \u00f8nsker \u00e5 tilbringe ferien ved den polske kysten. Leiligheten tilbyr grunnleggende fasiliteter som sikrer et komfortabelt opphold. <\/p>\n\n\n\n<p class=\"has-text-align-center\">Leiligheten tilbyr forhold som vil tilfredsstille behovene til de som f\u00f8rst og fremst \u00f8nsker \u00e5 nyte sjarmen ved en ferie ved \u00d8stersj\u00f8en.<\/p>\n\n\n\n<p class=\"has-text-align-center\">Beliggenheten er attraktiv, med enkel tilgang til stranden (avstanden til strandnedgangen ved \u00d8stersj\u00f8sildtorget er 350m), restauranter og andre lokale attraksjoner, noe som er en ekstra fordel med denne leiligheten. Det samme gjelder den komfortable, m\u00f8blerte og vakkert beliggende terrassen. For de som f\u00f8rst og fremst verdsetter aktiv ferie og sightseeing, kan denne leiligheten v\u00e6re et passende alternativ. Den har ogs\u00e5 en enkel kj\u00f8kkenkrok: kj\u00f8leskap, mikrob\u00f8lgeovn, elektrisk komfyr, vannkoker, bord og stoler, kaffe- og tesett, ingen vask. P\u00e5 hvert rom er det flatskjerm-TV, i ett av rommene er det et klimaanlegg, gratis Wi-Fi er tilgjengelig i leiligheten, samt st\u00f8vsuger, grunnleggende rengj\u00f8rings- og hygieneartikler, senget\u00f8y, h\u00e5ndkl\u00e6r. Den ligger i f\u00f8rste etasje, med inngang til etasjen via uavhengige, utvendige trapper.     <\/p>\n\n\n\n<p class=\"has-text-align-center\">Du kan ta med hund, katt eller annet lite kj\u00e6ledyr p\u00e5 ferie, og det er ogs\u00e5 tilgjengelig parkeringsplass. Det er mulig \u00e5 hente n\u00f8klene fra en boks etter forh\u00e5ndskontakt. <\/p>\n\n\n\n<p><\/p>\n<\/div>\n\n\n\n<div class=\"wp-block-column is-layout-flow\" style=\"flex-basis:33.33%\">\n<figure class=\"wp-block-image size-full is-style-default\"><a href=\"https:\/\/i0.wp.com\/wakacyjnyrewal.pl\/wp-content\/uploads\/2022\/04\/wakacyjny.jpg\"><img decoding=\"async\" src=\"https:\/\/i0.wp.com\/wakacyjnyrewal.pl\/wp-content\/uploads\/2022\/04\/wakacyjny.jpg?w=1200\" alt=\"\" class=\"wp-image-224\" data-recalc-dims=\"1\"\/><\/a><\/figure><\/div>\n<\/div>\n\n<h2 class=\"wp-block-heading\">Beliggenhet <\/h2>\n\n<div style=\"height:30px\" aria-hidden=\"true\" class=\"wp-block-spacer\"><\/div>\n\n<iframe src=\"https:\/\/www.google.com\/maps\/embed?pb=!1m18!1m12!1m3!1d1098.746529000873!2d15.018582212092877!3d54.08220717979286!2m3!1f0!2f0!3f0!3m2!1i1024!2i768!4f13.1!3m3!1m2!1s0x4700763cb1cb721f%3A0x2901b70f3b27614!2sAdama%20Mickiewicza%209%2C%2072-344%20Rewal!5e0!3m2!1spl!2spl!4v1649002524709!5m2!1spl!2spl\" style=\"border:0;\" allowfullscreen=\"\" loading=\"lazy\" referrerpolicy=\"no-referrer-when-downgrade\" width=\"100%\" height=\"500\"><\/iframe>\n\n<div style=\"height:30px\" aria-hidden=\"true\" class=\"wp-block-spacer\"><\/div>\n\n<h2 class=\"wp-block-heading\">Bildegalleri<\/h2>\n\n<div style=\"height:30px\" aria-hidden=\"true\" class=\"wp-block-spacer\"><\/div>\n\n<div class=\"wp-block-jetpack-tiled-gallery aligncenter is-style-rectangular\"><div class=\"tiled-gallery__gallery\"><div class=\"tiled-gallery__row\"><div class=\"tiled-gallery__col\" style=\"flex-basis:39.84220%\"><figure class=\"tiled-gallery__item\"><a href=\"https:\/\/i0.wp.com\/wakacyjnyrewal.pl\/wp-content\/uploads\/2022\/04\/mickiew13-1024x691.jpg\"><img decoding=\"async\" srcset=\"https:\/\/i0.wp.com\/wakacyjnyrewal.pl\/wp-content\/uploads\/2022\/04\/mickiew13-1024x691.jpg?strip=info&#038;w=600 600w,https:\/\/i0.wp.com\/wakacyjnyrewal.pl\/wp-content\/uploads\/2022\/04\/mickiew13-1024x691.jpg?strip=info&#038;w=900 900w,https:\/\/i0.wp.com\/wakacyjnyrewal.pl\/wp-content\/uploads\/2022\/04\/mickiew13-1024x691.jpg?strip=info&#038;w=1200 1200w,https:\/\/i0.wp.com\/wakacyjnyrewal.pl\/wp-content\/uploads\/2022\/04\/mickiew13-1024x691.jpg?strip=info&#038;w=1500 1500w\" alt=\"Ferie inngang\" data-height=\"1012\" data-id=\"242\" data-link=\"http:\/\/wakacyjnyrewal.pl\/wakacyjny-rewal\/mickiew13\/\" data-url=\"http:\/\/wakacyjnyrewal.pl\/wp-content\/uploads\/2022\/04\/mickiew13-1024x691.jpg\" data-width=\"1500\" src=\"https:\/\/i0.wp.com\/wakacyjnyrewal.pl\/wp-content\/uploads\/2022\/04\/mickiew13-1024x691.jpg\" data-amp-layout=\"responsive\"><\/a><\/figure><figure class=\"tiled-gallery__item\"><a href=\"https:\/\/i0.wp.com\/wakacyjnyrewal.pl\/wp-content\/uploads\/2022\/04\/mickiew01-1024x755.jpg\"><img decoding=\"async\" srcset=\"https:\/\/i0.wp.com\/wakacyjnyrewal.pl\/wp-content\/uploads\/2022\/04\/mickiew01-1024x755.jpg?strip=info&#038;w=600 600w,https:\/\/i0.wp.com\/wakacyjnyrewal.pl\/wp-content\/uploads\/2022\/04\/mickiew01-1024x755.jpg?strip=info&#038;w=900 900w,https:\/\/i0.wp.com\/wakacyjnyrewal.pl\/wp-content\/uploads\/2022\/04\/mickiew01-1024x755.jpg?strip=info&#038;w=1200 1200w,https:\/\/i0.wp.com\/wakacyjnyrewal.pl\/wp-content\/uploads\/2022\/04\/mickiew01-1024x755.jpg?strip=info&#038;w=1500 1500w\" alt=\"\" data-height=\"1106\" data-id=\"230\" data-link=\"http:\/\/wakacyjnyrewal.pl\/wakacyjny-rewal\/mickiew01\/\" data-url=\"http:\/\/wakacyjnyrewal.pl\/wp-content\/uploads\/2022\/04\/mickiew01-1024x755.jpg\" data-width=\"1500\" src=\"https:\/\/i0.wp.com\/wakacyjnyrewal.pl\/wp-content\/uploads\/2022\/04\/mickiew01-1024x755.jpg\" data-amp-layout=\"responsive\"><\/a><\/figure><figure class=\"tiled-gallery__item\"><a href=\"https:\/\/i0.wp.com\/wakacyjnyrewal.pl\/wp-content\/uploads\/2022\/04\/mickiew14-1024x741.jpg\"><img decoding=\"async\" srcset=\"https:\/\/i2.wp.com\/wakacyjnyrewal.pl\/wp-content\/uploads\/2022\/04\/mickiew14-1024x741.jpg?strip=info&#038;w=600 600w,https:\/\/i2.wp.com\/wakacyjnyrewal.pl\/wp-content\/uploads\/2022\/04\/mickiew14-1024x741.jpg?strip=info&#038;w=900 900w,https:\/\/i2.wp.com\/wakacyjnyrewal.pl\/wp-content\/uploads\/2022\/04\/mickiew14-1024x741.jpg?strip=info&#038;w=1200 1200w,https:\/\/i2.wp.com\/wakacyjnyrewal.pl\/wp-content\/uploads\/2022\/04\/mickiew14-1024x741.jpg?strip=info&#038;w=1500 1500w\" alt=\"Ferie inngang\" data-height=\"1086\" data-id=\"243\" data-link=\"http:\/\/wakacyjnyrewal.pl\/wakacyjny-rewal\/mickiew14\/\" data-url=\"http:\/\/wakacyjnyrewal.pl\/wp-content\/uploads\/2022\/04\/mickiew14-1024x741.jpg\" data-width=\"1500\" src=\"https:\/\/i2.wp.com\/wakacyjnyrewal.pl\/wp-content\/uploads\/2022\/04\/mickiew14-1024x741.jpg\" data-amp-layout=\"responsive\"><\/a><\/figure><\/div><div class=\"tiled-gallery__col\" style=\"flex-basis:60.15780%\"><figure class=\"tiled-gallery__item\"><a href=\"https:\/\/i0.wp.com\/wakacyjnyrewal.pl\/wp-content\/uploads\/2022\/04\/mickiew02-721x1024.jpg\"><img decoding=\"async\" srcset=\"https:\/\/i0.wp.com\/wakacyjnyrewal.pl\/wp-content\/uploads\/2022\/04\/mickiew02-721x1024.jpg?strip=info&#038;w=600 600w,https:\/\/i0.wp.com\/wakacyjnyrewal.pl\/wp-content\/uploads\/2022\/04\/mickiew02-721x1024.jpg?strip=info&#038;w=900 900w,https:\/\/i0.wp.com\/wakacyjnyrewal.pl\/wp-content\/uploads\/2022\/04\/mickiew02-721x1024.jpg?strip=info&#038;w=1056 1056w\" alt=\"Ferie\" data-height=\"1500\" data-id=\"231\" data-link=\"http:\/\/wakacyjnyrewal.pl\/wakacyjny-rewal\/mickiew02\/\" data-url=\"http:\/\/wakacyjnyrewal.pl\/wp-content\/uploads\/2022\/04\/mickiew02-721x1024.jpg\" data-width=\"1056\" src=\"https:\/\/i0.wp.com\/wakacyjnyrewal.pl\/wp-content\/uploads\/2022\/04\/mickiew02-721x1024.jpg\" data-amp-layout=\"responsive\"><\/a><\/figure><\/div><\/div><div class=\"tiled-gallery__row\"><div class=\"tiled-gallery__col\" style=\"flex-basis:26.66234%\"><figure class=\"tiled-gallery__item\"><a href=\"https:\/\/i0.wp.com\/wakacyjnyrewal.pl\/wp-content\/uploads\/2022\/04\/mickiew03-749x1024.jpg\"><img decoding=\"async\" srcset=\"https:\/\/i2.wp.com\/wakacyjnyrewal.pl\/wp-content\/uploads\/2022\/04\/mickiew03-749x1024.jpg?strip=info&#038;w=600 600w,https:\/\/i2.wp.com\/wakacyjnyrewal.pl\/wp-content\/uploads\/2022\/04\/mickiew03-749x1024.jpg?strip=info&#038;w=900 900w,https:\/\/i2.wp.com\/wakacyjnyrewal.pl\/wp-content\/uploads\/2022\/04\/mickiew03-749x1024.jpg?strip=info&#038;w=1097 1097w\" alt=\"Ferie detalj\" data-height=\"1500\" data-id=\"232\" data-link=\"http:\/\/wakacyjnyrewal.pl\/wakacyjny-rewal\/mickiew03\/\" data-url=\"http:\/\/wakacyjnyrewal.pl\/wp-content\/uploads\/2022\/04\/mickiew03-749x1024.jpg\" data-width=\"1097\" src=\"https:\/\/i2.wp.com\/wakacyjnyrewal.pl\/wp-content\/uploads\/2022\/04\/mickiew03-749x1024.jpg\" data-amp-layout=\"responsive\"><\/a><\/figure><\/div><div class=\"tiled-gallery__col\" style=\"flex-basis:24.84226%\"><figure class=\"tiled-gallery__item\"><a href=\"https:\/\/i0.wp.com\/wakacyjnyrewal.pl\/wp-content\/uploads\/2022\/04\/mickiew04-698x1024.jpg\"><img decoding=\"async\" srcset=\"https:\/\/i0.wp.com\/wakacyjnyrewal.pl\/wp-content\/uploads\/2022\/04\/mickiew04-698x1024.jpg?strip=info&#038;w=600 600w,https:\/\/i0.wp.com\/wakacyjnyrewal.pl\/wp-content\/uploads\/2022\/04\/mickiew04-698x1024.jpg?strip=info&#038;w=900 900w,https:\/\/i0.wp.com\/wakacyjnyrewal.pl\/wp-content\/uploads\/2022\/04\/mickiew04-698x1024.jpg?strip=info&#038;w=1022 1022w\" alt=\"Feriebad\" data-height=\"1500\" data-id=\"233\" data-link=\"http:\/\/wakacyjnyrewal.pl\/wakacyjny-rewal\/mickiew04\/\" data-url=\"http:\/\/wakacyjnyrewal.pl\/wp-content\/uploads\/2022\/04\/mickiew04-698x1024.jpg\" data-width=\"1022\" src=\"https:\/\/i0.wp.com\/wakacyjnyrewal.pl\/wp-content\/uploads\/2022\/04\/mickiew04-698x1024.jpg\" data-amp-layout=\"responsive\"><\/a><\/figure><\/div><div class=\"tiled-gallery__col\" style=\"flex-basis:24.79372%\"><figure class=\"tiled-gallery__item\"><a href=\"https:\/\/i0.wp.com\/wakacyjnyrewal.pl\/wp-content\/uploads\/2022\/04\/mickiew05-696x1024.jpg\"><img decoding=\"async\" srcset=\"https:\/\/i1.wp.com\/wakacyjnyrewal.pl\/wp-content\/uploads\/2022\/04\/mickiew05-696x1024.jpg?strip=info&#038;w=600 600w,https:\/\/i1.wp.com\/wakacyjnyrewal.pl\/wp-content\/uploads\/2022\/04\/mickiew05-696x1024.jpg?strip=info&#038;w=900 900w,https:\/\/i1.wp.com\/wakacyjnyrewal.pl\/wp-content\/uploads\/2022\/04\/mickiew05-696x1024.jpg?strip=info&#038;w=1020 1020w\" alt=\"Feriebad\" data-height=\"1500\" data-id=\"234\" data-link=\"http:\/\/wakacyjnyrewal.pl\/wakacyjny-rewal\/mickiew05\/\" data-url=\"http:\/\/wakacyjnyrewal.pl\/wp-content\/uploads\/2022\/04\/mickiew05-696x1024.jpg\" data-width=\"1020\" src=\"https:\/\/i1.wp.com\/wakacyjnyrewal.pl\/wp-content\/uploads\/2022\/04\/mickiew05-696x1024.jpg\" data-amp-layout=\"responsive\"><\/a><\/figure><\/div><div class=\"tiled-gallery__col\" style=\"flex-basis:23.70168%\"><figure class=\"tiled-gallery__item\"><a href=\"https:\/\/i0.wp.com\/wakacyjnyrewal.pl\/wp-content\/uploads\/2022\/04\/mickiew06-666x1024.jpg\"><img decoding=\"async\" srcset=\"https:\/\/i2.wp.com\/wakacyjnyrewal.pl\/wp-content\/uploads\/2022\/04\/mickiew06-666x1024.jpg?strip=info&#038;w=600 600w,https:\/\/i2.wp.com\/wakacyjnyrewal.pl\/wp-content\/uploads\/2022\/04\/mickiew06-666x1024.jpg?strip=info&#038;w=900 900w,https:\/\/i2.wp.com\/wakacyjnyrewal.pl\/wp-content\/uploads\/2022\/04\/mickiew06-666x1024.jpg?strip=info&#038;w=975 975w\" alt=\"Ferie inngang\" data-height=\"1500\" data-id=\"235\" data-link=\"http:\/\/wakacyjnyrewal.pl\/wakacyjny-rewal\/mickiew06\/\" data-url=\"http:\/\/wakacyjnyrewal.pl\/wp-content\/uploads\/2022\/04\/mickiew06-666x1024.jpg\" data-width=\"975\" src=\"https:\/\/i2.wp.com\/wakacyjnyrewal.pl\/wp-content\/uploads\/2022\/04\/mickiew06-666x1024.jpg\" data-amp-layout=\"responsive\"><\/a><\/figure><\/div><\/div><div class=\"tiled-gallery__row\"><div class=\"tiled-gallery__col\" style=\"flex-basis:62.05360%\"><figure class=\"tiled-gallery__item\"><a href=\"https:\/\/i0.wp.com\/wakacyjnyrewal.pl\/wp-content\/uploads\/2022\/04\/mickiew07-713x1024.jpg\"><img decoding=\"async\" srcset=\"https:\/\/i2.wp.com\/wakacyjnyrewal.pl\/wp-content\/uploads\/2022\/04\/mickiew07-713x1024.jpg?strip=info&#038;w=600 600w,https:\/\/i2.wp.com\/wakacyjnyrewal.pl\/wp-content\/uploads\/2022\/04\/mickiew07-713x1024.jpg?strip=info&#038;w=900 900w,https:\/\/i2.wp.com\/wakacyjnyrewal.pl\/wp-content\/uploads\/2022\/04\/mickiew07-713x1024.jpg?strip=info&#038;w=1045 1045w\" alt=\"Ferie rom 1\" data-height=\"1500\" data-id=\"236\" data-link=\"http:\/\/wakacyjnyrewal.pl\/wakacyjny-rewal\/mickiew07\/\" data-url=\"http:\/\/wakacyjnyrewal.pl\/wp-content\/uploads\/2022\/04\/mickiew07-713x1024.jpg\" data-width=\"1045\" src=\"https:\/\/i2.wp.com\/wakacyjnyrewal.pl\/wp-content\/uploads\/2022\/04\/mickiew07-713x1024.jpg\" data-amp-layout=\"responsive\"><\/a><\/figure><\/div><div class=\"tiled-gallery__col\" style=\"flex-basis:37.94640%\"><figure class=\"tiled-gallery__item\"><a href=\"https:\/\/i0.wp.com\/wakacyjnyrewal.pl\/wp-content\/uploads\/2022\/04\/mickiew08-1024x795.jpg\"><img decoding=\"async\" srcset=\"https:\/\/i1.wp.com\/wakacyjnyrewal.pl\/wp-content\/uploads\/2022\/04\/mickiew08-1024x795.jpg?strip=info&#038;w=600 600w,https:\/\/i1.wp.com\/wakacyjnyrewal.pl\/wp-content\/uploads\/2022\/04\/mickiew08-1024x795.jpg?strip=info&#038;w=900 900w,https:\/\/i1.wp.com\/wakacyjnyrewal.pl\/wp-content\/uploads\/2022\/04\/mickiew08-1024x795.jpg?strip=info&#038;w=1200 1200w,https:\/\/i1.wp.com\/wakacyjnyrewal.pl\/wp-content\/uploads\/2022\/04\/mickiew08-1024x795.jpg?strip=info&#038;w=1500 1500w\" alt=\"Ferie rom 1\" data-height=\"1165\" data-id=\"237\" data-link=\"http:\/\/wakacyjnyrewal.pl\/wakacyjny-rewal\/mickiew08\/\" data-url=\"http:\/\/wakacyjnyrewal.pl\/wp-content\/uploads\/2022\/04\/mickiew08-1024x795.jpg\" data-width=\"1500\" src=\"https:\/\/i1.wp.com\/wakacyjnyrewal.pl\/wp-content\/uploads\/2022\/04\/mickiew08-1024x795.jpg\" data-amp-layout=\"responsive\"><\/a><\/figure><figure class=\"tiled-gallery__item\"><a href=\"https:\/\/i0.wp.com\/wakacyjnyrewal.pl\/wp-content\/uploads\/2022\/04\/mickiew09-1024x774.jpg\"><img decoding=\"async\" srcset=\"https:\/\/i2.wp.com\/wakacyjnyrewal.pl\/wp-content\/uploads\/2022\/04\/mickiew09-1024x774.jpg?strip=info&#038;w=600 600w,https:\/\/i2.wp.com\/wakacyjnyrewal.pl\/wp-content\/uploads\/2022\/04\/mickiew09-1024x774.jpg?strip=info&#038;w=900 900w,https:\/\/i2.wp.com\/wakacyjnyrewal.pl\/wp-content\/uploads\/2022\/04\/mickiew09-1024x774.jpg?strip=info&#038;w=1200 1200w,https:\/\/i2.wp.com\/wakacyjnyrewal.pl\/wp-content\/uploads\/2022\/04\/mickiew09-1024x774.jpg?strip=info&#038;w=1500 1500w\" alt=\"Ferie rom 2\" data-height=\"1134\" data-id=\"238\" data-link=\"http:\/\/wakacyjnyrewal.pl\/wakacyjny-rewal\/mickiew09\/\" data-url=\"http:\/\/wakacyjnyrewal.pl\/wp-content\/uploads\/2022\/04\/mickiew09-1024x774.jpg\" data-width=\"1500\" src=\"https:\/\/i2.wp.com\/wakacyjnyrewal.pl\/wp-content\/uploads\/2022\/04\/mickiew09-1024x774.jpg\" data-amp-layout=\"responsive\"><\/a><\/figure><figure class=\"tiled-gallery__item\"><a href=\"https:\/\/i0.wp.com\/wakacyjnyrewal.pl\/wp-content\/uploads\/2022\/04\/mickiew10-1024x825.jpg\"><img decoding=\"async\" srcset=\"https:\/\/i0.wp.com\/wakacyjnyrewal.pl\/wp-content\/uploads\/2022\/04\/mickiew10-1024x825.jpg?strip=info&#038;w=600 600w,https:\/\/i0.wp.com\/wakacyjnyrewal.pl\/wp-content\/uploads\/2022\/04\/mickiew10-1024x825.jpg?strip=info&#038;w=900 900w,https:\/\/i0.wp.com\/wakacyjnyrewal.pl\/wp-content\/uploads\/2022\/04\/mickiew10-1024x825.jpg?strip=info&#038;w=1200 1200w,https:\/\/i0.wp.com\/wakacyjnyrewal.pl\/wp-content\/uploads\/2022\/04\/mickiew10-1024x825.jpg?strip=info&#038;w=1500 1500w\" alt=\"Ferie rom 2\" data-height=\"1209\" data-id=\"239\" data-link=\"http:\/\/wakacyjnyrewal.pl\/wakacyjny-rewal\/mickiew10\/\" data-url=\"http:\/\/wakacyjnyrewal.pl\/wp-content\/uploads\/2022\/04\/mickiew10-1024x825.jpg\" data-width=\"1500\" src=\"https:\/\/i0.wp.com\/wakacyjnyrewal.pl\/wp-content\/uploads\/2022\/04\/mickiew10-1024x825.jpg\" data-amp-layout=\"responsive\"><\/a><\/figure><\/div><\/div><\/div><\/div>\n","protected":false},"excerpt":{"rendered":"<p>Feriebolig Rewal Rewal, Mickiewicz gate 9\/2 26 kvm for maks. 4 personer Ferieboligen i Mickiewicz gate i \u00f8konomisk standard er et rimelig alternativ for de som \u00f8nsker \u00e5 tilbringe ferien ved den polske kysten. Leiligheten tilbyr grunnleggende fasiliteter som sikrer et komfortabelt opphold. Leiligheten tilbyr forhold som vil tilfredsstille behovene til de som f\u00f8rst og&hellip;<\/p>\n","protected":false},"author":1,"featured_media":0,"parent":0,"menu_order":0,"comment_status":"closed","ping_status":"closed","template":"","meta":[],"_links":{"self":[{"href":"https:\/\/wakacyjnyrewal.pl\/no\/wp-json\/wp\/v2\/pages\/1565"}],"collection":[{"href":"https:\/\/wakacyjnyrewal.pl\/no\/wp-json\/wp\/v2\/pages"}],"about":[{"href":"https:\/\/wakacyjnyrewal.pl\/no\/wp-json\/wp\/v2\/types\/page"}],"author":[{"embeddable":true,"href":"https:\/\/wakacyjnyrewal.pl\/no\/wp-json\/wp\/v2\/users\/1"}],"replies":[{"embeddable":true,"href":"https:\/\/wakacyjnyrewal.pl\/no\/wp-json\/wp\/v2\/comments?post=1565"}],"version-history":[{"count":1,"href":"https:\/\/wakacyjnyrewal.pl\/no\/wp-json\/wp\/v2\/pages\/1565\/revisions"}],"predecessor-version":[{"id":1577,"href":"https:\/\/wakacyjnyrewal.pl\/no\/wp-json\/wp\/v2\/pages\/1565\/revisions\/1577"}],"wp:attachment":[{"href":"https:\/\/wakacyjnyrewal.pl\/no\/wp-json\/wp\/v2\/media?parent=1565"}],"curies":[{"name":"wp","href":"https:\/\/api.w.org\/{rel}","templated":true}]}}